{"id":9309,"date":"2024-09-07T19:39:51","date_gmt":"2024-09-07T17:39:51","guid":{"rendered":"https:\/\/grundschule-heinsberg.de\/ecole-avec-courage\/"},"modified":"2024-09-07T19:48:52","modified_gmt":"2024-09-07T17:48:52","slug":"ecole-avec-courage","status":"publish","type":"page","link":"https:\/\/grundschule-heinsberg.de\/fr\/ecole-avec-courage\/","title":{"rendered":"\u00c9cole avec courage"},"content":{"rendered":"\t\t<div data-elementor-type=\"wp-page\" data-elementor-id=\"9309\" class=\"elementor elementor-9309 elementor-9289\">\n\t\t\t\t\t\t<section class=\"elementor-section elementor-top-section elementor-element elementor-element-2957ae8 elementor-section-content-middle elementor-section-full_width elementor-section-height-default elementor-section-height-default\" data-id=\"2957ae8\" data-element_type=\"section\" data-settings=\"{&quot;background_background&quot;:&quot;classic&quot;}\">\n\t\t\t\t\t\t<div class=\"elementor-container elementor-column-gap-wide\">\n\t\t\t\t\t<div class=\"elementor-column elementor-col-50 elementor-top-column elementor-element elementor-element-8dcf5bc\" data-id=\"8dcf5bc\" data-element_type=\"column\" data-settings=\"{&quot;background_background&quot;:&quot;classic&quot;}\">\n\t\t\t<div class=\"elementor-widget-wrap\">\n\t\t\t\t\t\t\t<\/div>\n\t\t<\/div>\n\t\t\t\t<div class=\"elementor-column elementor-col-50 elementor-top-column elementor-element elementor-element-1ef8d77\" data-id=\"1ef8d77\" data-element_type=\"column\" data-settings=\"{&quot;background_background&quot;:&quot;classic&quot;}\">\n\t\t\t<div class=\"elementor-widget-wrap\">\n\t\t\t\t\t\t\t<\/div>\n\t\t<\/div>\n\t\t\t\t\t<\/div>\n\t\t<\/section>\n\t\t\t\t<section class=\"elementor-section elementor-top-section elementor-element elementor-element-450eede elementor-section-boxed elementor-section-height-default elementor-section-height-default\" data-id=\"450eede\" data-element_type=\"section\">\n\t\t\t\t\t\t<div class=\"elementor-container elementor-column-gap-default\">\n\t\t\t\t\t<div class=\"elementor-column elementor-col-50 elementor-top-column elementor-element elementor-element-838a6e3\" data-id=\"838a6e3\" data-element_type=\"column\">\n\t\t\t<div class=\"elementor-widget-wrap elementor-element-populated\">\n\t\t\t\t\t\t<div class=\"elementor-element elementor-element-053bdaf elementor-widget-mobile__width-inherit elementor-widget elementor-widget-uael-advanced-heading\" data-id=\"053bdaf\" data-element_type=\"widget\" data-widget_type=\"uael-advanced-heading.default\">\n\t\t\t\t<div class=\"elementor-widget-container\">\n\t\t\t\t\t\n\t\t<div class=\"uael-module-content uael-heading-wrapper\">\n\t\t\t\t\t\t\n\t\t\t<h2 class=\"uael-heading\">\n\t\t\t\t\t\t\t\t\t\t<span class=\"uael-heading-text elementor-inline-editing uael-size--xl\" data-elementor-setting-key=\"heading_title\" data-elementor-inline-editing-toolbar=\"basic\">\u00c9cole avec courage<\/span>\n\t\t\t\t\t\t\t<\/h2>\n\n\t\t\t\t\t\t\t<div class=\"uael-sub-heading elementor-inline-editing\" data-elementor-setting-key=\"sub_heading\" data-elementor-inline-editing-toolbar=\"advanced\" ><p>\u00c9cole sans racisme - \u00c9cole avec courage<\/p><\/div>\n\t\t\t\n\t\t\t\n\t\t\t\n\t\t\t\t\t\t<\/div>\n\t\t\t\t\t\t<\/div>\n\t\t\t\t<\/div>\n\t\t\t\t<div class=\"elementor-element elementor-element-88a6eb0 elementor-widget elementor-widget-text-editor\" data-id=\"88a6eb0\" data-element_type=\"widget\" data-widget_type=\"text-editor.default\">\n\t\t\t\t<div class=\"elementor-widget-container\">\n\t\t\t\t\t\t\t\t\t<p style=\"font-weight: 400;\">L&rsquo;\u00e9lection pour l&rsquo;admission au r\u00e9seau \u00ab\u00a0\u00c9cole avec courage\u00a0\u00bb est termin\u00e9e. Nous sommes tr\u00e8s heureux que 95,2 % de la communaut\u00e9 scolaire soutienne notre souhait de devenir une \u00ab\u00a0\u00e9cole avec courage\u00a0\u00bb et que nous ayons pu convaincre M. le maire Jarosz de parrainer notre projet. Les dossiers de candidature sont maintenant envoy\u00e9s au r\u00e9seau.<\/p>\n<p style=\"font-weight: 400;\">\n<p style=\"font-weight: 400;\"><strong>Qu&rsquo;est-ce que cela signifie ?<\/strong><\/p>\n<p style=\"font-weight: 400;\">Le racisme consiste \u00e0 d\u00e9valoriser ou \u00e0 maltraiter d&rsquo;autres personnes parce qu&rsquo;elles sont diff\u00e9rentes, qu&rsquo;elles ont une autre couleur de peau ou qu&rsquo;elles viennent d&rsquo;un autre pays que le v\u00f4tre.<\/p>\n<p style=\"font-weight: 400;\">Beaucoup d&rsquo;enfants diff\u00e9rents apprennent dans notre \u00e9cole : des grands et des petits, des gros et des maigres, des lents et des rapides, et aussi des enfants de diff\u00e9rentes couleurs de cheveux et de peau, ainsi que des enfants de diff\u00e9rentes cultures et de diff\u00e9rentes religions.<\/p>\n<p style=\"font-weight: 400;\">De nombreux adultes travaillent dans notre \u00e9cole et se distinguent \u00e9galement les uns des autres par de nombreuses caract\u00e9ristiques.<\/p>\n<p style=\"font-weight: 400;\">Certains d&rsquo;entre nous viennent d&rsquo;autres pays et parlent une autre langue en plus de l&rsquo;allemand, ont d&rsquo;autres coutumes et religions.<\/p>\n<p style=\"font-weight: 400;\">Chacun(e) d&rsquo;entre nous est unique et pr\u00e9cieux pour notre communaut\u00e9 scolaire !!!!<\/p>\n<p style=\"font-weight: 400;\">\n<p style=\"font-weight: 400;\"><strong>Comment se pr\u00e9sente la mise en \u0153uvre \u00e0 l&rsquo;\u00e9cole ?<\/strong><\/p>\n<p style=\"font-weight: 400;\">D&rsquo;une part, nous le vivons et le mettons d\u00e9j\u00e0 en pratique dans les relations quotidiennes au sein de la communaut\u00e9 scolaire. D&rsquo;autre part, les discussions au sein du conseil de classe, du parlement des \u00e9l\u00e8ves, la m\u00e9diation des conflits, la devise du mois, le groupe Smiley et les r\u00e8gles de l&rsquo;\u00e9cole soutiennent notre projet. Notre action de collecte S\u0153ur Rapha\u00eblle, qui a fait ses preuves depuis longtemps, est \u00e9galement maintenue.<\/p>\n<p style=\"font-weight: 400;\"><u>Ceci s&rsquo;ajoute \u00e0 cela :<\/u><\/p>\n<p style=\"font-weight: 400;\"><strong>\u00ab\u00a0Journ\u00e9e des bonnes actions\u00a0\u00bb<\/strong><\/p>\n<p style=\"font-weight: 400;\">Chaque enfant de l&rsquo;\u00e9cole primaire Sainte-Catherine devient un ange secouriste lors d&rsquo;une journ\u00e9e sp\u00e9ciale et soutient une personne choisie.<\/p>\n<p style=\"font-weight: 400;\">Exemples : Aide pour les courses, le jardinage, le balayage et &#8230;<\/p>\n<p style=\"font-weight: 400;\">En outre, nous r\u00e9aliserons chaque ann\u00e9e un projet s\u00e9lectionn\u00e9 sur le th\u00e8me \u00ab\u00a0Vivre ensemble dans une communaut\u00e9 multicolore\u00a0\u00bb.<\/p>\n<p style=\"font-weight: 400;\">\n<p>La certification officielle a eu lieu le 04.07.2024.<br \/>\nLors de la c\u00e9r\u00e9monie d&rsquo;admission dans le r\u00e9seau \u00ab\u00a0Schule mit Courage\u00a0\u00bb, le maire Bj\u00f6rn Jarosz, en tant que parrain du projet, a prononc\u00e9 un discours encourageant.<br \/>\nIl a salu\u00e9 l&rsquo;engagement des enfants et a soulign\u00e9 l&rsquo;importance de leur action pour une communaut\u00e9 scolaire respectueuse et tol\u00e9rante.<br \/>\nBritta Halbe, directrice de l&rsquo;\u00e9cole, s&rsquo;est ensuite adress\u00e9e aux \u00e9l\u00e8ves et leur a demand\u00e9 quelles \u00e9taient les bonnes actions qu&rsquo;ils avaient accomplies lors de la \u00a0\u00bb Journ\u00e9e des bonnes actions \u00ab\u00a0.<strong><em>Journ\u00e9e des bonnes actions\u00a0\u00bb.<\/em><\/strong> qu&rsquo;ils avaient r\u00e9alis\u00e9es.<br \/>\nCette journ\u00e9e, plac\u00e9e sous le signe de l&rsquo;entraide et de la solidarit\u00e9, est un autre exemple de l&rsquo;engagement v\u00e9cu par la communaut\u00e9 scolaire.    <\/p>\n<p style=\"font-weight: 400;\">Mme Dagmar Sprenger et M. Patrick Ebertz du centre d&rsquo;int\u00e9gration communal d&rsquo;Olpe ont remis officiellement le prix \u00ab\u00a0\u00c9cole avec courage\u00a0\u00bb.<br \/>\nIls ont soulign\u00e9 l&rsquo;importance de cette distinction et ont encourag\u00e9 la communaut\u00e9 scolaire \u00e0 poursuivre avec d\u00e9termination sur la voie qu&rsquo;elle a choisie. <\/p>\n<p style=\"font-weight: 400;\">A la fin de la c\u00e9r\u00e9monie, la directrice Ulrike G\u00f6bel-Kohtz a assur\u00e9 : \u00ab\u00a0Nous faisons la promesse, en tant qu&rsquo;\u00e9cole, de continuer \u00e0 nous d\u00e9velopper et \u00e0 travailler de mani\u00e8re durable, et de nous rappeler sans cesse combien il est important de se respecter et de s&rsquo;estimer mutuellement\u00a0\u00bb.<\/p>\n<p><strong><span style=\"font-weight: 400;\">L&rsquo;admission dans le r\u00e9seau \u00ab\u00a0\u00c9cole avec courage &#8211; \u00c9cole sans racisme\u00a0\u00bb est une \u00e9tape importante pour l&rsquo;\u00e9cole primaire St Katharina de Heinsberg et donne un signal clair en faveur d&rsquo;une coexistence respectueuse et valorisante.<\/span><\/strong><\/p>\n\t\t\t\t\t\t\t\t<\/div>\n\t\t\t\t<\/div>\n\t\t\t\t\t<\/div>\n\t\t<\/div>\n\t\t\t\t<div class=\"elementor-column elementor-col-50 elementor-top-column elementor-element elementor-element-ebc15e8\" data-id=\"ebc15e8\" data-element_type=\"column\" data-settings=\"{&quot;background_background&quot;:&quot;classic&quot;}\">\n\t\t\t<div class=\"elementor-widget-wrap elementor-element-populated\">\n\t\t\t\t\t\t<div class=\"elementor-element elementor-element-73cd0da elementor-widget elementor-widget-image\" data-id=\"73cd0da\" data-element_type=\"widget\" data-widget_type=\"image.default\">\n\t\t\t\t<div class=\"elementor-widget-container\">\n\t\t\t\t\t\t\t\t\t\t\t\t\t\t\t<img fetchpriority=\"high\" decoding=\"async\" width=\"640\" height=\"480\" src=\"https:\/\/grundschule-heinsberg.de\/wp-content\/uploads\/2024\/07\/IMG_3103.jpg\" class=\"attachment-large size-large wp-image-8526\" alt=\"\" srcset=\"https:\/\/grundschule-heinsberg.de\/wp-content\/uploads\/2024\/07\/IMG_3103.jpg 640w, https:\/\/grundschule-heinsberg.de\/wp-content\/uploads\/2024\/07\/IMG_3103-300x225.jpg 300w\" sizes=\"(max-width: 640px) 100vw, 640px\" \/>\t\t\t\t\t\t\t\t\t\t\t\t\t\t\t<\/div>\n\t\t\t\t<\/div>\n\t\t\t\t<div class=\"elementor-element elementor-element-c195af8 elementor-widget elementor-widget-image\" data-id=\"c195af8\" data-element_type=\"widget\" data-widget_type=\"image.default\">\n\t\t\t\t<div class=\"elementor-widget-container\">\n\t\t\t\t\t\t\t\t\t\t\t\t\t\t\t<img decoding=\"async\" width=\"1000\" height=\"338\" src=\"https:\/\/grundschule-heinsberg.de\/wp-content\/uploads\/2024\/08\/Schule-ohne-Rassismus-Logo.png.webp\" class=\"attachment-1536x1536 size-1536x1536 wp-image-8938\" alt=\"\" srcset=\"https:\/\/grundschule-heinsberg.de\/wp-content\/uploads\/2024\/08\/Schule-ohne-Rassismus-Logo.png.webp 1000w, https:\/\/grundschule-heinsberg.de\/wp-content\/uploads\/2024\/08\/Schule-ohne-Rassismus-Logo.png-300x101.webp 300w, https:\/\/grundschule-heinsberg.de\/wp-content\/uploads\/2024\/08\/Schule-ohne-Rassismus-Logo.png-768x260.webp 768w\" sizes=\"(max-width: 1000px) 100vw, 1000px\" \/>\t\t\t\t\t\t\t\t\t\t\t\t\t\t\t<\/div>\n\t\t\t\t<\/div>\n\t\t\t\t\t<\/div>\n\t\t<\/div>\n\t\t\t\t\t<\/div>\n\t\t<\/section>\n\t\t\t\t<\/div>\n\t\t","protected":false},"excerpt":{"rendered":"<p>\u00c9cole avec courage \u00c9cole sans racisme &#8211; \u00c9cole avec courage L&rsquo;\u00e9lection pour l&rsquo;admission au r\u00e9seau \u00ab\u00a0\u00c9cole avec courage\u00a0\u00bb est termin\u00e9e. Nous sommes tr\u00e8s heureux que [&hellip;]<\/p>\n","protected":false},"author":2,"featured_media":0,"parent":0,"menu_order":0,"comment_status":"closed","ping_status":"closed","template":"","meta":{"inline_featured_image":false,"site-sidebar-layout":"no-sidebar","site-content-layout":"page-builder","ast-site-content-layout":"full-width-container","site-content-style":"unboxed","site-sidebar-style":"unboxed","ast-global-header-display":"","ast-banner-title-visibility":"","ast-main-header-display":"","ast-hfb-above-header-display":"","ast-hfb-below-header-display":"","ast-hfb-mobile-header-display":"","site-post-title":"disabled","ast-breadcrumbs-content":"","ast-featured-img":"disabled","footer-sml-layout":"","ast-disable-related-posts":"","theme-transparent-header-meta":"","adv-header-id-meta":"","stick-header-meta":"","header-above-stick-meta":"","header-main-stick-meta":"","header-below-stick-meta":"","astra-migrate-meta-layouts":"default","ast-page-background-enabled":"default","ast-page-background-meta":{"desktop":{"background-color":"","background-image":"","background-repeat":"repeat","background-position":"center center","background-size":"auto","background-attachment":"scroll","background-type":"","background-media":"","overlay-type":"","overlay-color":"","overlay-opacity":"","overlay-gradient":""},"tablet":{"background-color":"","background-image":"","background-repeat":"repeat","background-position":"center center","background-size":"auto","background-attachment":"scroll","background-type":"","background-media":"","overlay-type":"","overlay-color":"","overlay-opacity":"","overlay-gradient":""},"mobile":{"background-color":"","background-image":"","background-repeat":"repeat","background-position":"center center","background-size":"auto","background-attachment":"scroll","background-type":"","background-media":"","overlay-type":"","overlay-color":"","overlay-opacity":"","overlay-gradient":""}},"ast-content-background-meta":{"desktop":{"background-color":"var(--ast-global-color-5)","background-image":"","background-repeat":"repeat","background-position":"center center","background-size":"auto","background-attachment":"scroll","background-type":"","background-media":"","overlay-type":"","overlay-color":"","overlay-opacity":"","overlay-gradient":""},"tablet":{"background-color":"var(--ast-global-color-5)","background-image":"","background-repeat":"repeat","background-position":"center center","background-size":"auto","background-attachment":"scroll","background-type":"","background-media":"","overlay-type":"","overlay-color":"","overlay-opacity":"","overlay-gradient":""},"mobile":{"background-color":"var(--ast-global-color-5)","background-image":"","background-repeat":"repeat","background-position":"center center","background-size":"auto","background-attachment":"scroll","background-type":"","background-media":"","overlay-type":"","overlay-color":"","overlay-opacity":"","overlay-gradient":""}}},"class_list":["post-9309","page","type-page","status-publish","hentry"],"yoast_head":"<!-- This site is optimized with the Yoast SEO plugin v27.5 - https:\/\/yoast.com\/product\/yoast-seo-wordpress\/ -->\n<title>\u00c9cole avec courage - St. Katharina Grundschule Heinsberg<\/title>\n<meta name=\"robots\" content=\"index, follow, max-snippet:-1, max-image-preview:large, max-video-preview:-1\" \/>\n<link rel=\"canonical\" href=\"https:\/\/grundschule-heinsberg.de\/fr\/ecole-avec-courage\/\" \/>\n<meta property=\"og:locale\" content=\"fr_FR\" \/>\n<meta property=\"og:type\" content=\"article\" \/>\n<meta property=\"og:title\" content=\"\u00c9cole avec courage - St. Katharina Grundschule Heinsberg\" \/>\n<meta property=\"og:description\" content=\"\u00c9cole avec courage \u00c9cole sans racisme &#8211; \u00c9cole avec courage L&rsquo;\u00e9lection pour l&rsquo;admission au r\u00e9seau \u00ab\u00a0\u00c9cole avec courage\u00a0\u00bb est termin\u00e9e. Nous sommes tr\u00e8s heureux que [&hellip;]\" \/>\n<meta property=\"og:url\" content=\"https:\/\/grundschule-heinsberg.de\/fr\/ecole-avec-courage\/\" \/>\n<meta property=\"og:site_name\" content=\"St. Katharina Grundschule Heinsberg\" \/>\n<meta property=\"article:modified_time\" content=\"2024-09-07T17:48:52+00:00\" \/>\n<meta property=\"og:image\" content=\"https:\/\/grundschule-heinsberg.de\/wp-content\/uploads\/2024\/07\/IMG_3103.jpg\" \/>\n<meta name=\"twitter:card\" content=\"summary_large_image\" \/>\n<meta name=\"twitter:label1\" content=\"Dur\u00e9e de lecture estim\u00e9e\" \/>\n\t<meta name=\"twitter:data1\" content=\"3 minutes\" \/>\n<script type=\"application\/ld+json\" class=\"yoast-schema-graph\">{\"@context\":\"https:\\\/\\\/schema.org\",\"@graph\":[{\"@type\":\"WebPage\",\"@id\":\"https:\\\/\\\/grundschule-heinsberg.de\\\/fr\\\/ecole-avec-courage\\\/\",\"url\":\"https:\\\/\\\/grundschule-heinsberg.de\\\/fr\\\/ecole-avec-courage\\\/\",\"name\":\"\u00c9cole avec courage - St. Katharina Grundschule Heinsberg\",\"isPartOf\":{\"@id\":\"https:\\\/\\\/grundschule-heinsberg.de\\\/fr\\\/#website\"},\"primaryImageOfPage\":{\"@id\":\"https:\\\/\\\/grundschule-heinsberg.de\\\/fr\\\/ecole-avec-courage\\\/#primaryimage\"},\"image\":{\"@id\":\"https:\\\/\\\/grundschule-heinsberg.de\\\/fr\\\/ecole-avec-courage\\\/#primaryimage\"},\"thumbnailUrl\":\"https:\\\/\\\/grundschule-heinsberg.de\\\/wp-content\\\/uploads\\\/2024\\\/07\\\/IMG_3103.jpg\",\"datePublished\":\"2024-09-07T17:39:51+00:00\",\"dateModified\":\"2024-09-07T17:48:52+00:00\",\"breadcrumb\":{\"@id\":\"https:\\\/\\\/grundschule-heinsberg.de\\\/fr\\\/ecole-avec-courage\\\/#breadcrumb\"},\"inLanguage\":\"fr-FR\",\"potentialAction\":[{\"@type\":\"ReadAction\",\"target\":[\"https:\\\/\\\/grundschule-heinsberg.de\\\/fr\\\/ecole-avec-courage\\\/\"]}]},{\"@type\":\"ImageObject\",\"inLanguage\":\"fr-FR\",\"@id\":\"https:\\\/\\\/grundschule-heinsberg.de\\\/fr\\\/ecole-avec-courage\\\/#primaryimage\",\"url\":\"https:\\\/\\\/grundschule-heinsberg.de\\\/wp-content\\\/uploads\\\/2024\\\/07\\\/IMG_3103.jpg\",\"contentUrl\":\"https:\\\/\\\/grundschule-heinsberg.de\\\/wp-content\\\/uploads\\\/2024\\\/07\\\/IMG_3103.jpg\"},{\"@type\":\"BreadcrumbList\",\"@id\":\"https:\\\/\\\/grundschule-heinsberg.de\\\/fr\\\/ecole-avec-courage\\\/#breadcrumb\",\"itemListElement\":[{\"@type\":\"ListItem\",\"position\":1,\"name\":\"Startseite\",\"item\":\"https:\\\/\\\/grundschule-heinsberg.de\\\/fr\\\/\"},{\"@type\":\"ListItem\",\"position\":2,\"name\":\"\u00c9cole avec courage\"}]},{\"@type\":\"WebSite\",\"@id\":\"https:\\\/\\\/grundschule-heinsberg.de\\\/fr\\\/#website\",\"url\":\"https:\\\/\\\/grundschule-heinsberg.de\\\/fr\\\/\",\"name\":\"St. Katharina Grundschule Heinsberg\",\"description\":\"f\u00fcreinander, voneinander, gemeinsam und individuell: Hand in Hand auf dem Weg in die Zukunft\",\"publisher\":{\"@id\":\"https:\\\/\\\/grundschule-heinsberg.de\\\/fr\\\/#organization\"},\"potentialAction\":[{\"@type\":\"SearchAction\",\"target\":{\"@type\":\"EntryPoint\",\"urlTemplate\":\"https:\\\/\\\/grundschule-heinsberg.de\\\/fr\\\/?s={search_term_string}\"},\"query-input\":{\"@type\":\"PropertyValueSpecification\",\"valueRequired\":true,\"valueName\":\"search_term_string\"}}],\"inLanguage\":\"fr-FR\"},{\"@type\":\"Organization\",\"@id\":\"https:\\\/\\\/grundschule-heinsberg.de\\\/fr\\\/#organization\",\"name\":\"St. Katharina Grundschule Heinsberg\",\"url\":\"https:\\\/\\\/grundschule-heinsberg.de\\\/fr\\\/\",\"logo\":{\"@type\":\"ImageObject\",\"inLanguage\":\"fr-FR\",\"@id\":\"https:\\\/\\\/grundschule-heinsberg.de\\\/fr\\\/#\\\/schema\\\/logo\\\/image\\\/\",\"url\":\"https:\\\/\\\/grundschule-heinsberg.de\\\/wp-content\\\/uploads\\\/2023\\\/03\\\/230307_Grundschule-Heinsberg_Logo_RGB.svg\",\"contentUrl\":\"https:\\\/\\\/grundschule-heinsberg.de\\\/wp-content\\\/uploads\\\/2023\\\/03\\\/230307_Grundschule-Heinsberg_Logo_RGB.svg\",\"width\":311,\"height\":135,\"caption\":\"St. Katharina Grundschule Heinsberg\"},\"image\":{\"@id\":\"https:\\\/\\\/grundschule-heinsberg.de\\\/fr\\\/#\\\/schema\\\/logo\\\/image\\\/\"}}]}<\/script>\n<!-- \/ Yoast SEO plugin. -->","yoast_head_json":{"title":"\u00c9cole avec courage - St. Katharina Grundschule Heinsberg","robots":{"index":"index","follow":"follow","max-snippet":"max-snippet:-1","max-image-preview":"max-image-preview:large","max-video-preview":"max-video-preview:-1"},"canonical":"https:\/\/grundschule-heinsberg.de\/fr\/ecole-avec-courage\/","og_locale":"fr_FR","og_type":"article","og_title":"\u00c9cole avec courage - St. Katharina Grundschule Heinsberg","og_description":"\u00c9cole avec courage \u00c9cole sans racisme &#8211; \u00c9cole avec courage L&rsquo;\u00e9lection pour l&rsquo;admission au r\u00e9seau \u00ab\u00a0\u00c9cole avec courage\u00a0\u00bb est termin\u00e9e. Nous sommes tr\u00e8s heureux que [&hellip;]","og_url":"https:\/\/grundschule-heinsberg.de\/fr\/ecole-avec-courage\/","og_site_name":"St. Katharina Grundschule Heinsberg","article_modified_time":"2024-09-07T17:48:52+00:00","og_image":[{"url":"https:\/\/grundschule-heinsberg.de\/wp-content\/uploads\/2024\/07\/IMG_3103.jpg","type":"","width":"","height":""}],"twitter_card":"summary_large_image","twitter_misc":{"Dur\u00e9e de lecture estim\u00e9e":"3 minutes"},"schema":{"@context":"https:\/\/schema.org","@graph":[{"@type":"WebPage","@id":"https:\/\/grundschule-heinsberg.de\/fr\/ecole-avec-courage\/","url":"https:\/\/grundschule-heinsberg.de\/fr\/ecole-avec-courage\/","name":"\u00c9cole avec courage - St. Katharina Grundschule Heinsberg","isPartOf":{"@id":"https:\/\/grundschule-heinsberg.de\/fr\/#website"},"primaryImageOfPage":{"@id":"https:\/\/grundschule-heinsberg.de\/fr\/ecole-avec-courage\/#primaryimage"},"image":{"@id":"https:\/\/grundschule-heinsberg.de\/fr\/ecole-avec-courage\/#primaryimage"},"thumbnailUrl":"https:\/\/grundschule-heinsberg.de\/wp-content\/uploads\/2024\/07\/IMG_3103.jpg","datePublished":"2024-09-07T17:39:51+00:00","dateModified":"2024-09-07T17:48:52+00:00","breadcrumb":{"@id":"https:\/\/grundschule-heinsberg.de\/fr\/ecole-avec-courage\/#breadcrumb"},"inLanguage":"fr-FR","potentialAction":[{"@type":"ReadAction","target":["https:\/\/grundschule-heinsberg.de\/fr\/ecole-avec-courage\/"]}]},{"@type":"ImageObject","inLanguage":"fr-FR","@id":"https:\/\/grundschule-heinsberg.de\/fr\/ecole-avec-courage\/#primaryimage","url":"https:\/\/grundschule-heinsberg.de\/wp-content\/uploads\/2024\/07\/IMG_3103.jpg","contentUrl":"https:\/\/grundschule-heinsberg.de\/wp-content\/uploads\/2024\/07\/IMG_3103.jpg"},{"@type":"BreadcrumbList","@id":"https:\/\/grundschule-heinsberg.de\/fr\/ecole-avec-courage\/#breadcrumb","itemListElement":[{"@type":"ListItem","position":1,"name":"Startseite","item":"https:\/\/grundschule-heinsberg.de\/fr\/"},{"@type":"ListItem","position":2,"name":"\u00c9cole avec courage"}]},{"@type":"WebSite","@id":"https:\/\/grundschule-heinsberg.de\/fr\/#website","url":"https:\/\/grundschule-heinsberg.de\/fr\/","name":"St. Katharina Grundschule Heinsberg","description":"f\u00fcreinander, voneinander, gemeinsam und individuell: Hand in Hand auf dem Weg in die Zukunft","publisher":{"@id":"https:\/\/grundschule-heinsberg.de\/fr\/#organization"},"potentialAction":[{"@type":"SearchAction","target":{"@type":"EntryPoint","urlTemplate":"https:\/\/grundschule-heinsberg.de\/fr\/?s={search_term_string}"},"query-input":{"@type":"PropertyValueSpecification","valueRequired":true,"valueName":"search_term_string"}}],"inLanguage":"fr-FR"},{"@type":"Organization","@id":"https:\/\/grundschule-heinsberg.de\/fr\/#organization","name":"St. Katharina Grundschule Heinsberg","url":"https:\/\/grundschule-heinsberg.de\/fr\/","logo":{"@type":"ImageObject","inLanguage":"fr-FR","@id":"https:\/\/grundschule-heinsberg.de\/fr\/#\/schema\/logo\/image\/","url":"https:\/\/grundschule-heinsberg.de\/wp-content\/uploads\/2023\/03\/230307_Grundschule-Heinsberg_Logo_RGB.svg","contentUrl":"https:\/\/grundschule-heinsberg.de\/wp-content\/uploads\/2023\/03\/230307_Grundschule-Heinsberg_Logo_RGB.svg","width":311,"height":135,"caption":"St. Katharina Grundschule Heinsberg"},"image":{"@id":"https:\/\/grundschule-heinsberg.de\/fr\/#\/schema\/logo\/image\/"}}]}},"_links":{"self":[{"href":"https:\/\/grundschule-heinsberg.de\/fr\/wp-json\/wp\/v2\/pages\/9309","targetHints":{"allow":["GET"]}}],"collection":[{"href":"https:\/\/grundschule-heinsberg.de\/fr\/wp-json\/wp\/v2\/pages"}],"about":[{"href":"https:\/\/grundschule-heinsberg.de\/fr\/wp-json\/wp\/v2\/types\/page"}],"author":[{"embeddable":true,"href":"https:\/\/grundschule-heinsberg.de\/fr\/wp-json\/wp\/v2\/users\/2"}],"replies":[{"embeddable":true,"href":"https:\/\/grundschule-heinsberg.de\/fr\/wp-json\/wp\/v2\/comments?post=9309"}],"version-history":[{"count":0,"href":"https:\/\/grundschule-heinsberg.de\/fr\/wp-json\/wp\/v2\/pages\/9309\/revisions"}],"wp:attachment":[{"href":"https:\/\/grundschule-heinsberg.de\/fr\/wp-json\/wp\/v2\/media?parent=9309"}],"curies":[{"name":"wp","href":"https:\/\/api.w.org\/{rel}","templated":true}]}}