{"id":5510,"date":"2023-03-23T08:55:49","date_gmt":"2023-03-23T07:55:49","guid":{"rendered":"https:\/\/grundschule-heinsberg.de\/la-scuola-dalla-a-alla-z\/"},"modified":"2025-05-01T13:00:22","modified_gmt":"2025-05-01T11:00:22","slug":"la-scuola-dalla-a-alla-z","status":"publish","type":"page","link":"https:\/\/grundschule-heinsberg.de\/it\/la-scuola-dalla-a-alla-z\/","title":{"rendered":"La scuola dalla A alla Z"},"content":{"rendered":"\t\t<div data-elementor-type=\"wp-page\" data-elementor-id=\"5510\" class=\"elementor elementor-5510 elementor-1665\">\n\t\t\t\t\t\t<section class=\"elementor-section elementor-top-section elementor-element elementor-element-6397f7d elementor-section-content-middle elementor-section-full_width elementor-section-height-default elementor-section-height-default\" data-id=\"6397f7d\" data-element_type=\"section\" data-settings=\"{&quot;background_background&quot;:&quot;classic&quot;}\">\n\t\t\t\t\t\t<div class=\"elementor-container elementor-column-gap-wide\">\n\t\t\t\t\t<div class=\"elementor-column elementor-col-50 elementor-top-column elementor-element elementor-element-087b5b4\" data-id=\"087b5b4\" data-element_type=\"column\">\n\t\t\t<div class=\"elementor-widget-wrap\">\n\t\t\t\t\t\t\t<\/div>\n\t\t<\/div>\n\t\t\t\t<div class=\"elementor-column elementor-col-50 elementor-top-column elementor-element elementor-element-5c6e111\" data-id=\"5c6e111\" data-element_type=\"column\" data-settings=\"{&quot;background_background&quot;:&quot;classic&quot;}\">\n\t\t\t<div class=\"elementor-widget-wrap\">\n\t\t\t\t\t\t\t<\/div>\n\t\t<\/div>\n\t\t\t\t\t<\/div>\n\t\t<\/section>\n\t\t\t\t<section class=\"elementor-section elementor-top-section elementor-element elementor-element-542a8b1 elementor-section-boxed elementor-section-height-default elementor-section-height-default\" data-id=\"542a8b1\" data-element_type=\"section\">\n\t\t\t\t\t\t<div class=\"elementor-container elementor-column-gap-default\">\n\t\t\t\t\t<div class=\"elementor-column elementor-col-50 elementor-top-column elementor-element elementor-element-d395dba\" data-id=\"d395dba\" data-element_type=\"column\">\n\t\t\t<div class=\"elementor-widget-wrap elementor-element-populated\">\n\t\t\t\t\t\t<div class=\"elementor-element elementor-element-19c1e8d elementor-widget elementor-widget-heading\" data-id=\"19c1e8d\" data-element_type=\"widget\" data-widget_type=\"heading.default\">\n\t\t\t\t<div class=\"elementor-widget-container\">\n\t\t\t\t\t<h5 class=\"elementor-heading-title elementor-size-default\">Interessante anche ...<\/h5>\t\t\t\t<\/div>\n\t\t\t\t<\/div>\n\t\t\t\t\t<\/div>\n\t\t<\/div>\n\t\t\t\t<div class=\"elementor-column elementor-col-50 elementor-top-column elementor-element elementor-element-9c00bfb\" data-id=\"9c00bfb\" data-element_type=\"column\">\n\t\t\t<div class=\"elementor-widget-wrap elementor-element-populated\">\n\t\t\t\t\t\t<div class=\"elementor-element elementor-element-2824f6a uael-nav-menu__breakpoint-mobile uael-nav-menu__align-left uael-submenu-open-hover uael-submenu-icon-arrow uael-submenu-animation-none uael-link-redirect-child elementor-widget elementor-widget-uael-nav-menu\" data-id=\"2824f6a\" data-element_type=\"widget\" data-settings=\"{&quot;distance_from_menu&quot;:{&quot;unit&quot;:&quot;px&quot;,&quot;size&quot;:&quot;&quot;,&quot;sizes&quot;:[]},&quot;distance_from_menu_tablet&quot;:{&quot;unit&quot;:&quot;px&quot;,&quot;size&quot;:&quot;&quot;,&quot;sizes&quot;:[]},&quot;distance_from_menu_mobile&quot;:{&quot;unit&quot;:&quot;px&quot;,&quot;size&quot;:&quot;&quot;,&quot;sizes&quot;:[]}}\" data-widget_type=\"uael-nav-menu.default\">\n\t\t\t\t<div class=\"elementor-widget-container\">\n\t\t\t\t\t\t\t<div class=\"uael-nav-menu uael-layout-horizontal uael-nav-menu-layout uael-pointer__none\" data-layout=\"horizontal\">\n\t\t\t\t<div role=\"button\" class=\"uael-nav-menu__toggle elementor-clickable\">\n\t\t\t\t\t<span class=\"screen-reader-text\">Main Menu<\/span>\n\t\t\t\t\t<div class=\"uael-nav-menu-icon\">\n\t\t\t\t\t\t<i aria-hidden=\"true\" class=\"fas fa-align-justify\"><\/i>\t\t\t\t\t<\/div>\n\t\t\t\t\t\t\t\t\t<\/div>\n\t\t\t\t\t\t\t<nav class=\"uael-nav-menu__layout-horizontal uael-nav-menu__submenu-arrow\" data-toggle-icon=\"&lt;i aria-hidden=&quot;true&quot; class=&quot;fas fa-align-justify&quot;&gt;&lt;\/i&gt;\" data-close-icon=\"&lt;i aria-hidden=&quot;true&quot; class=&quot;far fa-window-close&quot;&gt;&lt;\/i&gt;\" data-full-width=\"yes\"><ul id=\"menu-1-2824f6a\" class=\"uael-nav-menu\"><li id=\"menu-item-6286\" class=\"menu-item menu-item-type-post_type menu-item-object-page parent uael-creative-menu\"><a href=\"https:\/\/grundschule-heinsberg.de\/it\/la-nostra-scuola\/\" class = \"uael-menu-item\">La nostra scuola<\/a><\/li>\n<li id=\"menu-item-6255\" class=\"menu-item menu-item-type-custom menu-item-object-custom parent uael-creative-menu\"><a href=\"https:\/\/grundschule-heinsberg.de\/it\/la-nostra-scuola\/#kollegium_it\" class = \"uael-menu-item\">Collegium e dipendenti<\/a><\/li>\n<li id=\"menu-item-6256\" class=\"menu-item menu-item-type-post_type menu-item-object-page parent uael-creative-menu\"><a href=\"https:\/\/grundschule-heinsberg.de\/it\/alunni\/\" class = \"uael-menu-item\">Alunni<\/a><\/li>\n<li id=\"menu-item-6257\" class=\"menu-item menu-item-type-post_type menu-item-object-page parent uael-creative-menu\"><a href=\"https:\/\/grundschule-heinsberg.de\/it\/comitati\/\" class = \"uael-menu-item\">Comitati<\/a><\/li>\n<li id=\"menu-item-6258\" class=\"menu-item menu-item-type-post_type menu-item-object-page parent uael-creative-menu\"><a href=\"https:\/\/grundschule-heinsberg.de\/it\/la-scuola-dalla-a-alla-z\/\" class = \"uael-menu-item\">La scuola dalla A alla Z<\/a><\/li>\n<li id=\"menu-item-6259\" class=\"menu-item menu-item-type-post_type menu-item-object-page parent uael-creative-menu\"><a href=\"https:\/\/grundschule-heinsberg.de\/it\/moduli\/\" class = \"uael-menu-item\">Moduli<\/a><\/li>\n<\/ul><\/nav>\n\t\t\t\t\t<\/div>\n\t\t\t\t\t\t\t<\/div>\n\t\t\t\t<\/div>\n\t\t\t\t\t<\/div>\n\t\t<\/div>\n\t\t\t\t\t<\/div>\n\t\t<\/section>\n\t\t\t\t<section class=\"elementor-section elementor-top-section elementor-element elementor-element-6d97d44 elementor-section-boxed elementor-section-height-default elementor-section-height-default\" data-id=\"6d97d44\" data-element_type=\"section\" data-settings=\"{&quot;background_background&quot;:&quot;classic&quot;}\">\n\t\t\t\t\t\t<div class=\"elementor-container elementor-column-gap-default\">\n\t\t\t\t\t<div class=\"elementor-column elementor-col-100 elementor-top-column elementor-element elementor-element-925e23b\" data-id=\"925e23b\" data-element_type=\"column\">\n\t\t\t<div class=\"elementor-widget-wrap elementor-element-populated\">\n\t\t\t\t\t\t<div class=\"elementor-element elementor-element-15b65bfe elementor-widget elementor-widget-heading\" data-id=\"15b65bfe\" data-element_type=\"widget\" data-widget_type=\"heading.default\">\n\t\t\t\t<div class=\"elementor-widget-container\">\n\t\t\t\t\t<h2 class=\"elementor-heading-title elementor-size-default\">La scuola dalla A alla Z<\/h2>\t\t\t\t<\/div>\n\t\t\t\t<\/div>\n\t\t\t\t<div class=\"elementor-element elementor-element-73e30334 elementor-widget elementor-widget-text-editor\" data-id=\"73e30334\" data-element_type=\"widget\" data-widget_type=\"text-editor.default\">\n\t\t\t\t<div class=\"elementor-widget-container\">\n\t\t\t\t\t\t\t\t\t<p>Qui troverete una panoramica degli argomenti importanti della nostra scuola primaria, organizzati dalla A alla Z.  <br>Vi offre una visione completa di tutte le aree importanti della nostra vita scolastica.<\/p>\t\t\t\t\t\t\t\t<\/div>\n\t\t\t\t<\/div>\n\t\t\t\t\t<\/div>\n\t\t<\/div>\n\t\t\t\t\t<\/div>\n\t\t<\/section>\n\t\t\t\t<section class=\"elementor-section elementor-top-section elementor-element elementor-element-0c978ba elementor-section-boxed elementor-section-height-default elementor-section-height-default\" data-id=\"0c978ba\" data-element_type=\"section\" data-settings=\"{&quot;background_background&quot;:&quot;classic&quot;}\">\n\t\t\t\t\t\t<div class=\"elementor-container elementor-column-gap-default\">\n\t\t\t\t\t<div class=\"elementor-column elementor-col-100 elementor-top-column elementor-element elementor-element-904ac5c\" data-id=\"904ac5c\" data-element_type=\"column\">\n\t\t\t<div class=\"elementor-widget-wrap elementor-element-populated\">\n\t\t\t\t\t\t<section class=\"elementor-section elementor-inner-section elementor-element elementor-element-e829d99 elementor-section-boxed elementor-section-height-default elementor-section-height-default\" data-id=\"e829d99\" data-element_type=\"section\">\n\t\t\t\t\t\t<div class=\"elementor-container elementor-column-gap-default\">\n\t\t\t\t\t<div class=\"elementor-column elementor-col-50 elementor-inner-column elementor-element elementor-element-f46d26d\" data-id=\"f46d26d\" data-element_type=\"column\">\n\t\t\t<div class=\"elementor-widget-wrap elementor-element-populated\">\n\t\t\t\t\t\t<div class=\"elementor-element elementor-element-46f4b3e elementor-widget elementor-widget-heading\" data-id=\"46f4b3e\" data-element_type=\"widget\" data-widget_type=\"heading.default\">\n\t\t\t\t<div class=\"elementor-widget-container\">\n\t\t\t\t\t<h3 class=\"elementor-heading-title elementor-size-default\">Da A a D<\/h3>\t\t\t\t<\/div>\n\t\t\t\t<\/div>\n\t\t\t\t<div class=\"elementor-element elementor-element-f39174c uael-faq-box-layout-yes align-at-left elementor-widget elementor-widget-uael-faq\" data-id=\"f39174c\" data-element_type=\"widget\" data-widget_type=\"uael-faq.default\">\n\t\t\t\t<div class=\"elementor-widget-container\">\n\t\t\t\t\t\n\t\t\t<div id='uael-faq-wrapper-255' class=\"uael-faq-wrapper\">\n\t\t\t\t<div class=\"uael-faq-container uael-faq-layout-accordion\" data-layout=\"accordion\" >\n\t\t\t\t\t\t\t\t\t\t\t\t<div id=\"uael-accordion-bf43db7\" class=\"uael-faq-accordion\" role=\"tablist\">\n\t\t\t\t\t\t\t\t<div class= \"uael-accordion-title\" aria-expanded=\"false\" role=\"tab\">\n\t\t\t\t\t\t\t\t\t<span class=\"uael-accordion-icon uael-accordion-icon-left\">\n\t\t\t\t\t\t\t\t\t\t<span class=\"uael-accordion-icon-closed\"><i class=\"fas fa-angle-right\"><\/i><\/span>\n\t\t\t\t\t\t\t\t\t\t<span class=\"uael-accordion-icon-opened\"><i class=\"fas fa-angle-up\"><\/i><\/span>\n\t\t\t\t\t\t\t\t\t<\/span>\n\t\t\t\t\t\t\t\t\t<span class=\"uael-question-bf43db7 uael-question-span\" tabindex=\"0\" id=\"uael-faq-1-69f5a125b0aa9\">Canti d'Avvento<\/span>\n\t\t\t\t\t\t\t\t<\/div>\n\t\t\t\t\t\t\t\t<div class=\"uael-accordion-content\" role=\"tabpanel\">\n\t\t\t\t\t\t\t\t\t<span>\n\t\t\t\t\t\t\t\t\t<span><p>Il luned\u00ec successivo a ogni domenica di Avvento, nella tromba delle scale della scuola si tiene una piccola celebrazione interna dell'Avvento, organizzata a turno dai bambini di ogni classe.<\/p><\/span>\t\t\t\t\t\t\t\t\t<\/span>\n\t\t\t\t\t\t\t\t<\/div>\n\t\t\t\t\t\t\t<\/div>\n\t\t\t\t\t\t\t\t\t\t\t\t\t\t<div id=\"uael-accordion-ea4b221\" class=\"uael-faq-accordion\" role=\"tablist\">\n\t\t\t\t\t\t\t\t<div class= \"uael-accordion-title\" aria-expanded=\"false\" role=\"tab\">\n\t\t\t\t\t\t\t\t\t<span class=\"uael-accordion-icon uael-accordion-icon-left\">\n\t\t\t\t\t\t\t\t\t\t<span class=\"uael-accordion-icon-closed\"><i class=\"fas fa-angle-right\"><\/i><\/span>\n\t\t\t\t\t\t\t\t\t\t<span class=\"uael-accordion-icon-opened\"><i class=\"fas fa-angle-up\"><\/i><\/span>\n\t\t\t\t\t\t\t\t\t<\/span>\n\t\t\t\t\t\t\t\t\t<span class=\"uael-question-ea4b221 uael-question-span\" tabindex=\"0\" id=\"uael-faq-2-69f5a125b0b0a\">Registrazione dei nuovi iscritti alla scuola<\/span>\n\t\t\t\t\t\t\t\t<\/div>\n\t\t\t\t\t\t\t\t<div class=\"uael-accordion-content\" role=\"tabpanel\">\n\t\t\t\t\t\t\t\t\t<span>\n\t\t\t\t\t\t\t\t\t<span><p>I nuovi iscritti vengono sempre registrati l'anno prima dell'inizio della scuola. Al momento dell'iscrizione, i genitori devono portare con s\u00e9 il certificato di nascita, la dichiarazione di consenso di un genitore\/tutore che abbia anche la custodia del bambino e il modulo di consegna dell'asilo nido del bambino. Il bambino da iscrivere deve essere presente, se possibile. Oltre a registrare tutti i dati personali, la direzione della scuola condurr\u00e0 un breve colloquio con il bambino per ottenere una prima impressione. I genitori riceveranno la notifica dell'ammissione del proprio figlio alla nostra scuola entro il 15 febbraio dell'anno di iscrizione. La prima serata per i genitori dei futuri alunni di prima elementare si svolge all'inizio dell'estate, prima dell'inizio della scuola. Qui i genitori vengono informati sul futuro insegnante di classe, sul materiale da acquistare e sulla procedura per l'iscrizione alla scuola, che avverr\u00e0 il secondo giorno di scuola dopo le vacanze estive.<\/p><\/span>\t\t\t\t\t\t\t\t\t<\/span>\n\t\t\t\t\t\t\t\t<\/div>\n\t\t\t\t\t\t\t<\/div>\n\t\t\t\t\t\t\t\t\t\t\t\t\t\t<div id=\"uael-accordion-c42c096\" class=\"uael-faq-accordion\" role=\"tablist\">\n\t\t\t\t\t\t\t\t<div class= \"uael-accordion-title\" aria-expanded=\"false\" role=\"tab\">\n\t\t\t\t\t\t\t\t\t<span class=\"uael-accordion-icon uael-accordion-icon-left\">\n\t\t\t\t\t\t\t\t\t\t<span class=\"uael-accordion-icon-closed\"><i class=\"fas fa-angle-right\"><\/i><\/span>\n\t\t\t\t\t\t\t\t\t\t<span class=\"uael-accordion-icon-opened\"><i class=\"fas fa-angle-up\"><\/i><\/span>\n\t\t\t\t\t\t\t\t\t<\/span>\n\t\t\t\t\t\t\t\t\t<span class=\"uael-question-c42c096 uael-question-span\" tabindex=\"0\" id=\"uael-faq-3-69f5a125b0b6b\">Gruppi di lavoro<\/span>\n\t\t\t\t\t\t\t\t<\/div>\n\t\t\t\t\t\t\t\t<div class=\"uael-accordion-content\" role=\"tabpanel\">\n\t\t\t\t\t\t\t\t\t<span>\n\t\t\t\t\t\t\t\t\t<span><p>In conformit\u00e0 con il programma di studi, al quarto anno viene offerto un club di informatica. Gli alunni possono anche partecipare volontariamente a un club di artigianato o al programma di formazione per mediatori. Inoltre, i club sportivi, creativi e\/o artistici si svolgono esclusivamente nel pomeriggio nell'ambito del programma scolastico aperto tutto il giorno.<\/p><\/span>\t\t\t\t\t\t\t\t\t<\/span>\n\t\t\t\t\t\t\t\t<\/div>\n\t\t\t\t\t\t\t<\/div>\n\t\t\t\t\t\t\t\t\t\t\t\t\t\t<div id=\"uael-accordion-d3c9749\" class=\"uael-faq-accordion\" role=\"tablist\">\n\t\t\t\t\t\t\t\t<div class= \"uael-accordion-title\" aria-expanded=\"false\" role=\"tab\">\n\t\t\t\t\t\t\t\t\t<span class=\"uael-accordion-icon uael-accordion-icon-left\">\n\t\t\t\t\t\t\t\t\t\t<span class=\"uael-accordion-icon-closed\"><i class=\"fas fa-angle-right\"><\/i><\/span>\n\t\t\t\t\t\t\t\t\t\t<span class=\"uael-accordion-icon-opened\"><i class=\"fas fa-angle-up\"><\/i><\/span>\n\t\t\t\t\t\t\t\t\t<\/span>\n\t\t\t\t\t\t\t\t\t<span class=\"uael-question-d3c9749 uael-question-span\" tabindex=\"0\" id=\"uael-faq-4-69f5a125b0bce\">Antolin<\/span>\n\t\t\t\t\t\t\t\t<\/div>\n\t\t\t\t\t\t\t\t<div class=\"uael-accordion-content\" role=\"tabpanel\">\n\t\t\t\t\t\t\t\t\t<span>\n\t\t\t\t\t\t\t\t\t<span><p>Antolin \u00e8 un portale online innovativo per la promozione della lettura con l'obiettivo di promuovere le abilit\u00e0 di lettura e ispirare molti bambini a leggere. Ogni bambino che si registra con <strong>\n  <a href=\"https:\/\/antolin.westermann.de\/\" target=\"_blank\" rel=\"noopener\">Antolin.de<\/a>\n<\/strong> attraverso la scuola riceve un accesso personale. Per ogni libro che ha letto, risponde a cinque-quindici domande online sul contenuto del libro. Il bambino viene premiato con punti in base a questa prestazione. Gli insegnanti possono utilizzare il proprio accesso per osservare l'attivit\u00e0 di lettura dei propri alunni.<\/p><\/span>\t\t\t\t\t\t\t\t\t<\/span>\n\t\t\t\t\t\t\t\t<\/div>\n\t\t\t\t\t\t\t<\/div>\n\t\t\t\t\t\t\t\t\t\t\t\t\t\t<div id=\"uael-accordion-e8b6ef1\" class=\"uael-faq-accordion\" role=\"tablist\">\n\t\t\t\t\t\t\t\t<div class= \"uael-accordion-title\" aria-expanded=\"false\" role=\"tab\">\n\t\t\t\t\t\t\t\t\t<span class=\"uael-accordion-icon uael-accordion-icon-left\">\n\t\t\t\t\t\t\t\t\t\t<span class=\"uael-accordion-icon-closed\"><i class=\"fas fa-angle-right\"><\/i><\/span>\n\t\t\t\t\t\t\t\t\t\t<span class=\"uael-accordion-icon-opened\"><i class=\"fas fa-angle-up\"><\/i><\/span>\n\t\t\t\t\t\t\t\t\t<\/span>\n\t\t\t\t\t\t\t\t\t<span class=\"uael-question-e8b6ef1 uael-question-span\" tabindex=\"0\" id=\"uael-faq-5-69f5a125b0c2c\">Anton app<\/span>\n\t\t\t\t\t\t\t\t<\/div>\n\t\t\t\t\t\t\t\t<div class=\"uael-accordion-content\" role=\"tabpanel\">\n\t\t\t\t\t\t\t\t\t<span>\n\t\t\t\t\t\t\t\t\t<span><p>Anton \u00e8 un'applicazione per l'apprendimento che pu\u00f2 essere utilizzata sia a scuola che a casa. Offre ai bambini e agli insegnanti l'opportunit\u00e0 di creare e utilizzare ulteriori opportunit\u00e0 di apprendimento con l'aiuto dei media digitali.<\/p><\/span>\t\t\t\t\t\t\t\t\t<\/span>\n\t\t\t\t\t\t\t\t<\/div>\n\t\t\t\t\t\t\t<\/div>\n\t\t\t\t\t\t\t\t\t\t\t\t\t\t<div id=\"uael-accordion-64b5fc1\" class=\"uael-faq-accordion\" role=\"tablist\">\n\t\t\t\t\t\t\t\t<div class= \"uael-accordion-title\" aria-expanded=\"false\" role=\"tab\">\n\t\t\t\t\t\t\t\t\t<span class=\"uael-accordion-icon uael-accordion-icon-left\">\n\t\t\t\t\t\t\t\t\t\t<span class=\"uael-accordion-icon-closed\"><i class=\"fas fa-angle-right\"><\/i><\/span>\n\t\t\t\t\t\t\t\t\t\t<span class=\"uael-accordion-icon-opened\"><i class=\"fas fa-angle-up\"><\/i><\/span>\n\t\t\t\t\t\t\t\t\t<\/span>\n\t\t\t\t\t\t\t\t\t<span class=\"uael-question-64b5fc1 uael-question-span\" tabindex=\"0\" id=\"uael-faq-6-69f5a125b0c88\">Supporto  <\/span>\n\t\t\t\t\t\t\t\t<\/div>\n\t\t\t\t\t\t\t\t<div class=\"uael-accordion-content\" role=\"tabpanel\">\n\t\t\t\t\t\t\t\t\t<span>\n\t\t\t\t\t\t\t\t\t<span><p>La scuola primaria di Heinsberg offre ai genitori\/tutori due diversi modelli di assistenza all'infanzia tra cui scegliere. Il programma di <strong>assistenza ai bambini dalle 8 alle 13<\/strong> offre un'assistenza affidabile dal 1\u00b0 al 4\u00b0 blocco, indipendentemente dall'orario. I bambini possono anche partecipare al programma <strong><a href=\"https:\/\/grundschule-heinsberg.de\/it\/ogs-vgs\/\">OGS (Open All Day School<\/a>)<\/strong>. La \"KIG Kinder im Ganztag gGmbH\" Olpe \u00e8 responsabile di entrambi i servizi di assistenza all'infanzia dal 1\u00b0 febbraio 2022.<\/p><\/span>\t\t\t\t\t\t\t\t\t<\/span>\n\t\t\t\t\t\t\t\t<\/div>\n\t\t\t\t\t\t\t<\/div>\n\t\t\t\t\t\t\t\t\t\t\t\t\t\t<div id=\"uael-accordion-cb84b5b\" class=\"uael-faq-accordion\" role=\"tablist\">\n\t\t\t\t\t\t\t\t<div class= \"uael-accordion-title\" aria-expanded=\"false\" role=\"tab\">\n\t\t\t\t\t\t\t\t\t<span class=\"uael-accordion-icon uael-accordion-icon-left\">\n\t\t\t\t\t\t\t\t\t\t<span class=\"uael-accordion-icon-closed\"><i class=\"fas fa-angle-right\"><\/i><\/span>\n\t\t\t\t\t\t\t\t\t\t<span class=\"uael-accordion-icon-opened\"><i class=\"fas fa-angle-up\"><\/i><\/span>\n\t\t\t\t\t\t\t\t\t<\/span>\n\t\t\t\t\t\t\t\t\t<span class=\"uael-question-cb84b5b uael-question-span\" tabindex=\"0\" id=\"uael-faq-7-69f5a125b0ce4\">Congedo<\/span>\n\t\t\t\t\t\t\t\t<\/div>\n\t\t\t\t\t\t\t\t<div class=\"uael-accordion-content\" role=\"tabpanel\">\n\t\t\t\t\t\t\t\t\t<span>\n\t\t\t\t\t\t\t\t\t<span><p>I congedi per motivi familiari o altri motivi particolari sono possibili previa consultazione con la direzione della scuola. Tuttavia, i genitori\/tutori devono presentare una domanda scritta con relativa motivazione.<\/p><\/span>\t\t\t\t\t\t\t\t\t<\/span>\n\t\t\t\t\t\t\t\t<\/div>\n\t\t\t\t\t\t\t<\/div>\n\t\t\t\t\t\t\t\t\t\t\t\t\t\t<div id=\"uael-accordion-c4dfe93\" class=\"uael-faq-accordion\" role=\"tablist\">\n\t\t\t\t\t\t\t\t<div class= \"uael-accordion-title\" aria-expanded=\"false\" role=\"tab\">\n\t\t\t\t\t\t\t\t\t<span class=\"uael-accordion-icon uael-accordion-icon-left\">\n\t\t\t\t\t\t\t\t\t\t<span class=\"uael-accordion-icon-closed\"><i class=\"fas fa-angle-right\"><\/i><\/span>\n\t\t\t\t\t\t\t\t\t\t<span class=\"uael-accordion-icon-opened\"><i class=\"fas fa-angle-up\"><\/i><\/span>\n\t\t\t\t\t\t\t\t\t<\/span>\n\t\t\t\t\t\t\t\t\t<span class=\"uael-question-c4dfe93 uael-question-span\" tabindex=\"0\" id=\"uael-faq-8-69f5a125b0d2d\">Vacanze fluttuanti<\/span>\n\t\t\t\t\t\t\t\t<\/div>\n\t\t\t\t\t\t\t\t<div class=\"uael-accordion-content\" role=\"tabpanel\">\n\t\t\t\t\t\t\t\t\t<span>\n\t\t\t\t\t\t\t\t\t<span><p>Ci sono tre o quattro \"vacanze fluttuanti\" per anno scolastico, che di solito sono fissate il luned\u00ec delle rose, il marted\u00ec grasso e i venerd\u00ec dopo l'Ascensione o il Corpus Domini. Un eventuale quarto giorno \u00e8 stabilito dalla conferenza scolastica.<\/p><\/span>\t\t\t\t\t\t\t\t\t<\/span>\n\t\t\t\t\t\t\t\t<\/div>\n\t\t\t\t\t\t\t<\/div>\n\t\t\t\t\t\t\t\t\t\t\t\t\t\t<div id=\"uael-accordion-6ce3486\" class=\"uael-faq-accordion\" role=\"tablist\">\n\t\t\t\t\t\t\t\t<div class= \"uael-accordion-title\" aria-expanded=\"false\" role=\"tab\">\n\t\t\t\t\t\t\t\t\t<span class=\"uael-accordion-icon uael-accordion-icon-left\">\n\t\t\t\t\t\t\t\t\t\t<span class=\"uael-accordion-icon-closed\"><i class=\"fas fa-angle-right\"><\/i><\/span>\n\t\t\t\t\t\t\t\t\t\t<span class=\"uael-accordion-icon-opened\"><i class=\"fas fa-angle-up\"><\/i><\/span>\n\t\t\t\t\t\t\t\t\t<\/span>\n\t\t\t\t\t\t\t\t\t<span class=\"uael-question-6ce3486 uael-question-span\" tabindex=\"0\" id=\"uael-faq-9-69f5a125b0d68\">Bambini in autobus<\/span>\n\t\t\t\t\t\t\t\t<\/div>\n\t\t\t\t\t\t\t\t<div class=\"uael-accordion-content\" role=\"tabpanel\">\n\t\t\t\t\t\t\t\t\t<span>\n\t\t\t\t\t\t\t\t\t<span><p>I bambini dei distretti di Oberhundem, Selbecke, Marmecke, Rinsecke, W\u00fcrdinghausen, Albaum o se la casa dei genitori dista pi\u00f9 di due chilometri dalla scuola hanno diritto a un biglietto dell'autobus. Non \u00e8 necessario presentare una domanda separata; i biglietti vengono emessi automaticamente all'inizio dell'anno scolastico.<\/p><\/span>\t\t\t\t\t\t\t\t\t<\/span>\n\t\t\t\t\t\t\t\t<\/div>\n\t\t\t\t\t\t\t<\/div>\n\t\t\t\t\t\t\t\t\t\t\t\t\t\t<div id=\"uael-accordion-089fd5b\" class=\"uael-faq-accordion\" role=\"tablist\">\n\t\t\t\t\t\t\t\t<div class= \"uael-accordion-title\" aria-expanded=\"false\" role=\"tab\">\n\t\t\t\t\t\t\t\t\t<span class=\"uael-accordion-icon uael-accordion-icon-left\">\n\t\t\t\t\t\t\t\t\t\t<span class=\"uael-accordion-icon-closed\"><i class=\"fas fa-angle-right\"><\/i><\/span>\n\t\t\t\t\t\t\t\t\t\t<span class=\"uael-accordion-icon-opened\"><i class=\"fas fa-angle-up\"><\/i><\/span>\n\t\t\t\t\t\t\t\t\t<\/span>\n\t\t\t\t\t\t\t\t\t<span class=\"uael-question-089fd5b uael-question-span\" tabindex=\"0\" id=\"uael-faq-10-69f5a125b0da2\">Libri<\/span>\n\t\t\t\t\t\t\t\t<\/div>\n\t\t\t\t\t\t\t\t<div class=\"uael-accordion-content\" role=\"tabpanel\">\n\t\t\t\t\t\t\t\t\t<span>\n\t\t\t\t\t\t\t\t\t<span><p>I libri di testo sono di propriet\u00e0 della scuola e devono quindi essere trattati con cura. Tra questi, il fatto che devono essere dotati di una copertura protettiva e che non possono essere scritti.<\/p><\/span>\t\t\t\t\t\t\t\t\t<\/span>\n\t\t\t\t\t\t\t\t<\/div>\n\t\t\t\t\t\t\t<\/div>\n\t\t\t\t\t\t\t\t\t\t\t\t\t\t<div id=\"uael-accordion-889de39\" class=\"uael-faq-accordion\" role=\"tablist\">\n\t\t\t\t\t\t\t\t<div class= \"uael-accordion-title\" aria-expanded=\"false\" role=\"tab\">\n\t\t\t\t\t\t\t\t\t<span class=\"uael-accordion-icon uael-accordion-icon-left\">\n\t\t\t\t\t\t\t\t\t\t<span class=\"uael-accordion-icon-closed\"><i class=\"fas fa-angle-right\"><\/i><\/span>\n\t\t\t\t\t\t\t\t\t\t<span class=\"uael-accordion-icon-opened\"><i class=\"fas fa-angle-up\"><\/i><\/span>\n\t\t\t\t\t\t\t\t\t<\/span>\n\t\t\t\t\t\t\t\t\t<span class=\"uael-question-889de39 uael-question-span\" tabindex=\"0\" id=\"uael-faq-11-69f5a125b0ddc\">Biblioteca<\/span>\n\t\t\t\t\t\t\t\t<\/div>\n\t\t\t\t\t\t\t\t<div class=\"uael-accordion-content\" role=\"tabpanel\">\n\t\t\t\t\t\t\t\t\t<span>\n\t\t\t\t\t\t\t\t\t<span><p>I bambini possono prendere in prestito i libri dalla biblioteca della scuola. Il marted\u00ec, i bambini delle classi da 2 a 4 hanno la possibilit\u00e0 di prendere in prestito i libri ogni tre settimane.<\/p><\/span>\t\t\t\t\t\t\t\t\t<\/span>\n\t\t\t\t\t\t\t\t<\/div>\n\t\t\t\t\t\t\t<\/div>\n\t\t\t\t\t\t\t\t\t\t\t\t\t\t<div id=\"uael-accordion-1bc9577\" class=\"uael-faq-accordion\" role=\"tablist\">\n\t\t\t\t\t\t\t\t<div class= \"uael-accordion-title\" aria-expanded=\"false\" role=\"tab\">\n\t\t\t\t\t\t\t\t\t<span class=\"uael-accordion-icon uael-accordion-icon-left\">\n\t\t\t\t\t\t\t\t\t\t<span class=\"uael-accordion-icon-closed\"><i class=\"fas fa-angle-right\"><\/i><\/span>\n\t\t\t\t\t\t\t\t\t\t<span class=\"uael-accordion-icon-opened\"><i class=\"fas fa-angle-up\"><\/i><\/span>\n\t\t\t\t\t\t\t\t\t<\/span>\n\t\t\t\t\t\t\t\t\t<span class=\"uael-question-1bc9577 uael-question-span\" tabindex=\"0\" id=\"uael-faq-12-69f5a125b0e16\">App Buchtaucher<\/span>\n\t\t\t\t\t\t\t\t<\/div>\n\t\t\t\t\t\t\t\t<div class=\"uael-accordion-content\" role=\"tabpanel\">\n\t\t\t\t\t\t\t\t\t<span>\n\t\t\t\t\t\t\t\t\t<span><p>L'applicazione Buchtaucher supporta gli alunni nell'apprendimento dell'inglese.<\/p><\/span>\t\t\t\t\t\t\t\t\t<\/span>\n\t\t\t\t\t\t\t\t<\/div>\n\t\t\t\t\t\t\t<\/div>\n\t\t\t\t\t\t\t\t\t\t\t\t\t\t<div id=\"uael-accordion-d1e8ef0\" class=\"uael-faq-accordion\" role=\"tablist\">\n\t\t\t\t\t\t\t\t<div class= \"uael-accordion-title\" aria-expanded=\"false\" role=\"tab\">\n\t\t\t\t\t\t\t\t\t<span class=\"uael-accordion-icon uael-accordion-icon-left\">\n\t\t\t\t\t\t\t\t\t\t<span class=\"uael-accordion-icon-closed\"><i class=\"fas fa-angle-right\"><\/i><\/span>\n\t\t\t\t\t\t\t\t\t\t<span class=\"uael-accordion-icon-opened\"><i class=\"fas fa-angle-up\"><\/i><\/span>\n\t\t\t\t\t\t\t\t\t<\/span>\n\t\t\t\t\t\t\t\t\t<span class=\"uael-question-d1e8ef0 uael-question-span\" tabindex=\"0\" id=\"uael-faq-13-69f5a125b0e57\">Computer<\/span>\n\t\t\t\t\t\t\t\t<\/div>\n\t\t\t\t\t\t\t\t<div class=\"uael-accordion-content\" role=\"tabpanel\">\n\t\t\t\t\t\t\t\t\t<span>\n\t\t\t\t\t\t\t\t\t<span><p>La scuola non dispone pi\u00f9 di un'aula informatica permanente, ma i bambini hanno a disposizione computer portatili e iPad. che possono essere utilizzati in modo flessibile durante le lezioni in classe.<\/p><\/span>\t\t\t\t\t\t\t\t\t<\/span>\n\t\t\t\t\t\t\t\t<\/div>\n\t\t\t\t\t\t\t<\/div>\n\t\t\t\t\t\t\t\t\t\t\t\t\t\t<div id=\"uael-accordion-62b9f61\" class=\"uael-faq-accordion\" role=\"tablist\">\n\t\t\t\t\t\t\t\t<div class= \"uael-accordion-title\" aria-expanded=\"false\" role=\"tab\">\n\t\t\t\t\t\t\t\t\t<span class=\"uael-accordion-icon uael-accordion-icon-left\">\n\t\t\t\t\t\t\t\t\t\t<span class=\"uael-accordion-icon-closed\"><i class=\"fas fa-angle-right\"><\/i><\/span>\n\t\t\t\t\t\t\t\t\t\t<span class=\"uael-accordion-icon-opened\"><i class=\"fas fa-angle-up\"><\/i><\/span>\n\t\t\t\t\t\t\t\t\t<\/span>\n\t\t\t\t\t\t\t\t\t<span class=\"uael-question-62b9f61 uael-question-span\" tabindex=\"0\" id=\"uael-faq-14-69f5a125b0e91\">DaZ - Il tedesco come lingua di destinazione<\/span>\n\t\t\t\t\t\t\t\t<\/div>\n\t\t\t\t\t\t\t\t<div class=\"uael-accordion-content\" role=\"tabpanel\">\n\t\t\t\t\t\t\t\t\t<span>\n\t\t\t\t\t\t\t\t\t<span><p>I bambini che non hanno imparato il tedesco come lingua madre ricevono un sostegno speciale per l'acquisizione della lingua. Pu\u00f2 trattarsi di lezioni aggiuntive di recupero o di compiti speciali da completare durante le lezioni. L'obiettivo \u00e8 quello di consentire agli alunni di partecipare pienamente al maggior numero possibile di programmi scolastici e sociali grazie all'apprendimento del tedesco.<\/p><\/span>\t\t\t\t\t\t\t\t\t<\/span>\n\t\t\t\t\t\t\t\t<\/div>\n\t\t\t\t\t\t\t<\/div>\n\t\t\t\t\t\t\t\t\t\t\t<\/div>\n\t\t\t<\/div>\n\t\t\t\t\t\t\t<\/div>\n\t\t\t\t<\/div>\n\t\t\t\t\t<\/div>\n\t\t<\/div>\n\t\t\t\t<div class=\"elementor-column elementor-col-50 elementor-inner-column elementor-element elementor-element-5fddc89\" data-id=\"5fddc89\" data-element_type=\"column\">\n\t\t\t<div class=\"elementor-widget-wrap elementor-element-populated\">\n\t\t\t\t\t\t<div class=\"elementor-element elementor-element-3dda210 elementor-widget elementor-widget-heading\" data-id=\"3dda210\" data-element_type=\"widget\" data-widget_type=\"heading.default\">\n\t\t\t\t<div class=\"elementor-widget-container\">\n\t\t\t\t\t<h3 class=\"elementor-heading-title elementor-size-default\">Da E a H<\/h3>\t\t\t\t<\/div>\n\t\t\t\t<\/div>\n\t\t\t\t<div class=\"elementor-element elementor-element-887c45b uael-faq-box-layout-yes align-at-left elementor-widget elementor-widget-uael-faq\" data-id=\"887c45b\" data-element_type=\"widget\" data-widget_type=\"uael-faq.default\">\n\t\t\t\t<div class=\"elementor-widget-container\">\n\t\t\t\t\t\n\t\t\t<div id='uael-faq-wrapper-143' class=\"uael-faq-wrapper\">\n\t\t\t\t<div class=\"uael-faq-container uael-faq-layout-accordion\" data-layout=\"accordion\" >\n\t\t\t\t\t\t\t\t\t\t\t\t<div id=\"uael-accordion-1ed3b24\" class=\"uael-faq-accordion\" role=\"tablist\">\n\t\t\t\t\t\t\t\t<div class= \"uael-accordion-title\" aria-expanded=\"false\" role=\"tab\">\n\t\t\t\t\t\t\t\t\t<span class=\"uael-accordion-icon uael-accordion-icon-left\">\n\t\t\t\t\t\t\t\t\t\t<span class=\"uael-accordion-icon-closed\"><i class=\"fas fa-angle-right\"><\/i><\/span>\n\t\t\t\t\t\t\t\t\t\t<span class=\"uael-accordion-icon-opened\"><i class=\"fas fa-angle-up\"><\/i><\/span>\n\t\t\t\t\t\t\t\t\t<\/span>\n\t\t\t\t\t\t\t\t\t<span class=\"uael-question-1ed3b24 uael-question-span\" tabindex=\"0\" id=\"uael-faq-1-69f5a125b1aa2\">Lettere ai genitori<\/span>\n\t\t\t\t\t\t\t\t<\/div>\n\t\t\t\t\t\t\t\t<div class=\"uael-accordion-content\" role=\"tabpanel\">\n\t\t\t\t\t\t\t\t\t<span>\n\t\t\t\t\t\t\t\t\t<span><p>Tutte le informazioni importanti relative alla vita scolastica quotidiana vengono comunicate ai genitori tramite lettere ai genitori. Questi sono impiegati da LOGINEO LMS dal 1\u00b0 marzo 2022.<\/p><\/span>\t\t\t\t\t\t\t\t\t<\/span>\n\t\t\t\t\t\t\t\t<\/div>\n\t\t\t\t\t\t\t<\/div>\n\t\t\t\t\t\t\t\t\t\t\t\t\t\t<div id=\"uael-accordion-aa86a82\" class=\"uael-faq-accordion\" role=\"tablist\">\n\t\t\t\t\t\t\t\t<div class= \"uael-accordion-title\" aria-expanded=\"false\" role=\"tab\">\n\t\t\t\t\t\t\t\t\t<span class=\"uael-accordion-icon uael-accordion-icon-left\">\n\t\t\t\t\t\t\t\t\t\t<span class=\"uael-accordion-icon-closed\"><i class=\"fas fa-angle-right\"><\/i><\/span>\n\t\t\t\t\t\t\t\t\t\t<span class=\"uael-accordion-icon-opened\"><i class=\"fas fa-angle-up\"><\/i><\/span>\n\t\t\t\t\t\t\t\t\t<\/span>\n\t\t\t\t\t\t\t\t\t<span class=\"uael-question-aa86a82 uael-question-span\" tabindex=\"0\" id=\"uael-faq-2-69f5a125b1afb\">Giornate di consultazione dei genitori<\/span>\n\t\t\t\t\t\t\t\t<\/div>\n\t\t\t\t\t\t\t\t<div class=\"uael-accordion-content\" role=\"tabpanel\">\n\t\t\t\t\t\t\t\t\t<span>\n\t\t\t\t\t\t\t\t\t<span><p>Una volta per trimestre, la nostra scuola organizza delle conferenze con i genitori, alle quali sarete invitati per iscritto. Su questo invito \u00e8 possibile indicare le date preferite, che saranno prese in considerazione per quanto possibile.<\/p><\/span>\t\t\t\t\t\t\t\t\t<\/span>\n\t\t\t\t\t\t\t\t<\/div>\n\t\t\t\t\t\t\t<\/div>\n\t\t\t\t\t\t\t\t\t\t\t\t\t\t<div id=\"uael-accordion-6bdde26\" class=\"uael-faq-accordion\" role=\"tablist\">\n\t\t\t\t\t\t\t\t<div class= \"uael-accordion-title\" aria-expanded=\"false\" role=\"tab\">\n\t\t\t\t\t\t\t\t\t<span class=\"uael-accordion-icon uael-accordion-icon-left\">\n\t\t\t\t\t\t\t\t\t\t<span class=\"uael-accordion-icon-closed\"><i class=\"fas fa-angle-right\"><\/i><\/span>\n\t\t\t\t\t\t\t\t\t\t<span class=\"uael-accordion-icon-opened\"><i class=\"fas fa-angle-up\"><\/i><\/span>\n\t\t\t\t\t\t\t\t\t<\/span>\n\t\t\t\t\t\t\t\t\t<span class=\"uael-question-6bdde26 uael-question-span\" tabindex=\"0\" id=\"uael-faq-3-69f5a125b1b3b\">  L'esperimento del mese<\/span>\n\t\t\t\t\t\t\t\t<\/div>\n\t\t\t\t\t\t\t\t<div class=\"uael-accordion-content\" role=\"tabpanel\">\n\t\t\t\t\t\t\t\t\t<span>\n\t\t\t\t\t\t\t\t\t<span><p>Una volta al trimestre, un insegnante prepara l'\"esperimento del mese\", che viene realizzato e documentato dagli insegnanti di tutte le classi in base al rispettivo livello di apprendimento degli alunni.<\/p><\/span>\t\t\t\t\t\t\t\t\t<\/span>\n\t\t\t\t\t\t\t\t<\/div>\n\t\t\t\t\t\t\t<\/div>\n\t\t\t\t\t\t\t\t\t\t\t\t\t\t<div id=\"uael-accordion-0e20e9c\" class=\"uael-faq-accordion\" role=\"tablist\">\n\t\t\t\t\t\t\t\t<div class= \"uael-accordion-title\" aria-expanded=\"false\" role=\"tab\">\n\t\t\t\t\t\t\t\t\t<span class=\"uael-accordion-icon uael-accordion-icon-left\">\n\t\t\t\t\t\t\t\t\t\t<span class=\"uael-accordion-icon-closed\"><i class=\"fas fa-angle-right\"><\/i><\/span>\n\t\t\t\t\t\t\t\t\t\t<span class=\"uael-accordion-icon-opened\"><i class=\"fas fa-angle-up\"><\/i><\/span>\n\t\t\t\t\t\t\t\t\t<\/span>\n\t\t\t\t\t\t\t\t\t<span class=\"uael-question-0e20e9c uael-question-span\" tabindex=\"0\" id=\"uael-faq-4-69f5a125b1b78\">Giornata dei vigili del fuoco<\/span>\n\t\t\t\t\t\t\t\t<\/div>\n\t\t\t\t\t\t\t\t<div class=\"uael-accordion-content\" role=\"tabpanel\">\n\t\t\t\t\t\t\t\t\t<span>\n\t\t\t\t\t\t\t\t\t<span><p>Come misura preventiva, ogni quattro anni viene organizzata una giornata dei vigili del fuoco di sabato. I membri del corpo dei vigili del fuoco locale informano i bambini e offrono vari laboratori.<\/p><\/span>\t\t\t\t\t\t\t\t\t<\/span>\n\t\t\t\t\t\t\t\t<\/div>\n\t\t\t\t\t\t\t<\/div>\n\t\t\t\t\t\t\t\t\t\t\t\t\t\t<div id=\"uael-accordion-ef2ff2b\" class=\"uael-faq-accordion\" role=\"tablist\">\n\t\t\t\t\t\t\t\t<div class= \"uael-accordion-title\" aria-expanded=\"false\" role=\"tab\">\n\t\t\t\t\t\t\t\t\t<span class=\"uael-accordion-icon uael-accordion-icon-left\">\n\t\t\t\t\t\t\t\t\t\t<span class=\"uael-accordion-icon-closed\"><i class=\"fas fa-angle-right\"><\/i><\/span>\n\t\t\t\t\t\t\t\t\t\t<span class=\"uael-accordion-icon-opened\"><i class=\"fas fa-angle-up\"><\/i><\/span>\n\t\t\t\t\t\t\t\t\t<\/span>\n\t\t\t\t\t\t\t\t\t<span class=\"uael-question-ef2ff2b uael-question-span\" tabindex=\"0\" id=\"uael-faq-5-69f5a125b1bb3\">Organizzazione di supporto<\/span>\n\t\t\t\t\t\t\t\t<\/div>\n\t\t\t\t\t\t\t\t<div class=\"uael-accordion-content\" role=\"tabpanel\">\n\t\t\t\t\t\t\t\t\t<span>\n\t\t\t\t\t\t\t\t\t<span><p>Vedere la homepage dell <a href=\"https:\/\/grundschule-heinsberg.de\/it\/organizzazione-di-supporto\/\">'organizzazione promotrice<\/a><\/p><\/span>\t\t\t\t\t\t\t\t\t<\/span>\n\t\t\t\t\t\t\t\t<\/div>\n\t\t\t\t\t\t\t<\/div>\n\t\t\t\t\t\t\t\t\t\t\t\t\t\t<div id=\"uael-accordion-db932cf\" class=\"uael-faq-accordion\" role=\"tablist\">\n\t\t\t\t\t\t\t\t<div class= \"uael-accordion-title\" aria-expanded=\"false\" role=\"tab\">\n\t\t\t\t\t\t\t\t\t<span class=\"uael-accordion-icon uael-accordion-icon-left\">\n\t\t\t\t\t\t\t\t\t\t<span class=\"uael-accordion-icon-closed\"><i class=\"fas fa-angle-right\"><\/i><\/span>\n\t\t\t\t\t\t\t\t\t\t<span class=\"uael-accordion-icon-opened\"><i class=\"fas fa-angle-up\"><\/i><\/span>\n\t\t\t\t\t\t\t\t\t<\/span>\n\t\t\t\t\t\t\t\t\t<span class=\"uael-question-db932cf uael-question-span\" tabindex=\"0\" id=\"uael-faq-6-69f5a125b1bed\">Allarme antincendio<\/span>\n\t\t\t\t\t\t\t\t<\/div>\n\t\t\t\t\t\t\t\t<div class=\"uael-accordion-content\" role=\"tabpanel\">\n\t\t\t\t\t\t\t\t\t<span>\n\t\t\t\t\t\t\t\t\t<span><p>Allarmi antincendio annunciati e non annunciati vengono organizzati pi\u00f9 volte all'anno con il coinvolgimento dei vigili del fuoco locali, in modo da poter evacuare l'edificio scolastico in modo rapido e sicuro in caso di emergenza.<\/p><\/span>\t\t\t\t\t\t\t\t\t<\/span>\n\t\t\t\t\t\t\t\t<\/div>\n\t\t\t\t\t\t\t<\/div>\n\t\t\t\t\t\t\t\t\t\t\t\t\t\t<div id=\"uael-accordion-e825331\" class=\"uael-faq-accordion\" role=\"tablist\">\n\t\t\t\t\t\t\t\t<div class= \"uael-accordion-title\" aria-expanded=\"false\" role=\"tab\">\n\t\t\t\t\t\t\t\t\t<span class=\"uael-accordion-icon uael-accordion-icon-left\">\n\t\t\t\t\t\t\t\t\t\t<span class=\"uael-accordion-icon-closed\"><i class=\"fas fa-angle-right\"><\/i><\/span>\n\t\t\t\t\t\t\t\t\t\t<span class=\"uael-accordion-icon-opened\"><i class=\"fas fa-angle-up\"><\/i><\/span>\n\t\t\t\t\t\t\t\t\t<\/span>\n\t\t\t\t\t\t\t\t\t<span class=\"uael-question-e825331 uael-question-span\" tabindex=\"0\" id=\"uael-faq-7-69f5a125b1c29\">insegnamento di recupero<\/span>\n\t\t\t\t\t\t\t\t<\/div>\n\t\t\t\t\t\t\t\t<div class=\"uael-accordion-content\" role=\"tabpanel\">\n\t\t\t\t\t\t\t\t\t<span>\n\t\t\t\t\t\t\t\t\t<span><p>Tutti i bambini della nostra scuola partecipano a lezioni di recupero. Utilizziamo questi tempi di apprendimento individuale (ILZ) per sostenere e\/o sfidare ogni bambino in piccoli gruppi in base alle sue esigenze individuali.<\/p><\/span>\t\t\t\t\t\t\t\t\t<\/span>\n\t\t\t\t\t\t\t\t<\/div>\n\t\t\t\t\t\t\t<\/div>\n\t\t\t\t\t\t\t\t\t\t\t\t\t\t<div id=\"uael-accordion-b5d60b6\" class=\"uael-faq-accordion\" role=\"tablist\">\n\t\t\t\t\t\t\t\t<div class= \"uael-accordion-title\" aria-expanded=\"false\" role=\"tab\">\n\t\t\t\t\t\t\t\t\t<span class=\"uael-accordion-icon uael-accordion-icon-left\">\n\t\t\t\t\t\t\t\t\t\t<span class=\"uael-accordion-icon-closed\"><i class=\"fas fa-angle-right\"><\/i><\/span>\n\t\t\t\t\t\t\t\t\t\t<span class=\"uael-accordion-icon-opened\"><i class=\"fas fa-angle-up\"><\/i><\/span>\n\t\t\t\t\t\t\t\t\t<\/span>\n\t\t\t\t\t\t\t\t\t<span class=\"uael-question-b5d60b6 uael-question-span\" tabindex=\"0\" id=\"uael-faq-8-69f5a125b1c63\">Campo da calcio (campo da calcio)<\/span>\n\t\t\t\t\t\t\t\t<\/div>\n\t\t\t\t\t\t\t\t<div class=\"uael-accordion-content\" role=\"tabpanel\">\n\t\t\t\t\t\t\t\t\t<span>\n\t\t\t\t\t\t\t\t\t<span><p>Dietro l'edificio scolastico c'\u00e8 un campo da calcio recintato che pu\u00f2 essere utilizzato dagli alunni di tutti i gruppi durante le pause lunghe e nel pomeriggio. L'uso \u00e8 alternato su base giornaliera, con la stesura di un calendario corrispondente.<\/p><\/span>\t\t\t\t\t\t\t\t\t<\/span>\n\t\t\t\t\t\t\t\t<\/div>\n\t\t\t\t\t\t\t<\/div>\n\t\t\t\t\t\t\t\t\t\t\t\t\t\t<div id=\"uael-accordion-6cc5f82\" class=\"uael-faq-accordion\" role=\"tablist\">\n\t\t\t\t\t\t\t\t<div class= \"uael-accordion-title\" aria-expanded=\"false\" role=\"tab\">\n\t\t\t\t\t\t\t\t\t<span class=\"uael-accordion-icon uael-accordion-icon-left\">\n\t\t\t\t\t\t\t\t\t\t<span class=\"uael-accordion-icon-closed\"><i class=\"fas fa-angle-right\"><\/i><\/span>\n\t\t\t\t\t\t\t\t\t\t<span class=\"uael-accordion-icon-opened\"><i class=\"fas fa-angle-up\"><\/i><\/span>\n\t\t\t\t\t\t\t\t\t<\/span>\n\t\t\t\t\t\t\t\t\t<span class=\"uael-question-6cc5f82 uael-question-span\" tabindex=\"0\" id=\"uael-faq-9-69f5a125b1c9c\">Imparare insieme<\/span>\n\t\t\t\t\t\t\t\t<\/div>\n\t\t\t\t\t\t\t\t<div class=\"uael-accordion-content\" role=\"tabpanel\">\n\t\t\t\t\t\t\t\t\t<span>\n\t\t\t\t\t\t\t\t\t<span><p>In tutti i gruppi annuali, i bambini con e senza bisogni educativi speciali vengono educati <strong>insieme<\/strong> in classe o individualmente e\/o in piccoli gruppi come parte di unit\u00e0 di supporto differenziate. Inoltre, gli insegnanti di classe sono supportati dagli insegnanti di sostegno su base oraria.<\/p><\/span>\t\t\t\t\t\t\t\t\t<\/span>\n\t\t\t\t\t\t\t\t<\/div>\n\t\t\t\t\t\t\t<\/div>\n\t\t\t\t\t\t\t\t\t\t\t\t\t\t<div id=\"uael-accordion-3b961c1\" class=\"uael-faq-accordion\" role=\"tablist\">\n\t\t\t\t\t\t\t\t<div class= \"uael-accordion-title\" aria-expanded=\"false\" role=\"tab\">\n\t\t\t\t\t\t\t\t\t<span class=\"uael-accordion-icon uael-accordion-icon-left\">\n\t\t\t\t\t\t\t\t\t\t<span class=\"uael-accordion-icon-closed\"><i class=\"fas fa-angle-right\"><\/i><\/span>\n\t\t\t\t\t\t\t\t\t\t<span class=\"uael-accordion-icon-opened\"><i class=\"fas fa-angle-up\"><\/i><\/span>\n\t\t\t\t\t\t\t\t\t<\/span>\n\t\t\t\t\t\t\t\t\t<span class=\"uael-question-3b961c1 uael-question-span\" tabindex=\"0\" id=\"uael-faq-10-69f5a125b1ce3\">Festa dei nonni<\/span>\n\t\t\t\t\t\t\t\t<\/div>\n\t\t\t\t\t\t\t\t<div class=\"uael-accordion-content\" role=\"tabpanel\">\n\t\t\t\t\t\t\t\t\t<span>\n\t\t\t\t\t\t\t\t\t<span><p>In vista del Natale, i nonni sono invitati a un'accogliente riunione a scuola. Tutti i bambini della scuola hanno messo in scena un programma vario.<\/p><\/span>\t\t\t\t\t\t\t\t\t<\/span>\n\t\t\t\t\t\t\t\t<\/div>\n\t\t\t\t\t\t\t<\/div>\n\t\t\t\t\t\t\t\t\t\t\t\t\t\t<div id=\"uael-accordion-1135124\" class=\"uael-faq-accordion\" role=\"tablist\">\n\t\t\t\t\t\t\t\t<div class= \"uael-accordion-title\" aria-expanded=\"false\" role=\"tab\">\n\t\t\t\t\t\t\t\t\t<span class=\"uael-accordion-icon uael-accordion-icon-left\">\n\t\t\t\t\t\t\t\t\t\t<span class=\"uael-accordion-icon-closed\"><i class=\"fas fa-angle-right\"><\/i><\/span>\n\t\t\t\t\t\t\t\t\t\t<span class=\"uael-accordion-icon-opened\"><i class=\"fas fa-angle-up\"><\/i><\/span>\n\t\t\t\t\t\t\t\t\t<\/span>\n\t\t\t\t\t\t\t\t\t<span class=\"uael-question-1135124 uael-question-span\" tabindex=\"0\" id=\"uael-faq-11-69f5a125b1d38\">Compiti a casa<\/span>\n\t\t\t\t\t\t\t\t<\/div>\n\t\t\t\t\t\t\t\t<div class=\"uael-accordion-content\" role=\"tabpanel\">\n\t\t\t\t\t\t\t\t\t<span>\n\t\t\t\t\t\t\t\t\t<span><p>I compiti a casa hanno lo scopo di permettere ai bambini di esercitarsi autonomamente e di consolidare nuovamente la materia. Gli alunni inseriscono i compiti nel loro \"libretto informativo\". Si prega di controllare quotidianamente il libretto informativo, che \u00e8 anche un mezzo di comunicazione tra genitori e insegnanti\/scuola. Come genitori, assicuratevi che vostro figlio faccia regolarmente i compiti e che tutto il materiale scolastico sia disponibile. La durata dei compiti per le classi 1 e 2 \u00e8 di circa 30 minuti. Per le classi 3 e 4, i compiti a casa non dovrebbero durare pi\u00f9 di 45-60 minuti.<\/p><\/span>\t\t\t\t\t\t\t\t\t<\/span>\n\t\t\t\t\t\t\t\t<\/div>\n\t\t\t\t\t\t\t<\/div>\n\t\t\t\t\t\t\t\t\t\t\t\t\t\t<div id=\"uael-accordion-102635b\" class=\"uael-faq-accordion\" role=\"tablist\">\n\t\t\t\t\t\t\t\t<div class= \"uael-accordion-title\" aria-expanded=\"false\" role=\"tab\">\n\t\t\t\t\t\t\t\t\t<span class=\"uael-accordion-icon uael-accordion-icon-left\">\n\t\t\t\t\t\t\t\t\t\t<span class=\"uael-accordion-icon-closed\"><i class=\"fas fa-angle-right\"><\/i><\/span>\n\t\t\t\t\t\t\t\t\t\t<span class=\"uael-accordion-icon-opened\"><i class=\"fas fa-angle-up\"><\/i><\/span>\n\t\t\t\t\t\t\t\t\t<\/span>\n\t\t\t\t\t\t\t\t\t<span class=\"uael-question-102635b uael-question-span\" tabindex=\"0\" id=\"uael-faq-12-69f5a125b1d8f\">Telefoni cellulari e dispositivi elettronici<\/span>\n\t\t\t\t\t\t\t\t<\/div>\n\t\t\t\t\t\t\t\t<div class=\"uael-accordion-content\" role=\"tabpanel\">\n\t\t\t\t\t\t\t\t\t<span>\n\t\t\t\t\t\t\t\t\t<span><p>I telefoni cellulari e altri dispositivi elettronici non sono ammessi nella nostra scuola. In casi eccezionali e giustificati, ad esempio se un bambino \u00e8 particolarmente malato o \u00e8 in gita scolastica, gli insegnanti di classe possono autorizzare l'uso di un telefono cellulare.<\/p><\/span>\t\t\t\t\t\t\t\t\t<\/span>\n\t\t\t\t\t\t\t\t<\/div>\n\t\t\t\t\t\t\t<\/div>\n\t\t\t\t\t\t\t\t\t\t\t\t\t\t<div id=\"uael-accordion-934d673\" class=\"uael-faq-accordion\" role=\"tablist\">\n\t\t\t\t\t\t\t\t<div class= \"uael-accordion-title\" aria-expanded=\"false\" role=\"tab\">\n\t\t\t\t\t\t\t\t\t<span class=\"uael-accordion-icon uael-accordion-icon-left\">\n\t\t\t\t\t\t\t\t\t\t<span class=\"uael-accordion-icon-closed\"><i class=\"fas fa-angle-right\"><\/i><\/span>\n\t\t\t\t\t\t\t\t\t\t<span class=\"uael-accordion-icon-opened\"><i class=\"fas fa-angle-up\"><\/i><\/span>\n\t\t\t\t\t\t\t\t\t<\/span>\n\t\t\t\t\t\t\t\t\t<span class=\"uael-question-934d673 uael-question-span\" tabindex=\"0\" id=\"uael-faq-13-69f5a125b1deb\">Pantofole<\/span>\n\t\t\t\t\t\t\t\t<\/div>\n\t\t\t\t\t\t\t\t<div class=\"uael-accordion-content\" role=\"tabpanel\">\n\t\t\t\t\t\t\t\t\t<span>\n\t\t\t\t\t\t\t\t\t<span><p>I bambini devono cambiare le scarpe da strada e indossare le pantofole a scuola, soprattutto nei mesi invernali. Ci\u00f2 consente di mantenere la scuola pulita e di rendere pi\u00f9 confortevole la permanenza dei bambini durante le lezioni.<\/p><\/span>\t\t\t\t\t\t\t\t\t<\/span>\n\t\t\t\t\t\t\t\t<\/div>\n\t\t\t\t\t\t\t<\/div>\n\t\t\t\t\t\t\t\t\t\t\t<\/div>\n\t\t\t<\/div>\n\t\t\t\t\t\t\t<\/div>\n\t\t\t\t<\/div>\n\t\t\t\t\t<\/div>\n\t\t<\/div>\n\t\t\t\t\t<\/div>\n\t\t<\/section>\n\t\t\t\t<section class=\"elementor-section elementor-inner-section elementor-element elementor-element-6789b2c elementor-section-boxed elementor-section-height-default elementor-section-height-default\" data-id=\"6789b2c\" data-element_type=\"section\">\n\t\t\t\t\t\t<div class=\"elementor-container elementor-column-gap-default\">\n\t\t\t\t\t<div class=\"elementor-column elementor-col-50 elementor-inner-column elementor-element elementor-element-2fa1be2\" data-id=\"2fa1be2\" data-element_type=\"column\">\n\t\t\t<div class=\"elementor-widget-wrap elementor-element-populated\">\n\t\t\t\t\t\t<div class=\"elementor-element elementor-element-5acffd2 elementor-widget elementor-widget-heading\" data-id=\"5acffd2\" data-element_type=\"widget\" data-widget_type=\"heading.default\">\n\t\t\t\t<div class=\"elementor-widget-container\">\n\t\t\t\t\t<h3 class=\"elementor-heading-title elementor-size-default\">Da I a N<\/h3>\t\t\t\t<\/div>\n\t\t\t\t<\/div>\n\t\t\t\t<div class=\"elementor-element elementor-element-1d3fda3 uael-faq-box-layout-yes align-at-left elementor-widget elementor-widget-uael-faq\" data-id=\"1d3fda3\" data-element_type=\"widget\" data-widget_type=\"uael-faq.default\">\n\t\t\t\t<div class=\"elementor-widget-container\">\n\t\t\t\t\t\n\t\t\t<div id='uael-faq-wrapper-306' class=\"uael-faq-wrapper\">\n\t\t\t\t<div class=\"uael-faq-container uael-faq-layout-accordion\" data-layout=\"accordion\" >\n\t\t\t\t\t\t\t\t\t\t\t\t<div id=\"uael-accordion-1ed3b24\" class=\"uael-faq-accordion\" role=\"tablist\">\n\t\t\t\t\t\t\t\t<div class= \"uael-accordion-title\" aria-expanded=\"false\" role=\"tab\">\n\t\t\t\t\t\t\t\t\t<span class=\"uael-accordion-icon uael-accordion-icon-left\">\n\t\t\t\t\t\t\t\t\t\t<span class=\"uael-accordion-icon-closed\"><i class=\"fas fa-angle-right\"><\/i><\/span>\n\t\t\t\t\t\t\t\t\t\t<span class=\"uael-accordion-icon-opened\"><i class=\"fas fa-angle-up\"><\/i><\/span>\n\t\t\t\t\t\t\t\t\t<\/span>\n\t\t\t\t\t\t\t\t\t<span class=\"uael-question-1ed3b24 uael-question-span\" tabindex=\"0\" id=\"uael-faq-1-69f5a125b2d24\">Tempo di apprendimento individuale (ILZ)<\/span>\n\t\t\t\t\t\t\t\t<\/div>\n\t\t\t\t\t\t\t\t<div class=\"uael-accordion-content\" role=\"tabpanel\">\n\t\t\t\t\t\t\t\t\t<span>\n\t\t\t\t\t\t\t\t\t<span><p>Nell'ambito dei momenti di apprendimento individuale, gli alunni vengono sostenuti e\/o stimolati in gruppi di apprendimento differenziati in base alle loro esigenze individuali.<\/p><\/span>\t\t\t\t\t\t\t\t\t<\/span>\n\t\t\t\t\t\t\t\t<\/div>\n\t\t\t\t\t\t\t<\/div>\n\t\t\t\t\t\t\t\t\t\t\t\t\t\t<div id=\"uael-accordion-74e5e68\" class=\"uael-faq-accordion\" role=\"tablist\">\n\t\t\t\t\t\t\t\t<div class= \"uael-accordion-title\" aria-expanded=\"false\" role=\"tab\">\n\t\t\t\t\t\t\t\t\t<span class=\"uael-accordion-icon uael-accordion-icon-left\">\n\t\t\t\t\t\t\t\t\t\t<span class=\"uael-accordion-icon-closed\"><i class=\"fas fa-angle-right\"><\/i><\/span>\n\t\t\t\t\t\t\t\t\t\t<span class=\"uael-accordion-icon-opened\"><i class=\"fas fa-angle-up\"><\/i><\/span>\n\t\t\t\t\t\t\t\t\t<\/span>\n\t\t\t\t\t\t\t\t\t<span class=\"uael-question-74e5e68 uael-question-span\" tabindex=\"0\" id=\"uael-faq-2-69f5a125b2d84\">Malattie infettive<\/span>\n\t\t\t\t\t\t\t\t<\/div>\n\t\t\t\t\t\t\t\t<div class=\"uael-accordion-content\" role=\"tabpanel\">\n\t\t\t\t\t\t\t\t\t<span>\n\t\t\t\t\t\t\t\t\t<span><p>Vi preghiamo di informarci direttamente delle seguenti malattie infettive: ad esempio corona, morbillo, parotite, rosolia, tigna, pidocchi, varicella, epatite e scabbia. In questi casi, il bambino pu\u00f2 tornare a scuola solo dopo aver ottenuto un certificato medico.<\/p><\/span>\t\t\t\t\t\t\t\t\t<\/span>\n\t\t\t\t\t\t\t\t<\/div>\n\t\t\t\t\t\t\t<\/div>\n\t\t\t\t\t\t\t\t\t\t\t\t\t\t<div id=\"uael-accordion-6cc9f93\" class=\"uael-faq-accordion\" role=\"tablist\">\n\t\t\t\t\t\t\t\t<div class= \"uael-accordion-title\" aria-expanded=\"false\" role=\"tab\">\n\t\t\t\t\t\t\t\t\t<span class=\"uael-accordion-icon uael-accordion-icon-left\">\n\t\t\t\t\t\t\t\t\t\t<span class=\"uael-accordion-icon-closed\"><i class=\"fas fa-angle-right\"><\/i><\/span>\n\t\t\t\t\t\t\t\t\t\t<span class=\"uael-accordion-icon-opened\"><i class=\"fas fa-angle-up\"><\/i><\/span>\n\t\t\t\t\t\t\t\t\t<\/span>\n\t\t\t\t\t\t\t\t\t<span class=\"uael-question-6cc9f93 uael-question-span\" tabindex=\"0\" id=\"uael-faq-3-69f5a125b2dc4\">Opuscolo informativo<\/span>\n\t\t\t\t\t\t\t\t<\/div>\n\t\t\t\t\t\t\t\t<div class=\"uael-accordion-content\" role=\"tabpanel\">\n\t\t\t\t\t\t\t\t\t<span>\n\t\t\t\t\t\t\t\t\t<span><p>Tutti i bambini ricevono un opuscolo informativo. I bambini e i genitori vi troveranno tutte le informazioni importanti. Anche i compiti a casa sono annotati qui.<\/p><\/span>\t\t\t\t\t\t\t\t\t<\/span>\n\t\t\t\t\t\t\t\t<\/div>\n\t\t\t\t\t\t\t<\/div>\n\t\t\t\t\t\t\t\t\t\t\t\t\t\t<div id=\"uael-accordion-38a6907\" class=\"uael-faq-accordion\" role=\"tablist\">\n\t\t\t\t\t\t\t\t<div class= \"uael-accordion-title\" aria-expanded=\"false\" role=\"tab\">\n\t\t\t\t\t\t\t\t\t<span class=\"uael-accordion-icon uael-accordion-icon-left\">\n\t\t\t\t\t\t\t\t\t\t<span class=\"uael-accordion-icon-closed\"><i class=\"fas fa-angle-right\"><\/i><\/span>\n\t\t\t\t\t\t\t\t\t\t<span class=\"uael-accordion-icon-opened\"><i class=\"fas fa-angle-up\"><\/i><\/span>\n\t\t\t\t\t\t\t\t\t<\/span>\n\t\t\t\t\t\t\t\t\t<span class=\"uael-question-38a6907 uael-question-span\" tabindex=\"0\" id=\"uael-faq-4-69f5a125b2e01\">Nota di malattia<\/span>\n\t\t\t\t\t\t\t\t<\/div>\n\t\t\t\t\t\t\t\t<div class=\"uael-accordion-content\" role=\"tabpanel\">\n\t\t\t\t\t\t\t\t\t<span>\n\t\t\t\t\t\t\t\t\t<span><p>Vi preghiamo di informarci telefonicamente in caso di malattia del vostro bambino dalle 7.30 alle 8.00 del primo giorno di assenza. Se non riuscite a raggiungerci telefonicamente, lasciate un messaggio nella nostra segreteria telefonica. Vi preghiamo inoltre di comunicarci brevemente se il vostro bambino \u00e8 iscritto all'asilo o all'OGS, in modo da poter informare anche il personale dell'asilo. A prescindere da ci\u00f2, richiediamo un certificato medico a partire dal terzo giorno. L'ultimo giorno di scuola prima delle vacanze o il primo giorno di scuola dopo le vacanze, nonch\u00e9 prima e dopo i \"weekend lunghi\", l'assenza del bambino deve essere sempre documentata con un certificato.<\/p><\/span>\t\t\t\t\t\t\t\t\t<\/span>\n\t\t\t\t\t\t\t\t<\/div>\n\t\t\t\t\t\t\t<\/div>\n\t\t\t\t\t\t\t\t\t\t\t\t\t\t<div id=\"uael-accordion-ec00268\" class=\"uael-faq-accordion\" role=\"tablist\">\n\t\t\t\t\t\t\t\t<div class= \"uael-accordion-title\" aria-expanded=\"false\" role=\"tab\">\n\t\t\t\t\t\t\t\t\t<span class=\"uael-accordion-icon uael-accordion-icon-left\">\n\t\t\t\t\t\t\t\t\t\t<span class=\"uael-accordion-icon-closed\"><i class=\"fas fa-angle-right\"><\/i><\/span>\n\t\t\t\t\t\t\t\t\t\t<span class=\"uael-accordion-icon-opened\"><i class=\"fas fa-angle-up\"><\/i><\/span>\n\t\t\t\t\t\t\t\t\t<\/span>\n\t\t\t\t\t\t\t\t\t<span class=\"uael-question-ec00268 uael-question-span\" tabindex=\"0\" id=\"uael-faq-5-69f5a125b2e3e\">LOGINEO<\/span>\n\t\t\t\t\t\t\t\t<\/div>\n\t\t\t\t\t\t\t\t<div class=\"uael-accordion-content\" role=\"tabpanel\">\n\t\t\t\t\t\t\t\t\t<span>\n\t\t\t\t\t\t\t\t\t<span><p>LOGINEO NRW LMS \u00e8 un portale educativo del Land Renania Settentrionale-Vestfalia, attraverso il quale \u00e8 possibile scambiare e accedere online a informazioni, compiti, contenuti delle lezioni ecc. tra scuola e casa. I dati di accesso personali di ciascun bambino si trovano sul retro del libretto informativo. Potete accedere alla piattaforma di apprendimento <a href=\"https:\/\/134429.logineonrw-lms.de\/login\/index.php\" target=\"_blank\" rel=\"noopener\">LOGINEO NRW LMS<\/a> qui.<\/p><\/span>\t\t\t\t\t\t\t\t\t<\/span>\n\t\t\t\t\t\t\t\t<\/div>\n\t\t\t\t\t\t\t<\/div>\n\t\t\t\t\t\t\t\t\t\t\t\t\t\t<div id=\"uael-accordion-e3c3c01\" class=\"uael-faq-accordion\" role=\"tablist\">\n\t\t\t\t\t\t\t\t<div class= \"uael-accordion-title\" aria-expanded=\"false\" role=\"tab\">\n\t\t\t\t\t\t\t\t\t<span class=\"uael-accordion-icon uael-accordion-icon-left\">\n\t\t\t\t\t\t\t\t\t\t<span class=\"uael-accordion-icon-closed\"><i class=\"fas fa-angle-right\"><\/i><\/span>\n\t\t\t\t\t\t\t\t\t\t<span class=\"uael-accordion-icon-opened\"><i class=\"fas fa-angle-up\"><\/i><\/span>\n\t\t\t\t\t\t\t\t\t<\/span>\n\t\t\t\t\t\t\t\t\t<span class=\"uael-question-e3c3c01 uael-question-span\" tabindex=\"0\" id=\"uael-faq-6-69f5a125b2e79\">I materiali<\/span>\n\t\t\t\t\t\t\t\t<\/div>\n\t\t\t\t\t\t\t\t<div class=\"uael-accordion-content\" role=\"tabpanel\">\n\t\t\t\t\t\t\t\t\t<span>\n\t\t\t\t\t\t\t\t\t<span><p>Gli insegnanti di classe vi comunicheranno per tempo il materiale necessario per il prossimo anno scolastico. Si \u00e8 dimostrato un successo il fatto che i materiali necessari a tutti gli alunni in egual misura siano acquistati a livello centrale dalla scuola.<\/p><\/span>\t\t\t\t\t\t\t\t\t<\/span>\n\t\t\t\t\t\t\t\t<\/div>\n\t\t\t\t\t\t\t<\/div>\n\t\t\t\t\t\t\t\t\t\t\t\t\t\t<div id=\"uael-accordion-5599a57\" class=\"uael-faq-accordion\" role=\"tablist\">\n\t\t\t\t\t\t\t\t<div class= \"uael-accordion-title\" aria-expanded=\"false\" role=\"tab\">\n\t\t\t\t\t\t\t\t\t<span class=\"uael-accordion-icon uael-accordion-icon-left\">\n\t\t\t\t\t\t\t\t\t\t<span class=\"uael-accordion-icon-closed\"><i class=\"fas fa-angle-right\"><\/i><\/span>\n\t\t\t\t\t\t\t\t\t\t<span class=\"uael-accordion-icon-opened\"><i class=\"fas fa-angle-up\"><\/i><\/span>\n\t\t\t\t\t\t\t\t\t<\/span>\n\t\t\t\t\t\t\t\t\t<span class=\"uael-question-5599a57 uael-question-span\" tabindex=\"0\" id=\"uael-faq-7-69f5a125b2eb3\">Media<\/span>\n\t\t\t\t\t\t\t\t<\/div>\n\t\t\t\t\t\t\t\t<div class=\"uael-accordion-content\" role=\"tabpanel\">\n\t\t\t\t\t\t\t\t\t<span>\n\t\t\t\t\t\t\t\t\t<span><p>La scuola dispone di propri tablet, che vengono utilizzati in tutte le classi durante le lezioni. Inoltre, ogni aula \u00e8 dotata di uno schermo che viene utilizzato per la visualizzazione durante le lezioni.<\/p><\/span>\t\t\t\t\t\t\t\t\t<\/span>\n\t\t\t\t\t\t\t\t<\/div>\n\t\t\t\t\t\t\t<\/div>\n\t\t\t\t\t\t\t\t\t\t\t\t\t\t<div id=\"uael-accordion-cc99103\" class=\"uael-faq-accordion\" role=\"tablist\">\n\t\t\t\t\t\t\t\t<div class= \"uael-accordion-title\" aria-expanded=\"false\" role=\"tab\">\n\t\t\t\t\t\t\t\t\t<span class=\"uael-accordion-icon uael-accordion-icon-left\">\n\t\t\t\t\t\t\t\t\t\t<span class=\"uael-accordion-icon-closed\"><i class=\"fas fa-angle-right\"><\/i><\/span>\n\t\t\t\t\t\t\t\t\t\t<span class=\"uael-accordion-icon-opened\"><i class=\"fas fa-angle-up\"><\/i><\/span>\n\t\t\t\t\t\t\t\t\t<\/span>\n\t\t\t\t\t\t\t\t\t<span class=\"uael-question-cc99103 uael-question-span\" tabindex=\"0\" id=\"uael-faq-8-69f5a125b2eec\">Fiera<\/span>\n\t\t\t\t\t\t\t\t<\/div>\n\t\t\t\t\t\t\t\t<div class=\"uael-accordion-content\" role=\"tabpanel\">\n\t\t\t\t\t\t\t\t\t<span>\n\t\t\t\t\t\t\t\t\t<span><p>Dall'anno scolastico 2021\/2022, la scuola primaria di Heinsberg non \u00e8 pi\u00f9 una scuola confessionale. Tuttavia, il marted\u00ec durante il primo blocco si tiene una messa nella chiesa cattolica, alla quale possono partecipare gli alunni del terzo e quarto anno. Alla fiera partecipano sempre due classi. Anche le fiere annuali delle iscrizioni, di Natale e dei diplomi sono ben radicate nel programma scolastico.<\/p><\/span>\t\t\t\t\t\t\t\t\t<\/span>\n\t\t\t\t\t\t\t\t<\/div>\n\t\t\t\t\t\t\t<\/div>\n\t\t\t\t\t\t\t\t\t\t\t\t\t\t<div id=\"uael-accordion-e84ffe3\" class=\"uael-faq-accordion\" role=\"tablist\">\n\t\t\t\t\t\t\t\t<div class= \"uael-accordion-title\" aria-expanded=\"false\" role=\"tab\">\n\t\t\t\t\t\t\t\t\t<span class=\"uael-accordion-icon uael-accordion-icon-left\">\n\t\t\t\t\t\t\t\t\t\t<span class=\"uael-accordion-icon-closed\"><i class=\"fas fa-angle-right\"><\/i><\/span>\n\t\t\t\t\t\t\t\t\t\t<span class=\"uael-accordion-icon-opened\"><i class=\"fas fa-angle-up\"><\/i><\/span>\n\t\t\t\t\t\t\t\t\t<\/span>\n\t\t\t\t\t\t\t\t\t<span class=\"uael-question-e84ffe3 uael-question-span\" tabindex=\"0\" id=\"uael-faq-9-69f5a125b2f26\">\"Nessuno \u00e8 perfetto\".<\/span>\n\t\t\t\t\t\t\t\t<\/div>\n\t\t\t\t\t\t\t\t<div class=\"uael-accordion-content\" role=\"tabpanel\">\n\t\t\t\t\t\t\t\t\t<span>\n\t\t\t\t\t\t\t\t\t<span><p>... nemmeno noi! Ma cerchiamo sempre di apportare modifiche e miglioramenti.<\/p><\/span>\t\t\t\t\t\t\t\t\t<\/span>\n\t\t\t\t\t\t\t\t<\/div>\n\t\t\t\t\t\t\t<\/div>\n\t\t\t\t\t\t\t\t\t\t\t<\/div>\n\t\t\t<\/div>\n\t\t\t\t\t\t\t<\/div>\n\t\t\t\t<\/div>\n\t\t\t\t\t<\/div>\n\t\t<\/div>\n\t\t\t\t<div class=\"elementor-column elementor-col-50 elementor-inner-column elementor-element elementor-element-4ad8620\" data-id=\"4ad8620\" data-element_type=\"column\">\n\t\t\t<div class=\"elementor-widget-wrap elementor-element-populated\">\n\t\t\t\t\t\t<div class=\"elementor-element elementor-element-4f8cd8d elementor-widget elementor-widget-heading\" data-id=\"4f8cd8d\" data-element_type=\"widget\" data-widget_type=\"heading.default\">\n\t\t\t\t<div class=\"elementor-widget-container\">\n\t\t\t\t\t<h3 class=\"elementor-heading-title elementor-size-default\">Da O a S<\/h3>\t\t\t\t<\/div>\n\t\t\t\t<\/div>\n\t\t\t\t<div class=\"elementor-element elementor-element-023ba30 uael-faq-box-layout-yes align-at-left elementor-widget elementor-widget-uael-faq\" data-id=\"023ba30\" data-element_type=\"widget\" data-widget_type=\"uael-faq.default\">\n\t\t\t\t<div class=\"elementor-widget-container\">\n\t\t\t\t\t\n\t\t\t<div id='uael-faq-wrapper-234' class=\"uael-faq-wrapper\">\n\t\t\t\t<div class=\"uael-faq-container uael-faq-layout-accordion\" data-layout=\"accordion\" >\n\t\t\t\t\t\t\t\t\t\t\t\t<div id=\"uael-accordion-1ed3b24\" class=\"uael-faq-accordion\" role=\"tablist\">\n\t\t\t\t\t\t\t\t<div class= \"uael-accordion-title\" aria-expanded=\"false\" role=\"tab\">\n\t\t\t\t\t\t\t\t\t<span class=\"uael-accordion-icon uael-accordion-icon-left\">\n\t\t\t\t\t\t\t\t\t\t<span class=\"uael-accordion-icon-closed\"><i class=\"fas fa-angle-right\"><\/i><\/span>\n\t\t\t\t\t\t\t\t\t\t<span class=\"uael-accordion-icon-opened\"><i class=\"fas fa-angle-up\"><\/i><\/span>\n\t\t\t\t\t\t\t\t\t<\/span>\n\t\t\t\t\t\t\t\t\t<span class=\"uael-question-1ed3b24 uael-question-span\" tabindex=\"0\" id=\"uael-faq-1-69f5a125b3b0b\">Programma aperto tutto il giorno (OGS)  <\/span>\n\t\t\t\t\t\t\t\t<\/div>\n\t\t\t\t\t\t\t\t<div class=\"uael-accordion-content\" role=\"tabpanel\">\n\t\t\t\t\t\t\t\t\t<span>\n\t\t\t\t\t\t\t\t\t<span><p>La scuola primaria di Heinsberg offre agli alunni due diversi modelli di assistenza all'infanzia. Dal 1\u00b0 febbraio 2022, l'ente responsabile \u00e8 KIGS gGmbH Olpe, che si occupa di fornire il personale necessario. Il programma di assistenza per bambini dalle 8 alle 13 offre un'assistenza affidabile dalla prima alla sesta ora, indipendente dall'orario, ma senza supervisione dei compiti. I bambini possono partecipare al programma di scuola aperta tutto il giorno (OGS) fino alle 15.00 o alle 16.00. Nell'OGS i bambini ricevono un pasto caldo dopo la scuola, che deve essere ordinato e pagato dai genitori\/tutori. I bambini hanno poi la possibilit\u00e0 di fare i compiti con un supporto adeguato. Il pomeriggio \u00e8 organizzato alternando attivit\u00e0 di gioco libero e una scelta di diversi gruppi di lavoro.<\/p><\/span>\t\t\t\t\t\t\t\t\t<\/span>\n\t\t\t\t\t\t\t\t<\/div>\n\t\t\t\t\t\t\t<\/div>\n\t\t\t\t\t\t\t\t\t\t\t\t\t\t<div id=\"uael-accordion-aa86a82\" class=\"uael-faq-accordion\" role=\"tablist\">\n\t\t\t\t\t\t\t\t<div class= \"uael-accordion-title\" aria-expanded=\"false\" role=\"tab\">\n\t\t\t\t\t\t\t\t\t<span class=\"uael-accordion-icon uael-accordion-icon-left\">\n\t\t\t\t\t\t\t\t\t\t<span class=\"uael-accordion-icon-closed\"><i class=\"fas fa-angle-right\"><\/i><\/span>\n\t\t\t\t\t\t\t\t\t\t<span class=\"uael-accordion-icon-opened\"><i class=\"fas fa-angle-up\"><\/i><\/span>\n\t\t\t\t\t\t\t\t\t<\/span>\n\t\t\t\t\t\t\t\t\t<span class=\"uael-question-aa86a82 uael-question-span\" tabindex=\"0\" id=\"uael-faq-2-69f5a125b3b63\">Tirocinio<\/span>\n\t\t\t\t\t\t\t\t<\/div>\n\t\t\t\t\t\t\t\t<div class=\"uael-accordion-content\" role=\"tabpanel\">\n\t\t\t\t\t\t\t\t\t<span>\n\t\t\t\t\t\t\t\t\t<span><p>I tirocinanti sono sempre i benvenuti nella nostra scuola. I tirocini nella formazione degli insegnanti o durante il corso di laurea (tirocinio attitudinale e di orientamento, semestre pratico, tirocinio diurno, giornate pratiche, ...) sono regolati dalla legge sulla formazione degli insegnanti. Offriamo anche stage per le scuole secondarie superiori. Se siete interessati a uno stage, saremo lieti di ricevere la vostra candidatura scritta.<\/p><\/span>\t\t\t\t\t\t\t\t\t<\/span>\n\t\t\t\t\t\t\t\t<\/div>\n\t\t\t\t\t\t\t<\/div>\n\t\t\t\t\t\t\t\t\t\t\t\t\t\t<div id=\"uael-accordion-eb322cb\" class=\"uael-faq-accordion\" role=\"tablist\">\n\t\t\t\t\t\t\t\t<div class= \"uael-accordion-title\" aria-expanded=\"false\" role=\"tab\">\n\t\t\t\t\t\t\t\t\t<span class=\"uael-accordion-icon uael-accordion-icon-left\">\n\t\t\t\t\t\t\t\t\t\t<span class=\"uael-accordion-icon-closed\"><i class=\"fas fa-angle-right\"><\/i><\/span>\n\t\t\t\t\t\t\t\t\t\t<span class=\"uael-accordion-icon-opened\"><i class=\"fas fa-angle-up\"><\/i><\/span>\n\t\t\t\t\t\t\t\t\t<\/span>\n\t\t\t\t\t\t\t\t\t<span class=\"uael-question-eb322cb uael-question-span\" tabindex=\"0\" id=\"uael-faq-3-69f5a125b3bab\">Linee guida e programmi di studio<\/span>\n\t\t\t\t\t\t\t\t<\/div>\n\t\t\t\t\t\t\t\t<div class=\"uael-accordion-content\" role=\"tabpanel\">\n\t\t\t\t\t\t\t\t\t<span>\n\t\t\t\t\t\t\t\t\t<span><p>Le linee guida e i curricula specificano i contenuti da trattare all'interno delle singole materie. Gli obiettivi di apprendimento che dovrebbero essere raggiunti alla fine di un anno scolastico sono identici in tutte le scuole primarie del NRW.<\/p><\/span>\t\t\t\t\t\t\t\t\t<\/span>\n\t\t\t\t\t\t\t\t<\/div>\n\t\t\t\t\t\t\t<\/div>\n\t\t\t\t\t\t\t\t\t\t\t\t\t\t<div id=\"uael-accordion-ae149dc\" class=\"uael-faq-accordion\" role=\"tablist\">\n\t\t\t\t\t\t\t\t<div class= \"uael-accordion-title\" aria-expanded=\"false\" role=\"tab\">\n\t\t\t\t\t\t\t\t\t<span class=\"uael-accordion-icon uael-accordion-icon-left\">\n\t\t\t\t\t\t\t\t\t\t<span class=\"uael-accordion-icon-closed\"><i class=\"fas fa-angle-right\"><\/i><\/span>\n\t\t\t\t\t\t\t\t\t\t<span class=\"uael-accordion-icon-opened\"><i class=\"fas fa-angle-up\"><\/i><\/span>\n\t\t\t\t\t\t\t\t\t<\/span>\n\t\t\t\t\t\t\t\t\t<span class=\"uael-question-ae149dc uael-question-span\" tabindex=\"0\" id=\"uael-faq-4-69f5a125b3bef\">Allenamento in bicicletta<\/span>\n\t\t\t\t\t\t\t\t<\/div>\n\t\t\t\t\t\t\t\t<div class=\"uael-accordion-content\" role=\"tabpanel\">\n\t\t\t\t\t\t\t\t\t<span>\n\t\t\t\t\t\t\t\t\t<span><p>Nel quarto anno scolastico, l'allenamento in bicicletta viene svolto come parte delle lezioni di materia. Con l'aiuto della polizia stradale e dei genitori, gli alunni imparano a comportarsi in modo sicuro nel traffico stradale. Un test teorico e pratico sugli obiettivi di apprendimento conclude il ciclo di formazione.<\/p><\/span>\t\t\t\t\t\t\t\t\t<\/span>\n\t\t\t\t\t\t\t\t<\/div>\n\t\t\t\t\t\t\t<\/div>\n\t\t\t\t\t\t\t\t\t\t\t\t\t\t<div id=\"uael-accordion-67f7ea2\" class=\"uael-faq-accordion\" role=\"tablist\">\n\t\t\t\t\t\t\t\t<div class= \"uael-accordion-title\" aria-expanded=\"false\" role=\"tab\">\n\t\t\t\t\t\t\t\t\t<span class=\"uael-accordion-icon uael-accordion-icon-left\">\n\t\t\t\t\t\t\t\t\t\t<span class=\"uael-accordion-icon-closed\"><i class=\"fas fa-angle-right\"><\/i><\/span>\n\t\t\t\t\t\t\t\t\t\t<span class=\"uael-accordion-icon-opened\"><i class=\"fas fa-angle-up\"><\/i><\/span>\n\t\t\t\t\t\t\t\t\t<\/span>\n\t\t\t\t\t\t\t\t\t<span class=\"uael-question-67f7ea2 uael-question-span\" tabindex=\"0\" id=\"uael-faq-5-69f5a125b3c31\">Parlamento degli studenti<\/span>\n\t\t\t\t\t\t\t\t<\/div>\n\t\t\t\t\t\t\t\t<div class=\"uael-accordion-content\" role=\"tabpanel\">\n\t\t\t\t\t\t\t\t\t<span>\n\t\t\t\t\t\t\t\t\t<span><p>I rappresentanti di classe e i loro supplenti si incontrano una volta al trimestre con la direzione della scuola per il parlamento studentesco. In questa sede vengono presentate e discusse le preoccupazioni delle singole classi e vengono approvate risoluzioni comuni.<\/p><\/span>\t\t\t\t\t\t\t\t\t<\/span>\n\t\t\t\t\t\t\t\t<\/div>\n\t\t\t\t\t\t\t<\/div>\n\t\t\t\t\t\t\t\t\t\t\t\t\t\t<div id=\"uael-accordion-aee3dd0\" class=\"uael-faq-accordion\" role=\"tablist\">\n\t\t\t\t\t\t\t\t<div class= \"uael-accordion-title\" aria-expanded=\"false\" role=\"tab\">\n\t\t\t\t\t\t\t\t\t<span class=\"uael-accordion-icon uael-accordion-icon-left\">\n\t\t\t\t\t\t\t\t\t\t<span class=\"uael-accordion-icon-closed\"><i class=\"fas fa-angle-right\"><\/i><\/span>\n\t\t\t\t\t\t\t\t\t\t<span class=\"uael-accordion-icon-opened\"><i class=\"fas fa-angle-up\"><\/i><\/span>\n\t\t\t\t\t\t\t\t\t<\/span>\n\t\t\t\t\t\t\t\t\t<span class=\"uael-question-aee3dd0 uael-question-span\" tabindex=\"0\" id=\"uael-faq-6-69f5a125b3c74\">Diagnosi di ingresso a scuola<\/span>\n\t\t\t\t\t\t\t\t<\/div>\n\t\t\t\t\t\t\t\t<div class=\"uael-accordion-content\" role=\"tabpanel\">\n\t\t\t\t\t\t\t\t\t<span>\n\t\t\t\t\t\t\t\t\t<span><p>Dopo le vacanze autunnali, i nuovi iscritti alla scuola vengono sottoposti a una diagnosi completa in varie aree dello sviluppo, come la percezione uditiva e visiva, la motricit\u00e0 fine e grossolana, la coordinazione e la concentrazione e lo sviluppo del linguaggio. In caso di particolari anomalie, vengono discusse con i genitori\/tutori e gli educatori dell'asilo nido le opzioni di supporto e assistenza adeguate per il bambino.<\/p><\/span>\t\t\t\t\t\t\t\t\t<\/span>\n\t\t\t\t\t\t\t\t<\/div>\n\t\t\t\t\t\t\t<\/div>\n\t\t\t\t\t\t\t\t\t\t\t\t\t\t<div id=\"uael-accordion-119d36d\" class=\"uael-faq-accordion\" role=\"tablist\">\n\t\t\t\t\t\t\t\t<div class= \"uael-accordion-title\" aria-expanded=\"false\" role=\"tab\">\n\t\t\t\t\t\t\t\t\t<span class=\"uael-accordion-icon uael-accordion-icon-left\">\n\t\t\t\t\t\t\t\t\t\t<span class=\"uael-accordion-icon-closed\"><i class=\"fas fa-angle-right\"><\/i><\/span>\n\t\t\t\t\t\t\t\t\t\t<span class=\"uael-accordion-icon-opened\"><i class=\"fas fa-angle-up\"><\/i><\/span>\n\t\t\t\t\t\t\t\t\t<\/span>\n\t\t\t\t\t\t\t\t\t<span class=\"uael-question-119d36d uael-question-span\" tabindex=\"0\" id=\"uael-faq-7-69f5a125b3cb4\">Cortile della scuola<\/span>\n\t\t\t\t\t\t\t\t<\/div>\n\t\t\t\t\t\t\t\t<div class=\"uael-accordion-content\" role=\"tabpanel\">\n\t\t\t\t\t\t\t\t\t<span>\n\t\t\t\t\t\t\t\t\t<span><p>Il parco giochi della nostra scuola offre ai bambini molte opportunit\u00e0 per sfogarsi, rilassarsi e ricaricare le batterie durante l'intervallo. Il parco giochi della scuola \u00e8 dotato di strutture permanenti per l'arrampicata, una sabbiera, uno scivolo in pendenza, un campo da calcio, un tavolo da ping pong e un'area aperta pi\u00f9 grande dove i bambini possono giocare con diverse attrezzature. Il cortile della scuola offre anche diverse aree per sedersi e zone tranquille.<\/p><\/span>\t\t\t\t\t\t\t\t\t<\/span>\n\t\t\t\t\t\t\t\t<\/div>\n\t\t\t\t\t\t\t<\/div>\n\t\t\t\t\t\t\t\t\t\t\t\t\t\t<div id=\"uael-accordion-7a61a2d\" class=\"uael-faq-accordion\" role=\"tablist\">\n\t\t\t\t\t\t\t\t<div class= \"uael-accordion-title\" aria-expanded=\"false\" role=\"tab\">\n\t\t\t\t\t\t\t\t\t<span class=\"uael-accordion-icon uael-accordion-icon-left\">\n\t\t\t\t\t\t\t\t\t\t<span class=\"uael-accordion-icon-closed\"><i class=\"fas fa-angle-right\"><\/i><\/span>\n\t\t\t\t\t\t\t\t\t\t<span class=\"uael-accordion-icon-opened\"><i class=\"fas fa-angle-up\"><\/i><\/span>\n\t\t\t\t\t\t\t\t\t<\/span>\n\t\t\t\t\t\t\t\t\t<span class=\"uael-question-7a61a2d uael-question-span\" tabindex=\"0\" id=\"uael-faq-8-69f5a125b3cf5\">Concerto scolastico<\/span>\n\t\t\t\t\t\t\t\t<\/div>\n\t\t\t\t\t\t\t\t<div class=\"uael-accordion-content\" role=\"tabpanel\">\n\t\t\t\t\t\t\t\t\t<span>\n\t\t\t\t\t\t\t\t\t<span><p>Una volta al mese si svolge un concerto scolastico nel cortile della scuola o nell'aula magna. I bambini hanno l'opportunit\u00e0 di presentare spontaneamente le loro abilit\u00e0 musicali.<\/p><\/span>\t\t\t\t\t\t\t\t\t<\/span>\n\t\t\t\t\t\t\t\t<\/div>\n\t\t\t\t\t\t\t<\/div>\n\t\t\t\t\t\t\t\t\t\t\t\t\t\t<div id=\"uael-accordion-49216eb\" class=\"uael-faq-accordion\" role=\"tablist\">\n\t\t\t\t\t\t\t\t<div class= \"uael-accordion-title\" aria-expanded=\"false\" role=\"tab\">\n\t\t\t\t\t\t\t\t\t<span class=\"uael-accordion-icon uael-accordion-icon-left\">\n\t\t\t\t\t\t\t\t\t\t<span class=\"uael-accordion-icon-closed\"><i class=\"fas fa-angle-right\"><\/i><\/span>\n\t\t\t\t\t\t\t\t\t\t<span class=\"uael-accordion-icon-opened\"><i class=\"fas fa-angle-up\"><\/i><\/span>\n\t\t\t\t\t\t\t\t\t<\/span>\n\t\t\t\t\t\t\t\t\t<span class=\"uael-question-49216eb uael-question-span\" tabindex=\"0\" id=\"uael-faq-9-69f5a125b3d37\">Programma scolastico<\/span>\n\t\t\t\t\t\t\t\t<\/div>\n\t\t\t\t\t\t\t\t<div class=\"uael-accordion-content\" role=\"tabpanel\">\n\t\t\t\t\t\t\t\t\t<span>\n\t\t\t\t\t\t\t\t\t<span><p>vedi pagina: <a href=\"https:\/\/grundschule-heinsberg.de\/it\/la-nostra-scuola\/\">Programma scolastico<\/a><\/p><\/span>\t\t\t\t\t\t\t\t\t<\/span>\n\t\t\t\t\t\t\t\t<\/div>\n\t\t\t\t\t\t\t<\/div>\n\t\t\t\t\t\t\t\t\t\t\t\t\t\t<div id=\"uael-accordion-9972899\" class=\"uael-faq-accordion\" role=\"tablist\">\n\t\t\t\t\t\t\t\t<div class= \"uael-accordion-title\" aria-expanded=\"false\" role=\"tab\">\n\t\t\t\t\t\t\t\t\t<span class=\"uael-accordion-icon uael-accordion-icon-left\">\n\t\t\t\t\t\t\t\t\t\t<span class=\"uael-accordion-icon-closed\"><i class=\"fas fa-angle-right\"><\/i><\/span>\n\t\t\t\t\t\t\t\t\t\t<span class=\"uael-accordion-icon-opened\"><i class=\"fas fa-angle-up\"><\/i><\/span>\n\t\t\t\t\t\t\t\t\t<\/span>\n\t\t\t\t\t\t\t\t\t<span class=\"uael-question-9972899 uael-question-span\" tabindex=\"0\" id=\"uael-faq-10-69f5a125b3d6f\">Lezioni di nuoto<\/span>\n\t\t\t\t\t\t\t\t<\/div>\n\t\t\t\t\t\t\t\t<div class=\"uael-accordion-content\" role=\"tabpanel\">\n\t\t\t\t\t\t\t\t\t<span>\n\t\t\t\t\t\t\t\t\t<span><p>I bambini del quarto anno prendono lezioni di nuoto una volta alla settimana presso la piscina coperta di Oberhundem.<\/p><\/span>\t\t\t\t\t\t\t\t\t<\/span>\n\t\t\t\t\t\t\t\t<\/div>\n\t\t\t\t\t\t\t<\/div>\n\t\t\t\t\t\t\t\t\t\t\t\t\t\t<div id=\"uael-accordion-59919e7\" class=\"uael-faq-accordion\" role=\"tablist\">\n\t\t\t\t\t\t\t\t<div class= \"uael-accordion-title\" aria-expanded=\"false\" role=\"tab\">\n\t\t\t\t\t\t\t\t\t<span class=\"uael-accordion-icon uael-accordion-icon-left\">\n\t\t\t\t\t\t\t\t\t\t<span class=\"uael-accordion-icon-closed\"><i class=\"fas fa-angle-right\"><\/i><\/span>\n\t\t\t\t\t\t\t\t\t\t<span class=\"uael-accordion-icon-opened\"><i class=\"fas fa-angle-up\"><\/i><\/span>\n\t\t\t\t\t\t\t\t\t<\/span>\n\t\t\t\t\t\t\t\t\t<span class=\"uael-question-59919e7 uael-question-span\" tabindex=\"0\" id=\"uael-faq-11-69f5a125b3daa\">Festival dello sport<\/span>\n\t\t\t\t\t\t\t\t<\/div>\n\t\t\t\t\t\t\t\t<div class=\"uael-accordion-content\" role=\"tabpanel\">\n\t\t\t\t\t\t\t\t\t<span>\n\t\t\t\t\t\t\t\t\t<span><p>Nell'ambito dei Giochi Federali della Giovent\u00f9, una volta all'anno viene organizzato un festival sportivo per tutti i bambini sul campo in erba artificiale di Heinsberg.<\/p><\/span>\t\t\t\t\t\t\t\t\t<\/span>\n\t\t\t\t\t\t\t\t<\/div>\n\t\t\t\t\t\t\t<\/div>\n\t\t\t\t\t\t\t\t\t\t\t\t\t\t<div id=\"uael-accordion-9b217be\" class=\"uael-faq-accordion\" role=\"tablist\">\n\t\t\t\t\t\t\t\t<div class= \"uael-accordion-title\" aria-expanded=\"false\" role=\"tab\">\n\t\t\t\t\t\t\t\t\t<span class=\"uael-accordion-icon uael-accordion-icon-left\">\n\t\t\t\t\t\t\t\t\t\t<span class=\"uael-accordion-icon-closed\"><i class=\"fas fa-angle-right\"><\/i><\/span>\n\t\t\t\t\t\t\t\t\t\t<span class=\"uael-accordion-icon-opened\"><i class=\"fas fa-angle-up\"><\/i><\/span>\n\t\t\t\t\t\t\t\t\t<\/span>\n\t\t\t\t\t\t\t\t\t<span class=\"uael-question-9b217be uael-question-span\" tabindex=\"0\" id=\"uael-faq-12-69f5a125b3dea\">Ore di consultazione degli insegnanti<\/span>\n\t\t\t\t\t\t\t\t<\/div>\n\t\t\t\t\t\t\t\t<div class=\"uael-accordion-content\" role=\"tabpanel\">\n\t\t\t\t\t\t\t\t\t<span>\n\t\t\t\t\t\t\t\t\t<span><p>L'orario d'ufficio attuale pu\u00f2 essere consultato con il dipendente interessato: <a href=\"https:\/\/grundschule-heinsberg.de\/it\/la-nostra-scuola\/#kollegium\">Orario d'ufficio<\/a><\/p><\/span>\t\t\t\t\t\t\t\t\t<\/span>\n\t\t\t\t\t\t\t\t<\/div>\n\t\t\t\t\t\t\t<\/div>\n\t\t\t\t\t\t\t\t\t\t\t<\/div>\n\t\t\t<\/div>\n\t\t\t\t\t\t\t<\/div>\n\t\t\t\t<\/div>\n\t\t\t\t\t<\/div>\n\t\t<\/div>\n\t\t\t\t\t<\/div>\n\t\t<\/section>\n\t\t\t\t<section class=\"elementor-section elementor-inner-section elementor-element elementor-element-f4e902c elementor-section-boxed elementor-section-height-default elementor-section-height-default\" data-id=\"f4e902c\" data-element_type=\"section\">\n\t\t\t\t\t\t<div class=\"elementor-container elementor-column-gap-default\">\n\t\t\t\t\t<div class=\"elementor-column elementor-col-50 elementor-inner-column elementor-element elementor-element-4be9f8d\" data-id=\"4be9f8d\" data-element_type=\"column\">\n\t\t\t<div class=\"elementor-widget-wrap elementor-element-populated\">\n\t\t\t\t\t\t<div class=\"elementor-element elementor-element-cd16a2f elementor-widget elementor-widget-heading\" data-id=\"cd16a2f\" data-element_type=\"widget\" data-widget_type=\"heading.default\">\n\t\t\t\t<div class=\"elementor-widget-container\">\n\t\t\t\t\t<h3 class=\"elementor-heading-title elementor-size-default\">  Da ST a Z<\/h3>\t\t\t\t<\/div>\n\t\t\t\t<\/div>\n\t\t\t\t<div class=\"elementor-element elementor-element-2b3a63a uael-faq-box-layout-yes align-at-left elementor-widget elementor-widget-uael-faq\" data-id=\"2b3a63a\" data-element_type=\"widget\" data-widget_type=\"uael-faq.default\">\n\t\t\t\t<div class=\"elementor-widget-container\">\n\t\t\t\t\t\n\t\t\t<div id='uael-faq-wrapper-453' class=\"uael-faq-wrapper\">\n\t\t\t\t<div class=\"uael-faq-container uael-faq-layout-accordion\" data-layout=\"accordion\" >\n\t\t\t\t\t\t\t\t\t\t\t\t<div id=\"uael-accordion-1ed3b24\" class=\"uael-faq-accordion\" role=\"tablist\">\n\t\t\t\t\t\t\t\t<div class= \"uael-accordion-title\" aria-expanded=\"false\" role=\"tab\">\n\t\t\t\t\t\t\t\t\t<span class=\"uael-accordion-icon uael-accordion-icon-left\">\n\t\t\t\t\t\t\t\t\t\t<span class=\"uael-accordion-icon-closed\"><i class=\"fas fa-angle-right\"><\/i><\/span>\n\t\t\t\t\t\t\t\t\t\t<span class=\"uael-accordion-icon-opened\"><i class=\"fas fa-angle-up\"><\/i><\/span>\n\t\t\t\t\t\t\t\t\t<\/span>\n\t\t\t\t\t\t\t\t\t<span class=\"uael-question-1ed3b24 uael-question-span\" tabindex=\"0\" id=\"uael-faq-1-69f5a125b4eab\">Classe iniziale<\/span>\n\t\t\t\t\t\t\t\t<\/div>\n\t\t\t\t\t\t\t\t<div class=\"uael-accordion-content\" role=\"tabpanel\">\n\t\t\t\t\t\t\t\t\t<span>\n\t\t\t\t\t\t\t\t\t<span><p>In una classe di avviamento, i futuri alunni del primo anno hanno l'opportunit\u00e0 di partecipare alla vita scolastica per due lezioni in quattro mattine nei mesi di marzo, aprile, maggio e giugno <strong>prima di<\/strong> iniziare la scuola e di conoscere la scuola.<\/p><\/span>\t\t\t\t\t\t\t\t\t<\/span>\n\t\t\t\t\t\t\t\t<\/div>\n\t\t\t\t\t\t\t<\/div>\n\t\t\t\t\t\t\t\t\t\t\t\t\t\t<div id=\"uael-accordion-74e5e68\" class=\"uael-faq-accordion\" role=\"tablist\">\n\t\t\t\t\t\t\t\t<div class= \"uael-accordion-title\" aria-expanded=\"false\" role=\"tab\">\n\t\t\t\t\t\t\t\t\t<span class=\"uael-accordion-icon uael-accordion-icon-left\">\n\t\t\t\t\t\t\t\t\t\t<span class=\"uael-accordion-icon-closed\"><i class=\"fas fa-angle-right\"><\/i><\/span>\n\t\t\t\t\t\t\t\t\t\t<span class=\"uael-accordion-icon-opened\"><i class=\"fas fa-angle-up\"><\/i><\/span>\n\t\t\t\t\t\t\t\t\t<\/span>\n\t\t\t\t\t\t\t\t\t<span class=\"uael-question-74e5e68 uael-question-span\" tabindex=\"0\" id=\"uael-faq-2-69f5a125b4f10\">Risoluzione delle controversie<\/span>\n\t\t\t\t\t\t\t\t<\/div>\n\t\t\t\t\t\t\t\t<div class=\"uael-accordion-content\" role=\"tabpanel\">\n\t\t\t\t\t\t\t\t\t<span>\n\t\t\t\t\t\t\t\t\t<span><p style=\"font-weight: 400;\">Per i bambini del 3\u00b0 anno offriamo un programma di formazione volontaria sulla risoluzione delle controversie. I mediatori non solo consigliano i loro compagni di classe in caso di conflitto, ma mediano anche tra loro e li aiutano a trovare una soluzione il pi\u00f9 possibile amichevole. <\/p><p style=\"font-weight: 400;\">Le sessioni di mediazione si svolgono principalmente durante l'intervallo, in quanto le pause sono quelle con il maggior potenziale di conflitto e l'aiuto per risolvere i conflitti deve essere fornito il pi\u00f9 rapidamente possibile. Se la pausa deve essere leggermente prolungata, ai bambini viene dato il tempo di risolvere il conflitto, poich\u00e9 l'apprendimento attraverso una formazione costruttiva sui conflitti non \u00e8 solo un importante obiettivo educativo, ma un conflitto risolto pu\u00f2 anche contribuire a un ambiente di apprendimento pi\u00f9 rilassato. La discussione sul conflitto si svolge poi nello studio di apprendimento, un ambiente tranquillo e riservato.  <\/p><p style=\"font-weight: 400;\">I bambini che litigano o gli alunni che hanno difficolt\u00e0 con uno o pi\u00f9 compagni di classe possono rivolgersi ai mediatori per chiedere aiuto. I mediatori possono anche rivolgersi alle persone in lite e chiedere loro se hanno bisogno di aiuto. La mediazione \u00e8 volontaria.  <\/p><p style=\"font-weight: 400;\">Insegnare valori come il rispetto della dignit\u00e0 umana e la tolleranza verso le differenze individuali \u00e8 un compito importante della scuola. Con il \"programma di risoluzione delle controversie\", gli alunni non solo imparano a prendere sul serio i conflitti, ma anche a lavorarci e, soprattutto, a risolverli senza violenza. I bambini imparano a discutere in modo costruttivo, a rispettare le regole sociali, a entrare in empatia con gli altri e a comprenderli. La competenza sociale, intesa come capacit\u00e0 di gestire i conflitti interni ed esterni, rende i bambini forti e previene problemi comportamentali come la dipendenza e la violenza. In questo contesto, la creazione di un gruppo di mediazione pu\u00f2 dare un contributo importante a una prevenzione efficace.    <\/p><\/span>\t\t\t\t\t\t\t\t\t<\/span>\n\t\t\t\t\t\t\t\t<\/div>\n\t\t\t\t\t\t\t<\/div>\n\t\t\t\t\t\t\t\t\t\t\t\t\t\t<div id=\"uael-accordion-6cc9f93\" class=\"uael-faq-accordion\" role=\"tablist\">\n\t\t\t\t\t\t\t\t<div class= \"uael-accordion-title\" aria-expanded=\"false\" role=\"tab\">\n\t\t\t\t\t\t\t\t\t<span class=\"uael-accordion-icon uael-accordion-icon-left\">\n\t\t\t\t\t\t\t\t\t\t<span class=\"uael-accordion-icon-closed\"><i class=\"fas fa-angle-right\"><\/i><\/span>\n\t\t\t\t\t\t\t\t\t\t<span class=\"uael-accordion-icon-opened\"><i class=\"fas fa-angle-up\"><\/i><\/span>\n\t\t\t\t\t\t\t\t\t<\/span>\n\t\t\t\t\t\t\t\t\t<span class=\"uael-question-6cc9f93 uael-question-span\" tabindex=\"0\" id=\"uael-faq-3-69f5a125b4f59\">Giornata aperta<\/span>\n\t\t\t\t\t\t\t\t<\/div>\n\t\t\t\t\t\t\t\t<div class=\"uael-accordion-content\" role=\"tabpanel\">\n\t\t\t\t\t\t\t\t\t<span>\n\t\t\t\t\t\t\t\t\t<span><p>Una volta all'anno, sia la scuola che l'OGS organizzano una \"Giornata delle porte aperte\". In questa giornata, tutti i bambini, i genitori e gli interessati hanno l'opportunit\u00e0 di conoscere i locali della scuola e i vari programmi pomeridiani. Inoltre, c'\u00e8 l'opportunit\u00e0 di scambiare idee con gli insegnanti e il personale educativo dell'OGS.<\/p><\/span>\t\t\t\t\t\t\t\t\t<\/span>\n\t\t\t\t\t\t\t\t<\/div>\n\t\t\t\t\t\t\t<\/div>\n\t\t\t\t\t\t\t\t\t\t\t\t\t\t<div id=\"uael-accordion-38a6907\" class=\"uael-faq-accordion\" role=\"tablist\">\n\t\t\t\t\t\t\t\t<div class= \"uael-accordion-title\" aria-expanded=\"false\" role=\"tab\">\n\t\t\t\t\t\t\t\t\t<span class=\"uael-accordion-icon uael-accordion-icon-left\">\n\t\t\t\t\t\t\t\t\t\t<span class=\"uael-accordion-icon-closed\"><i class=\"fas fa-angle-right\"><\/i><\/span>\n\t\t\t\t\t\t\t\t\t\t<span class=\"uael-accordion-icon-opened\"><i class=\"fas fa-angle-up\"><\/i><\/span>\n\t\t\t\t\t\t\t\t\t<\/span>\n\t\t\t\t\t\t\t\t\t<span class=\"uael-question-38a6907 uael-question-span\" tabindex=\"0\" id=\"uael-faq-4-69f5a125b4f9d\">Date<\/span>\n\t\t\t\t\t\t\t\t<\/div>\n\t\t\t\t\t\t\t\t<div class=\"uael-accordion-content\" role=\"tabpanel\">\n\t\t\t\t\t\t\t\t\t<span>\n\t\t\t\t\t\t\t\t\t<span><p>Le date possono essere visualizzate in qualsiasi momento sulla homepage della scuola, alla voce <a href=\"https:\/\/grundschule-heinsberg.de\/termine\/\">Date<\/a>.<\/p><\/span>\t\t\t\t\t\t\t\t\t<\/span>\n\t\t\t\t\t\t\t\t<\/div>\n\t\t\t\t\t\t\t<\/div>\n\t\t\t\t\t\t\t\t\t\t\t\t\t\t<div id=\"uael-accordion-ec00268\" class=\"uael-faq-accordion\" role=\"tablist\">\n\t\t\t\t\t\t\t\t<div class= \"uael-accordion-title\" aria-expanded=\"false\" role=\"tab\">\n\t\t\t\t\t\t\t\t\t<span class=\"uael-accordion-icon uael-accordion-icon-left\">\n\t\t\t\t\t\t\t\t\t\t<span class=\"uael-accordion-icon-closed\"><i class=\"fas fa-angle-right\"><\/i><\/span>\n\t\t\t\t\t\t\t\t\t\t<span class=\"uael-accordion-icon-opened\"><i class=\"fas fa-angle-up\"><\/i><\/span>\n\t\t\t\t\t\t\t\t\t<\/span>\n\t\t\t\t\t\t\t\t\t<span class=\"uael-question-ec00268 uael-question-span\" tabindex=\"0\" id=\"uael-faq-5-69f5a125b4fdd\">Transizioni<\/span>\n\t\t\t\t\t\t\t\t<\/div>\n\t\t\t\t\t\t\t\t<div class=\"uael-accordion-content\" role=\"tabpanel\">\n\t\t\t\t\t\t\t\t\t<span>\n\t\t\t\t\t\t\t\t\t<span><p>Il passaggio dei bambini dagli asili nido alla scuola primaria e il passaggio dalla scuola primaria alla scuola secondaria rappresentano una sfida particolare per bambini e genitori. Gli insegnanti ne sono consapevoli e si adoperano per fornire un sostegno e una guida completi a tutte le persone coinvolte in questi momenti.<\/p><\/span>\t\t\t\t\t\t\t\t\t<\/span>\n\t\t\t\t\t\t\t\t<\/div>\n\t\t\t\t\t\t\t<\/div>\n\t\t\t\t\t\t\t\t\t\t\t\t\t\t<div id=\"uael-accordion-e3c3c01\" class=\"uael-faq-accordion\" role=\"tablist\">\n\t\t\t\t\t\t\t\t<div class= \"uael-accordion-title\" aria-expanded=\"false\" role=\"tab\">\n\t\t\t\t\t\t\t\t\t<span class=\"uael-accordion-icon uael-accordion-icon-left\">\n\t\t\t\t\t\t\t\t\t\t<span class=\"uael-accordion-icon-closed\"><i class=\"fas fa-angle-right\"><\/i><\/span>\n\t\t\t\t\t\t\t\t\t\t<span class=\"uael-accordion-icon-opened\"><i class=\"fas fa-angle-up\"><\/i><\/span>\n\t\t\t\t\t\t\t\t\t<\/span>\n\t\t\t\t\t\t\t\t\t<span class=\"uael-question-e3c3c01 uael-question-span\" tabindex=\"0\" id=\"uael-faq-6-69f5a125b501e\">Orari delle lezioni (e pause)<\/span>\n\t\t\t\t\t\t\t\t<\/div>\n\t\t\t\t\t\t\t\t<div class=\"uael-accordion-content\" role=\"tabpanel\">\n\t\t\t\t\t\t\t\t\t<span>\n\t\t\t\t\t\t\t\t\t<span><table style=\"height: 490px;\" width=\"384\"><tbody><tr><td>1\u00b0 blocco:<\/td><td>8.00 - 9.15<\/td><\/tr><tr><td>Pausa nel cortile:<\/td><td>9.15 - 9.30<\/td><\/tr><tr><td>Pausa colazione:<\/td><td>9.30 - 9.45<\/td><\/tr><tr><td>2\u00b0 blocco:<\/td><td>9.45 - 11.00<\/td><\/tr><tr><td>Pausa in tribunale:<\/td><td>11.00 - 11.15<\/td><\/tr><tr><td>3\u00b0 blocco:<\/td><td>11.15 - 12.05<\/td><\/tr><tr><td>Breve pausa:<\/td><td>12.05 - 12.10<\/td><\/tr><tr><td>4\u00b0 blocco: <\/td><td>12.10 - 13.00<\/td><\/tr><tr><td> <\/td><td> <\/td><\/tr><tr><td> <\/td><td> <\/td><\/tr><tr><td> <\/td><td> <\/td><\/tr><\/tbody><\/table><\/span>\t\t\t\t\t\t\t\t\t<\/span>\n\t\t\t\t\t\t\t\t<\/div>\n\t\t\t\t\t\t\t<\/div>\n\t\t\t\t\t\t\t\t\t\t\t\t\t\t<div id=\"uael-accordion-5599a57\" class=\"uael-faq-accordion\" role=\"tablist\">\n\t\t\t\t\t\t\t\t<div class= \"uael-accordion-title\" aria-expanded=\"false\" role=\"tab\">\n\t\t\t\t\t\t\t\t\t<span class=\"uael-accordion-icon uael-accordion-icon-left\">\n\t\t\t\t\t\t\t\t\t\t<span class=\"uael-accordion-icon-closed\"><i class=\"fas fa-angle-right\"><\/i><\/span>\n\t\t\t\t\t\t\t\t\t\t<span class=\"uael-accordion-icon-opened\"><i class=\"fas fa-angle-up\"><\/i><\/span>\n\t\t\t\t\t\t\t\t\t<\/span>\n\t\t\t\t\t\t\t\t\t<span class=\"uael-question-5599a57 uael-question-span\" tabindex=\"0\" id=\"uael-faq-7-69f5a125b505f\">Incidente<\/span>\n\t\t\t\t\t\t\t\t<\/div>\n\t\t\t\t\t\t\t\t<div class=\"uael-accordion-content\" role=\"tabpanel\">\n\t\t\t\t\t\t\t\t\t<span>\n\t\t\t\t\t\t\t\t\t<span><p>Vostro figlio \u00e8 assicurato contro gli infortuni a scuola, nel tragitto verso la scuola e nel tragitto verso casa tramite la Unfallkasse NRW. L'assicurazione contro gli infortuni si applica a tutti gli eventi scolastici all'interno e all'esterno dell'edificio scolastico, nonch\u00e9 al viaggio di andata e ritorno. In caso di incidente, sarete informati immediatamente dalla scuola.<\/p><\/span>\t\t\t\t\t\t\t\t\t<\/span>\n\t\t\t\t\t\t\t\t<\/div>\n\t\t\t\t\t\t\t<\/div>\n\t\t\t\t\t\t\t\t\t\t\t\t\t\t<div id=\"uael-accordion-cc99103\" class=\"uael-faq-accordion\" role=\"tablist\">\n\t\t\t\t\t\t\t\t<div class= \"uael-accordion-title\" aria-expanded=\"false\" role=\"tab\">\n\t\t\t\t\t\t\t\t\t<span class=\"uael-accordion-icon uael-accordion-icon-left\">\n\t\t\t\t\t\t\t\t\t\t<span class=\"uael-accordion-icon-closed\"><i class=\"fas fa-angle-right\"><\/i><\/span>\n\t\t\t\t\t\t\t\t\t\t<span class=\"uael-accordion-icon-opened\"><i class=\"fas fa-angle-up\"><\/i><\/span>\n\t\t\t\t\t\t\t\t\t<\/span>\n\t\t\t\t\t\t\t\t\t<span class=\"uael-question-cc99103 uael-question-span\" tabindex=\"0\" id=\"uael-faq-8-69f5a125b50a6\">Rappresentazione<\/span>\n\t\t\t\t\t\t\t\t<\/div>\n\t\t\t\t\t\t\t\t<div class=\"uael-accordion-content\" role=\"tabpanel\">\n\t\t\t\t\t\t\t\t\t<span>\n\t\t\t\t\t\t\t\t\t<span><p>La scuola ha un concetto di sostituzione completo. Nel caso in cui un insegnante si ammali e non sia in grado di tenere regolarmente le lezioni, tutti si impegnano a non cancellare le lezioni e a recuperare al meglio l'assenza.<\/p><\/span>\t\t\t\t\t\t\t\t\t<\/span>\n\t\t\t\t\t\t\t\t<\/div>\n\t\t\t\t\t\t\t<\/div>\n\t\t\t\t\t\t\t\t\t\t\t\t\t\t<div id=\"uael-accordion-e84ffe3\" class=\"uael-faq-accordion\" role=\"tablist\">\n\t\t\t\t\t\t\t\t<div class= \"uael-accordion-title\" aria-expanded=\"false\" role=\"tab\">\n\t\t\t\t\t\t\t\t\t<span class=\"uael-accordion-icon uael-accordion-icon-left\">\n\t\t\t\t\t\t\t\t\t\t<span class=\"uael-accordion-icon-closed\"><i class=\"fas fa-angle-right\"><\/i><\/span>\n\t\t\t\t\t\t\t\t\t\t<span class=\"uael-accordion-icon-opened\"><i class=\"fas fa-angle-up\"><\/i><\/span>\n\t\t\t\t\t\t\t\t\t<\/span>\n\t\t\t\t\t\t\t\t\t<span class=\"uael-question-e84ffe3 uael-question-span\" tabindex=\"0\" id=\"uael-faq-9-69f5a125b50e6\">Giornate di escursioni<\/span>\n\t\t\t\t\t\t\t\t<\/div>\n\t\t\t\t\t\t\t\t<div class=\"uael-accordion-content\" role=\"tabpanel\">\n\t\t\t\t\t\t\t\t\t<span>\n\t\t\t\t\t\t\t\t\t<span><p>Giornate di escursioni e\/o gite vengono organizzate regolarmente in tutti i gruppi di et\u00e0.<strong>\n  <u>,<\/u>\n<\/strong> il Kreis-Olpe-Fahrt (3), si svolgono. Nel quarto anno \u00e8 previsto anche un viaggio finale con uno o pi\u00f9 pernottamenti, ad esempio al castello di Billstein.<\/p><\/span>\t\t\t\t\t\t\t\t\t<\/span>\n\t\t\t\t\t\t\t\t<\/div>\n\t\t\t\t\t\t\t<\/div>\n\t\t\t\t\t\t\t\t\t\t\t\t\t\t<div id=\"uael-accordion-de65a77\" class=\"uael-faq-accordion\" role=\"tablist\">\n\t\t\t\t\t\t\t\t<div class= \"uael-accordion-title\" aria-expanded=\"false\" role=\"tab\">\n\t\t\t\t\t\t\t\t\t<span class=\"uael-accordion-icon uael-accordion-icon-left\">\n\t\t\t\t\t\t\t\t\t\t<span class=\"uael-accordion-icon-closed\"><i class=\"fas fa-angle-right\"><\/i><\/span>\n\t\t\t\t\t\t\t\t\t\t<span class=\"uael-accordion-icon-opened\"><i class=\"fas fa-angle-up\"><\/i><\/span>\n\t\t\t\t\t\t\t\t\t<\/span>\n\t\t\t\t\t\t\t\t\t<span class=\"uael-question-de65a77 uael-question-span\" tabindex=\"0\" id=\"uael-faq-10-69f5a125b5127\">Salute dentale<\/span>\n\t\t\t\t\t\t\t\t<\/div>\n\t\t\t\t\t\t\t\t<div class=\"uael-accordion-content\" role=\"tabpanel\">\n\t\t\t\t\t\t\t\t\t<span>\n\t\t\t\t\t\t\t\t\t<span><p>Il gruppo di lavoro sulla salute dentale di Siegen-Wittgenstein e Olpe svolge regolarmente un programma di profilassi dentale in tutte le classi. Il programma prevede visite odontoiatriche per i bambini e lezioni sui seguenti argomenti: diverse tecniche di spazzolamento, sviluppo della carie e alimentazione sana.<\/p><\/span>\t\t\t\t\t\t\t\t\t<\/span>\n\t\t\t\t\t\t\t\t<\/div>\n\t\t\t\t\t\t\t<\/div>\n\t\t\t\t\t\t\t\t\t\t\t<\/div>\n\t\t\t<\/div>\n\t\t\t\t\t\t\t<\/div>\n\t\t\t\t<\/div>\n\t\t\t\t\t<\/div>\n\t\t<\/div>\n\t\t\t\t<div class=\"elementor-column elementor-col-50 elementor-inner-column elementor-element elementor-element-272cb11\" data-id=\"272cb11\" data-element_type=\"column\">\n\t\t\t<div class=\"elementor-widget-wrap\">\n\t\t\t\t\t\t\t<\/div>\n\t\t<\/div>\n\t\t\t\t\t<\/div>\n\t\t<\/section>\n\t\t\t\t\t<\/div>\n\t\t<\/div>\n\t\t\t\t\t<\/div>\n\t\t<\/section>\n\t\t\t\t<\/div>\n\t\t","protected":false},"excerpt":{"rendered":"<p>Interessante anche &#8230; Main Menu Unsere Schule Kollegium und Mitarbeiter Sch\u00fcler Gremien Schule von A bis Z Formulare La scuola dalla A alla Z Qui [&hellip;]<\/p>\n","protected":false},"author":1,"featured_media":0,"parent":0,"menu_order":0,"comment_status":"closed","ping_status":"closed","template":"","meta":{"inline_featured_image":false,"site-sidebar-layout":"no-sidebar","site-content-layout":"page-builder","ast-site-content-layout":"full-width-container","site-content-style":"unboxed","site-sidebar-style":"unboxed","ast-global-header-display":"","ast-banner-title-visibility":"","ast-main-header-display":"","ast-hfb-above-header-display":"","ast-hfb-below-header-display":"","ast-hfb-mobile-header-display":"","site-post-title":"disabled","ast-breadcrumbs-content":"disabled","ast-featured-img":"disabled","footer-sml-layout":"","ast-disable-related-posts":"","theme-transparent-header-meta":"enabled","adv-header-id-meta":"","stick-header-meta":"","header-above-stick-meta":"","header-main-stick-meta":"","header-below-stick-meta":"","astra-migrate-meta-layouts":"default","ast-page-background-enabled":"default","ast-page-background-meta":{"desktop":{"background-color":"","background-image":"","background-repeat":"repeat","background-position":"center center","background-size":"auto","background-attachment":"scroll","background-type":"","background-media":"","overlay-type":"","overlay-color":"","overlay-opacity":"","overlay-gradient":""},"tablet":{"background-color":"","background-image":"","background-repeat":"repeat","background-position":"center center","background-size":"auto","background-attachment":"scroll","background-type":"","background-media":"","overlay-type":"","overlay-color":"","overlay-opacity":"","overlay-gradient":""},"mobile":{"background-color":"","background-image":"","background-repeat":"repeat","background-position":"center center","background-size":"auto","background-attachment":"scroll","background-type":"","background-media":"","overlay-type":"","overlay-color":"","overlay-opacity":"","overlay-gradient":""}},"ast-content-background-meta":{"desktop":{"background-color":"var(--ast-global-color-5)","background-image":"","background-repeat":"repeat","background-position":"center center","background-size":"auto","background-attachment":"scroll","background-type":"","background-media":"","overlay-type":"","overlay-color":"","overlay-opacity":"","overlay-gradient":""},"tablet":{"background-color":"var(--ast-global-color-5)","background-image":"","background-repeat":"repeat","background-position":"center center","background-size":"auto","background-attachment":"scroll","background-type":"","background-media":"","overlay-type":"","overlay-color":"","overlay-opacity":"","overlay-gradient":""},"mobile":{"background-color":"var(--ast-global-color-5)","background-image":"","background-repeat":"repeat","background-position":"center center","background-size":"auto","background-attachment":"scroll","background-type":"","background-media":"","overlay-type":"","overlay-color":"","overlay-opacity":"","overlay-gradient":""}}},"class_list":["post-5510","page","type-page","status-publish","hentry"],"yoast_head":"<!-- This site is optimized with the Yoast SEO plugin v27.5 - https:\/\/yoast.com\/product\/yoast-seo-wordpress\/ -->\n<title>La scuola dalla A alla Z - St. Katharina Grundschule Heinsberg<\/title>\n<meta name=\"robots\" content=\"index, follow, max-snippet:-1, max-image-preview:large, max-video-preview:-1\" \/>\n<link rel=\"canonical\" href=\"https:\/\/grundschule-heinsberg.de\/it\/la-scuola-dalla-a-alla-z\/\" \/>\n<meta property=\"og:locale\" content=\"it_IT\" \/>\n<meta property=\"og:type\" content=\"article\" \/>\n<meta property=\"og:title\" content=\"La scuola dalla A alla Z - St. Katharina Grundschule Heinsberg\" \/>\n<meta property=\"og:description\" content=\"Interessante anche &#8230; Main Menu Unsere Schule Kollegium und Mitarbeiter Sch\u00fcler Gremien Schule von A bis Z Formulare La scuola dalla A alla Z Qui [&hellip;]\" \/>\n<meta property=\"og:url\" content=\"https:\/\/grundschule-heinsberg.de\/it\/la-scuola-dalla-a-alla-z\/\" \/>\n<meta property=\"og:site_name\" content=\"St. Katharina Grundschule Heinsberg\" \/>\n<meta property=\"article:modified_time\" content=\"2025-05-01T11:00:22+00:00\" \/>\n<meta property=\"og:image\" content=\"https:\/\/grundschule-heinsberg.de\/wp-content\/uploads\/2023\/03\/head_aussenansicht-grundschule-heinsberg.jpg\" \/>\n\t<meta property=\"og:image:width\" content=\"1080\" \/>\n\t<meta property=\"og:image:height\" content=\"810\" \/>\n\t<meta property=\"og:image:type\" content=\"image\/jpeg\" \/>\n<meta name=\"twitter:card\" content=\"summary_large_image\" \/>\n<meta name=\"twitter:label1\" content=\"Tempo di lettura stimato\" \/>\n\t<meta name=\"twitter:data1\" content=\"15 minuti\" \/>\n<script type=\"application\/ld+json\" class=\"yoast-schema-graph\">{\"@context\":\"https:\\\/\\\/schema.org\",\"@graph\":[{\"@type\":\"WebPage\",\"@id\":\"https:\\\/\\\/grundschule-heinsberg.de\\\/it\\\/la-scuola-dalla-a-alla-z\\\/\",\"url\":\"https:\\\/\\\/grundschule-heinsberg.de\\\/it\\\/la-scuola-dalla-a-alla-z\\\/\",\"name\":\"La scuola dalla A alla Z - St. Katharina Grundschule Heinsberg\",\"isPartOf\":{\"@id\":\"https:\\\/\\\/grundschule-heinsberg.de\\\/it\\\/#website\"},\"datePublished\":\"2023-03-23T07:55:49+00:00\",\"dateModified\":\"2025-05-01T11:00:22+00:00\",\"breadcrumb\":{\"@id\":\"https:\\\/\\\/grundschule-heinsberg.de\\\/it\\\/la-scuola-dalla-a-alla-z\\\/#breadcrumb\"},\"inLanguage\":\"it-IT\",\"potentialAction\":[{\"@type\":\"ReadAction\",\"target\":[\"https:\\\/\\\/grundschule-heinsberg.de\\\/it\\\/la-scuola-dalla-a-alla-z\\\/\"]}]},{\"@type\":\"BreadcrumbList\",\"@id\":\"https:\\\/\\\/grundschule-heinsberg.de\\\/it\\\/la-scuola-dalla-a-alla-z\\\/#breadcrumb\",\"itemListElement\":[{\"@type\":\"ListItem\",\"position\":1,\"name\":\"Startseite\",\"item\":\"https:\\\/\\\/grundschule-heinsberg.de\\\/it\\\/\"},{\"@type\":\"ListItem\",\"position\":2,\"name\":\"La scuola dalla A alla Z\"}]},{\"@type\":\"WebSite\",\"@id\":\"https:\\\/\\\/grundschule-heinsberg.de\\\/it\\\/#website\",\"url\":\"https:\\\/\\\/grundschule-heinsberg.de\\\/it\\\/\",\"name\":\"St. Katharina Grundschule Heinsberg\",\"description\":\"f\u00fcreinander, voneinander, gemeinsam und individuell: Hand in Hand auf dem Weg in die Zukunft\",\"publisher\":{\"@id\":\"https:\\\/\\\/grundschule-heinsberg.de\\\/it\\\/#organization\"},\"potentialAction\":[{\"@type\":\"SearchAction\",\"target\":{\"@type\":\"EntryPoint\",\"urlTemplate\":\"https:\\\/\\\/grundschule-heinsberg.de\\\/it\\\/?s={search_term_string}\"},\"query-input\":{\"@type\":\"PropertyValueSpecification\",\"valueRequired\":true,\"valueName\":\"search_term_string\"}}],\"inLanguage\":\"it-IT\"},{\"@type\":\"Organization\",\"@id\":\"https:\\\/\\\/grundschule-heinsberg.de\\\/it\\\/#organization\",\"name\":\"St. Katharina Grundschule Heinsberg\",\"url\":\"https:\\\/\\\/grundschule-heinsberg.de\\\/it\\\/\",\"logo\":{\"@type\":\"ImageObject\",\"inLanguage\":\"it-IT\",\"@id\":\"https:\\\/\\\/grundschule-heinsberg.de\\\/it\\\/#\\\/schema\\\/logo\\\/image\\\/\",\"url\":\"https:\\\/\\\/grundschule-heinsberg.de\\\/wp-content\\\/uploads\\\/2023\\\/03\\\/230307_Grundschule-Heinsberg_Logo_RGB.svg\",\"contentUrl\":\"https:\\\/\\\/grundschule-heinsberg.de\\\/wp-content\\\/uploads\\\/2023\\\/03\\\/230307_Grundschule-Heinsberg_Logo_RGB.svg\",\"width\":311,\"height\":135,\"caption\":\"St. Katharina Grundschule Heinsberg\"},\"image\":{\"@id\":\"https:\\\/\\\/grundschule-heinsberg.de\\\/it\\\/#\\\/schema\\\/logo\\\/image\\\/\"}}]}<\/script>\n<!-- \/ Yoast SEO plugin. -->","yoast_head_json":{"title":"La scuola dalla A alla Z - St. Katharina Grundschule Heinsberg","robots":{"index":"index","follow":"follow","max-snippet":"max-snippet:-1","max-image-preview":"max-image-preview:large","max-video-preview":"max-video-preview:-1"},"canonical":"https:\/\/grundschule-heinsberg.de\/it\/la-scuola-dalla-a-alla-z\/","og_locale":"it_IT","og_type":"article","og_title":"La scuola dalla A alla Z - St. Katharina Grundschule Heinsberg","og_description":"Interessante anche &#8230; Main Menu Unsere Schule Kollegium und Mitarbeiter Sch\u00fcler Gremien Schule von A bis Z Formulare La scuola dalla A alla Z Qui [&hellip;]","og_url":"https:\/\/grundschule-heinsberg.de\/it\/la-scuola-dalla-a-alla-z\/","og_site_name":"St. Katharina Grundschule Heinsberg","article_modified_time":"2025-05-01T11:00:22+00:00","og_image":[{"width":1080,"height":810,"url":"https:\/\/grundschule-heinsberg.de\/wp-content\/uploads\/2023\/03\/head_aussenansicht-grundschule-heinsberg.jpg","type":"image\/jpeg"}],"twitter_card":"summary_large_image","twitter_misc":{"Tempo di lettura stimato":"15 minuti"},"schema":{"@context":"https:\/\/schema.org","@graph":[{"@type":"WebPage","@id":"https:\/\/grundschule-heinsberg.de\/it\/la-scuola-dalla-a-alla-z\/","url":"https:\/\/grundschule-heinsberg.de\/it\/la-scuola-dalla-a-alla-z\/","name":"La scuola dalla A alla Z - St. Katharina Grundschule Heinsberg","isPartOf":{"@id":"https:\/\/grundschule-heinsberg.de\/it\/#website"},"datePublished":"2023-03-23T07:55:49+00:00","dateModified":"2025-05-01T11:00:22+00:00","breadcrumb":{"@id":"https:\/\/grundschule-heinsberg.de\/it\/la-scuola-dalla-a-alla-z\/#breadcrumb"},"inLanguage":"it-IT","potentialAction":[{"@type":"ReadAction","target":["https:\/\/grundschule-heinsberg.de\/it\/la-scuola-dalla-a-alla-z\/"]}]},{"@type":"BreadcrumbList","@id":"https:\/\/grundschule-heinsberg.de\/it\/la-scuola-dalla-a-alla-z\/#breadcrumb","itemListElement":[{"@type":"ListItem","position":1,"name":"Startseite","item":"https:\/\/grundschule-heinsberg.de\/it\/"},{"@type":"ListItem","position":2,"name":"La scuola dalla A alla Z"}]},{"@type":"WebSite","@id":"https:\/\/grundschule-heinsberg.de\/it\/#website","url":"https:\/\/grundschule-heinsberg.de\/it\/","name":"St. Katharina Grundschule Heinsberg","description":"f\u00fcreinander, voneinander, gemeinsam und individuell: Hand in Hand auf dem Weg in die Zukunft","publisher":{"@id":"https:\/\/grundschule-heinsberg.de\/it\/#organization"},"potentialAction":[{"@type":"SearchAction","target":{"@type":"EntryPoint","urlTemplate":"https:\/\/grundschule-heinsberg.de\/it\/?s={search_term_string}"},"query-input":{"@type":"PropertyValueSpecification","valueRequired":true,"valueName":"search_term_string"}}],"inLanguage":"it-IT"},{"@type":"Organization","@id":"https:\/\/grundschule-heinsberg.de\/it\/#organization","name":"St. Katharina Grundschule Heinsberg","url":"https:\/\/grundschule-heinsberg.de\/it\/","logo":{"@type":"ImageObject","inLanguage":"it-IT","@id":"https:\/\/grundschule-heinsberg.de\/it\/#\/schema\/logo\/image\/","url":"https:\/\/grundschule-heinsberg.de\/wp-content\/uploads\/2023\/03\/230307_Grundschule-Heinsberg_Logo_RGB.svg","contentUrl":"https:\/\/grundschule-heinsberg.de\/wp-content\/uploads\/2023\/03\/230307_Grundschule-Heinsberg_Logo_RGB.svg","width":311,"height":135,"caption":"St. Katharina Grundschule Heinsberg"},"image":{"@id":"https:\/\/grundschule-heinsberg.de\/it\/#\/schema\/logo\/image\/"}}]}},"_links":{"self":[{"href":"https:\/\/grundschule-heinsberg.de\/it\/wp-json\/wp\/v2\/pages\/5510","targetHints":{"allow":["GET"]}}],"collection":[{"href":"https:\/\/grundschule-heinsberg.de\/it\/wp-json\/wp\/v2\/pages"}],"about":[{"href":"https:\/\/grundschule-heinsberg.de\/it\/wp-json\/wp\/v2\/types\/page"}],"author":[{"embeddable":true,"href":"https:\/\/grundschule-heinsberg.de\/it\/wp-json\/wp\/v2\/users\/1"}],"replies":[{"embeddable":true,"href":"https:\/\/grundschule-heinsberg.de\/it\/wp-json\/wp\/v2\/comments?post=5510"}],"version-history":[{"count":0,"href":"https:\/\/grundschule-heinsberg.de\/it\/wp-json\/wp\/v2\/pages\/5510\/revisions"}],"wp:attachment":[{"href":"https:\/\/grundschule-heinsberg.de\/it\/wp-json\/wp\/v2\/media?parent=5510"}],"curies":[{"name":"wp","href":"https:\/\/api.w.org\/{rel}","templated":true}]}}