{"id":9311,"date":"2024-09-07T19:39:51","date_gmt":"2024-09-07T17:39:51","guid":{"rendered":"https:\/\/grundschule-heinsberg.de\/scuola-con-coraggio\/"},"modified":"2024-09-07T19:48:53","modified_gmt":"2024-09-07T17:48:53","slug":"scuola-con-coraggio","status":"publish","type":"page","link":"https:\/\/grundschule-heinsberg.de\/it\/scuola-con-coraggio\/","title":{"rendered":"Scuola con coraggio"},"content":{"rendered":"\t\t<div data-elementor-type=\"wp-page\" data-elementor-id=\"9311\" class=\"elementor elementor-9311 elementor-9289\">\n\t\t\t\t\t\t<section class=\"elementor-section elementor-top-section elementor-element elementor-element-2957ae8 elementor-section-content-middle elementor-section-full_width elementor-section-height-default elementor-section-height-default\" data-id=\"2957ae8\" data-element_type=\"section\" data-settings=\"{&quot;background_background&quot;:&quot;classic&quot;}\">\n\t\t\t\t\t\t<div class=\"elementor-container elementor-column-gap-wide\">\n\t\t\t\t\t<div class=\"elementor-column elementor-col-50 elementor-top-column elementor-element elementor-element-8dcf5bc\" data-id=\"8dcf5bc\" data-element_type=\"column\" data-settings=\"{&quot;background_background&quot;:&quot;classic&quot;}\">\n\t\t\t<div class=\"elementor-widget-wrap\">\n\t\t\t\t\t\t\t<\/div>\n\t\t<\/div>\n\t\t\t\t<div class=\"elementor-column elementor-col-50 elementor-top-column elementor-element elementor-element-1ef8d77\" data-id=\"1ef8d77\" data-element_type=\"column\" data-settings=\"{&quot;background_background&quot;:&quot;classic&quot;}\">\n\t\t\t<div class=\"elementor-widget-wrap\">\n\t\t\t\t\t\t\t<\/div>\n\t\t<\/div>\n\t\t\t\t\t<\/div>\n\t\t<\/section>\n\t\t\t\t<section class=\"elementor-section elementor-top-section elementor-element elementor-element-450eede elementor-section-boxed elementor-section-height-default elementor-section-height-default\" data-id=\"450eede\" data-element_type=\"section\">\n\t\t\t\t\t\t<div class=\"elementor-container elementor-column-gap-default\">\n\t\t\t\t\t<div class=\"elementor-column elementor-col-50 elementor-top-column elementor-element elementor-element-838a6e3\" data-id=\"838a6e3\" data-element_type=\"column\">\n\t\t\t<div class=\"elementor-widget-wrap elementor-element-populated\">\n\t\t\t\t\t\t<div class=\"elementor-element elementor-element-053bdaf elementor-widget-mobile__width-inherit elementor-widget elementor-widget-uael-advanced-heading\" data-id=\"053bdaf\" data-element_type=\"widget\" data-widget_type=\"uael-advanced-heading.default\">\n\t\t\t\t<div class=\"elementor-widget-container\">\n\t\t\t\t\t\n\t\t<div class=\"uael-module-content uael-heading-wrapper\">\n\t\t\t\t\t\t\n\t\t\t<h2 class=\"uael-heading\">\n\t\t\t\t\t\t\t\t\t\t<span class=\"uael-heading-text elementor-inline-editing uael-size--xl\" data-elementor-setting-key=\"heading_title\" data-elementor-inline-editing-toolbar=\"basic\">Scuola con coraggio<\/span>\n\t\t\t\t\t\t\t<\/h2>\n\n\t\t\t\t\t\t\t<div class=\"uael-sub-heading elementor-inline-editing\" data-elementor-setting-key=\"sub_heading\" data-elementor-inline-editing-toolbar=\"advanced\" ><p>Scuola senza razzismo - scuola con coraggio<\/p><\/div>\n\t\t\t\n\t\t\t\n\t\t\t\n\t\t\t\t\t\t<\/div>\n\t\t\t\t\t\t<\/div>\n\t\t\t\t<\/div>\n\t\t\t\t<div class=\"elementor-element elementor-element-88a6eb0 elementor-widget elementor-widget-text-editor\" data-id=\"88a6eb0\" data-element_type=\"widget\" data-widget_type=\"text-editor.default\">\n\t\t\t\t<div class=\"elementor-widget-container\">\n\t\t\t\t\t\t\t\t\t<p style=\"font-weight: 400;\">Si sono concluse le elezioni per l&#8217;ammissione alla rete &#8220;Scuola con coraggio&#8221;. Siamo lieti che il 95,2% della comunit\u00e0 scolastica sostenga il nostro obiettivo di diventare una &#8220;Scuola con coraggio&#8221; e che siamo riusciti a conquistare il sindaco Jarosz come sponsor del nostro progetto. I documenti di candidatura vengono quindi inviati alla rete.<\/p>\n<p style=\"font-weight: 400;\">\n<p style=\"font-weight: 400;\"><strong>Che cosa significa?<\/strong><\/p>\n<p style=\"font-weight: 400;\">Razzismo significa svalutare altre persone o trattarle male perch\u00e9 sono diverse, hanno un colore della pelle diverso o provengono da un Paese diverso dal proprio.<\/p>\n<p style=\"font-weight: 400;\">Nella nostra scuola imparano molti bambini diversi: alti e bassi, grassi e magri, lenti e veloci, ma anche bambini con capelli e pelle di colore diverso e bambini di culture e religioni diverse.<\/p>\n<p style=\"font-weight: 400;\">Nella nostra scuola lavorano molti adulti, che si differenziano anche per molti aspetti.<\/p>\n<p style=\"font-weight: 400;\">Alcuni di noi provengono da altri Paesi e parlano una lingua diversa dal tedesco, hanno abitudini e religioni diverse.<\/p>\n<p style=\"font-weight: 400;\">Ognuno di noi \u00e8 unico e prezioso per la nostra comunit\u00e0 scolastica!!!!<\/p>\n<p style=\"font-weight: 400;\">\n<p style=\"font-weight: 400;\"><strong>Come si presenta l&#8217;attuazione a scuola?<\/strong><\/p>\n<p style=\"font-weight: 400;\">Da un lato, lo stiamo gi\u00e0 mettendo in pratica nei nostri rapporti quotidiani con la comunit\u00e0 scolastica. D&#8217;altra parte, le discussioni nel consiglio di classe, il parlamento degli alunni, la risoluzione delle controversie, il motto del mese, il gruppo smile e il regolamento scolastico sostengono i nostri sforzi. Continuer\u00e0 anche la nostra campagna di raccolta di Suor Raphaela, avviata da tempo.<\/p>\n<p style=\"font-weight: 400;\"><u>Questo in aggiunta:<\/u><\/p>\n<p style=\"font-weight: 400;\"><strong>&#8220;Giorno delle buone azioni&#8221;<\/strong><\/p>\n<p style=\"font-weight: 400;\">Ogni bambino della scuola primaria St. Katharina diventa un angelo aiutante in un giorno speciale e sostiene una persona selezionata.<\/p>\n<p style=\"font-weight: 400;\">Esempi: Aiutare a fare la spesa, in giardino, spazzare e &#8230;<\/p>\n<p style=\"font-weight: 400;\">Ogni anno realizzeremo anche un progetto selezionato sul tema &#8220;Vivere insieme in una comunit\u00e0 colorata&#8221;.<\/p>\n<p style=\"font-weight: 400;\">\n<p>La certificazione ufficiale \u00e8 avvenuta il 4 luglio 2024.<br \/>\nIl sindaco Bj\u00f6rn Jarosz, sponsor del progetto, ha tenuto un discorso di incoraggiamento in occasione dell&#8217;accettazione ufficiale nella rete &#8220;School with Courage&#8221;.<br \/>\nHa lodato l&#8217;impegno dei ragazzi e ha sottolineato l&#8217;importanza dei loro sforzi per una comunit\u00e0 scolastica rispettosa e tollerante.<br \/>\nIn seguito, Britta Halbe, direttrice dell&#8217;autorit\u00e0 scolastica, si \u00e8 rivolta agli alunni chiedendo loro quali fossero le buone azioni compiute durante la &#8220;Giornata delle buone azioni&#8221;.<strong><em>Giornata delle buone azioni&#8221;<\/em><\/strong> si erano resi conto.<br \/>\nQuesta giornata, caratterizzata da disponibilit\u00e0 e solidariet\u00e0, \u00e8 un altro esempio dell&#8217;impegno della comunit\u00e0 scolastica.    <\/p>\n<p style=\"font-weight: 400;\">Il premio ufficiale &#8220;Scuola con coraggio&#8221; \u00e8 stato consegnato dalla signora Dagmar Sprenger e dal signor Patrick Ebertz del Centro di integrazione comunale di Olpe.<br \/>\nNelle loro parole hanno sottolineato l&#8217;importanza del premio e hanno incoraggiato la comunit\u00e0 scolastica a proseguire con determinazione sulla strada intrapresa. <\/p>\n<p style=\"font-weight: 400;\">Al termine dei festeggiamenti, la direttrice Ulrike G\u00f6bel-Kohtz ha assicurato a tutti: &#8220;Come scuola, promettiamo di continuare a svilupparci e a lavorare in modo sostenibile e di ricordare a noi stessi quanto sia importante rispettare e valorizzare gli altri.<\/p>\n<p><strong><span style=\"font-weight: 400;\">L&#8217;ingresso nella rete &#8220;Scuola con coraggio &#8211; Scuola senza razzismo&#8221; \u00e8 un&#8217;importante pietra miliare per la St. Katharina Grundschule Heinsberg e rappresenta un chiaro segnale di collaborazione rispettosa e apprezzabile.<\/span><\/strong><\/p>\n\t\t\t\t\t\t\t\t<\/div>\n\t\t\t\t<\/div>\n\t\t\t\t\t<\/div>\n\t\t<\/div>\n\t\t\t\t<div class=\"elementor-column elementor-col-50 elementor-top-column elementor-element elementor-element-ebc15e8\" data-id=\"ebc15e8\" data-element_type=\"column\" data-settings=\"{&quot;background_background&quot;:&quot;classic&quot;}\">\n\t\t\t<div class=\"elementor-widget-wrap elementor-element-populated\">\n\t\t\t\t\t\t<div class=\"elementor-element elementor-element-73cd0da elementor-widget elementor-widget-image\" data-id=\"73cd0da\" data-element_type=\"widget\" data-widget_type=\"image.default\">\n\t\t\t\t<div class=\"elementor-widget-container\">\n\t\t\t\t\t\t\t\t\t\t\t\t\t\t\t<img fetchpriority=\"high\" decoding=\"async\" width=\"640\" height=\"480\" src=\"https:\/\/grundschule-heinsberg.de\/wp-content\/uploads\/2024\/07\/IMG_3103.jpg\" class=\"attachment-large size-large wp-image-8527\" alt=\"\" srcset=\"https:\/\/grundschule-heinsberg.de\/wp-content\/uploads\/2024\/07\/IMG_3103.jpg 640w, https:\/\/grundschule-heinsberg.de\/wp-content\/uploads\/2024\/07\/IMG_3103-300x225.jpg 300w\" sizes=\"(max-width: 640px) 100vw, 640px\" \/>\t\t\t\t\t\t\t\t\t\t\t\t\t\t\t<\/div>\n\t\t\t\t<\/div>\n\t\t\t\t<div class=\"elementor-element elementor-element-c195af8 elementor-widget elementor-widget-image\" data-id=\"c195af8\" data-element_type=\"widget\" data-widget_type=\"image.default\">\n\t\t\t\t<div class=\"elementor-widget-container\">\n\t\t\t\t\t\t\t\t\t\t\t\t\t\t\t<img decoding=\"async\" width=\"1000\" height=\"338\" src=\"https:\/\/grundschule-heinsberg.de\/wp-content\/uploads\/2024\/08\/Schule-ohne-Rassismus-Logo.png.webp\" class=\"attachment-1536x1536 size-1536x1536 wp-image-8939\" alt=\"\" srcset=\"https:\/\/grundschule-heinsberg.de\/wp-content\/uploads\/2024\/08\/Schule-ohne-Rassismus-Logo.png.webp 1000w, https:\/\/grundschule-heinsberg.de\/wp-content\/uploads\/2024\/08\/Schule-ohne-Rassismus-Logo.png-300x101.webp 300w, https:\/\/grundschule-heinsberg.de\/wp-content\/uploads\/2024\/08\/Schule-ohne-Rassismus-Logo.png-768x260.webp 768w\" sizes=\"(max-width: 1000px) 100vw, 1000px\" \/>\t\t\t\t\t\t\t\t\t\t\t\t\t\t\t<\/div>\n\t\t\t\t<\/div>\n\t\t\t\t\t<\/div>\n\t\t<\/div>\n\t\t\t\t\t<\/div>\n\t\t<\/section>\n\t\t\t\t<\/div>\n\t\t","protected":false},"excerpt":{"rendered":"<p>Scuola con coraggio Scuola senza razzismo &#8211; scuola con coraggio Si sono concluse le elezioni per l&#8217;ammissione alla rete &#8220;Scuola con coraggio&#8221;. Siamo lieti che [&hellip;]<\/p>\n","protected":false},"author":2,"featured_media":0,"parent":0,"menu_order":0,"comment_status":"closed","ping_status":"closed","template":"","meta":{"inline_featured_image":false,"site-sidebar-layout":"no-sidebar","site-content-layout":"page-builder","ast-site-content-layout":"full-width-container","site-content-style":"unboxed","site-sidebar-style":"unboxed","ast-global-header-display":"","ast-banner-title-visibility":"","ast-main-header-display":"","ast-hfb-above-header-display":"","ast-hfb-below-header-display":"","ast-hfb-mobile-header-display":"","site-post-title":"disabled","ast-breadcrumbs-content":"","ast-featured-img":"disabled","footer-sml-layout":"","ast-disable-related-posts":"","theme-transparent-header-meta":"","adv-header-id-meta":"","stick-header-meta":"","header-above-stick-meta":"","header-main-stick-meta":"","header-below-stick-meta":"","astra-migrate-meta-layouts":"default","ast-page-background-enabled":"default","ast-page-background-meta":{"desktop":{"background-color":"","background-image":"","background-repeat":"repeat","background-position":"center center","background-size":"auto","background-attachment":"scroll","background-type":"","background-media":"","overlay-type":"","overlay-color":"","overlay-opacity":"","overlay-gradient":""},"tablet":{"background-color":"","background-image":"","background-repeat":"repeat","background-position":"center center","background-size":"auto","background-attachment":"scroll","background-type":"","background-media":"","overlay-type":"","overlay-color":"","overlay-opacity":"","overlay-gradient":""},"mobile":{"background-color":"","background-image":"","background-repeat":"repeat","background-position":"center center","background-size":"auto","background-attachment":"scroll","background-type":"","background-media":"","overlay-type":"","overlay-color":"","overlay-opacity":"","overlay-gradient":""}},"ast-content-background-meta":{"desktop":{"background-color":"var(--ast-global-color-5)","background-image":"","background-repeat":"repeat","background-position":"center center","background-size":"auto","background-attachment":"scroll","background-type":"","background-media":"","overlay-type":"","overlay-color":"","overlay-opacity":"","overlay-gradient":""},"tablet":{"background-color":"var(--ast-global-color-5)","background-image":"","background-repeat":"repeat","background-position":"center center","background-size":"auto","background-attachment":"scroll","background-type":"","background-media":"","overlay-type":"","overlay-color":"","overlay-opacity":"","overlay-gradient":""},"mobile":{"background-color":"var(--ast-global-color-5)","background-image":"","background-repeat":"repeat","background-position":"center center","background-size":"auto","background-attachment":"scroll","background-type":"","background-media":"","overlay-type":"","overlay-color":"","overlay-opacity":"","overlay-gradient":""}}},"class_list":["post-9311","page","type-page","status-publish","hentry"],"yoast_head":"<!-- This site is optimized with the Yoast SEO plugin v27.5 - https:\/\/yoast.com\/product\/yoast-seo-wordpress\/ -->\n<title>Scuola con coraggio - St. Katharina Grundschule Heinsberg<\/title>\n<meta name=\"robots\" content=\"index, follow, max-snippet:-1, max-image-preview:large, max-video-preview:-1\" \/>\n<link rel=\"canonical\" href=\"https:\/\/grundschule-heinsberg.de\/it\/scuola-con-coraggio\/\" \/>\n<meta property=\"og:locale\" content=\"it_IT\" \/>\n<meta property=\"og:type\" content=\"article\" \/>\n<meta property=\"og:title\" content=\"Scuola con coraggio - St. Katharina Grundschule Heinsberg\" \/>\n<meta property=\"og:description\" content=\"Scuola con coraggio Scuola senza razzismo &#8211; scuola con coraggio Si sono concluse le elezioni per l&#8217;ammissione alla rete &#8220;Scuola con coraggio&#8221;. Siamo lieti che [&hellip;]\" \/>\n<meta property=\"og:url\" content=\"https:\/\/grundschule-heinsberg.de\/it\/scuola-con-coraggio\/\" \/>\n<meta property=\"og:site_name\" content=\"St. Katharina Grundschule Heinsberg\" \/>\n<meta property=\"article:modified_time\" content=\"2024-09-07T17:48:53+00:00\" \/>\n<meta property=\"og:image\" content=\"https:\/\/grundschule-heinsberg.de\/wp-content\/uploads\/2024\/07\/IMG_3103.jpg\" \/>\n<meta name=\"twitter:card\" content=\"summary_large_image\" \/>\n<meta name=\"twitter:label1\" content=\"Tempo di lettura stimato\" \/>\n\t<meta name=\"twitter:data1\" content=\"2 minuti\" \/>\n<script type=\"application\/ld+json\" class=\"yoast-schema-graph\">{\"@context\":\"https:\\\/\\\/schema.org\",\"@graph\":[{\"@type\":\"WebPage\",\"@id\":\"https:\\\/\\\/grundschule-heinsberg.de\\\/it\\\/scuola-con-coraggio\\\/\",\"url\":\"https:\\\/\\\/grundschule-heinsberg.de\\\/it\\\/scuola-con-coraggio\\\/\",\"name\":\"Scuola con coraggio - St. Katharina Grundschule Heinsberg\",\"isPartOf\":{\"@id\":\"https:\\\/\\\/grundschule-heinsberg.de\\\/it\\\/#website\"},\"primaryImageOfPage\":{\"@id\":\"https:\\\/\\\/grundschule-heinsberg.de\\\/it\\\/scuola-con-coraggio\\\/#primaryimage\"},\"image\":{\"@id\":\"https:\\\/\\\/grundschule-heinsberg.de\\\/it\\\/scuola-con-coraggio\\\/#primaryimage\"},\"thumbnailUrl\":\"https:\\\/\\\/grundschule-heinsberg.de\\\/wp-content\\\/uploads\\\/2024\\\/07\\\/IMG_3103.jpg\",\"datePublished\":\"2024-09-07T17:39:51+00:00\",\"dateModified\":\"2024-09-07T17:48:53+00:00\",\"breadcrumb\":{\"@id\":\"https:\\\/\\\/grundschule-heinsberg.de\\\/it\\\/scuola-con-coraggio\\\/#breadcrumb\"},\"inLanguage\":\"it-IT\",\"potentialAction\":[{\"@type\":\"ReadAction\",\"target\":[\"https:\\\/\\\/grundschule-heinsberg.de\\\/it\\\/scuola-con-coraggio\\\/\"]}]},{\"@type\":\"ImageObject\",\"inLanguage\":\"it-IT\",\"@id\":\"https:\\\/\\\/grundschule-heinsberg.de\\\/it\\\/scuola-con-coraggio\\\/#primaryimage\",\"url\":\"https:\\\/\\\/grundschule-heinsberg.de\\\/wp-content\\\/uploads\\\/2024\\\/07\\\/IMG_3103.jpg\",\"contentUrl\":\"https:\\\/\\\/grundschule-heinsberg.de\\\/wp-content\\\/uploads\\\/2024\\\/07\\\/IMG_3103.jpg\"},{\"@type\":\"BreadcrumbList\",\"@id\":\"https:\\\/\\\/grundschule-heinsberg.de\\\/it\\\/scuola-con-coraggio\\\/#breadcrumb\",\"itemListElement\":[{\"@type\":\"ListItem\",\"position\":1,\"name\":\"Startseite\",\"item\":\"https:\\\/\\\/grundschule-heinsberg.de\\\/it\\\/\"},{\"@type\":\"ListItem\",\"position\":2,\"name\":\"Scuola con coraggio\"}]},{\"@type\":\"WebSite\",\"@id\":\"https:\\\/\\\/grundschule-heinsberg.de\\\/it\\\/#website\",\"url\":\"https:\\\/\\\/grundschule-heinsberg.de\\\/it\\\/\",\"name\":\"St. Katharina Grundschule Heinsberg\",\"description\":\"f\u00fcreinander, voneinander, gemeinsam und individuell: Hand in Hand auf dem Weg in die Zukunft\",\"publisher\":{\"@id\":\"https:\\\/\\\/grundschule-heinsberg.de\\\/it\\\/#organization\"},\"potentialAction\":[{\"@type\":\"SearchAction\",\"target\":{\"@type\":\"EntryPoint\",\"urlTemplate\":\"https:\\\/\\\/grundschule-heinsberg.de\\\/it\\\/?s={search_term_string}\"},\"query-input\":{\"@type\":\"PropertyValueSpecification\",\"valueRequired\":true,\"valueName\":\"search_term_string\"}}],\"inLanguage\":\"it-IT\"},{\"@type\":\"Organization\",\"@id\":\"https:\\\/\\\/grundschule-heinsberg.de\\\/it\\\/#organization\",\"name\":\"St. Katharina Grundschule Heinsberg\",\"url\":\"https:\\\/\\\/grundschule-heinsberg.de\\\/it\\\/\",\"logo\":{\"@type\":\"ImageObject\",\"inLanguage\":\"it-IT\",\"@id\":\"https:\\\/\\\/grundschule-heinsberg.de\\\/it\\\/#\\\/schema\\\/logo\\\/image\\\/\",\"url\":\"https:\\\/\\\/grundschule-heinsberg.de\\\/wp-content\\\/uploads\\\/2023\\\/03\\\/230307_Grundschule-Heinsberg_Logo_RGB.svg\",\"contentUrl\":\"https:\\\/\\\/grundschule-heinsberg.de\\\/wp-content\\\/uploads\\\/2023\\\/03\\\/230307_Grundschule-Heinsberg_Logo_RGB.svg\",\"width\":311,\"height\":135,\"caption\":\"St. Katharina Grundschule Heinsberg\"},\"image\":{\"@id\":\"https:\\\/\\\/grundschule-heinsberg.de\\\/it\\\/#\\\/schema\\\/logo\\\/image\\\/\"}}]}<\/script>\n<!-- \/ Yoast SEO plugin. -->","yoast_head_json":{"title":"Scuola con coraggio - St. Katharina Grundschule Heinsberg","robots":{"index":"index","follow":"follow","max-snippet":"max-snippet:-1","max-image-preview":"max-image-preview:large","max-video-preview":"max-video-preview:-1"},"canonical":"https:\/\/grundschule-heinsberg.de\/it\/scuola-con-coraggio\/","og_locale":"it_IT","og_type":"article","og_title":"Scuola con coraggio - St. Katharina Grundschule Heinsberg","og_description":"Scuola con coraggio Scuola senza razzismo &#8211; scuola con coraggio Si sono concluse le elezioni per l&#8217;ammissione alla rete &#8220;Scuola con coraggio&#8221;. Siamo lieti che [&hellip;]","og_url":"https:\/\/grundschule-heinsberg.de\/it\/scuola-con-coraggio\/","og_site_name":"St. Katharina Grundschule Heinsberg","article_modified_time":"2024-09-07T17:48:53+00:00","og_image":[{"url":"https:\/\/grundschule-heinsberg.de\/wp-content\/uploads\/2024\/07\/IMG_3103.jpg","type":"","width":"","height":""}],"twitter_card":"summary_large_image","twitter_misc":{"Tempo di lettura stimato":"2 minuti"},"schema":{"@context":"https:\/\/schema.org","@graph":[{"@type":"WebPage","@id":"https:\/\/grundschule-heinsberg.de\/it\/scuola-con-coraggio\/","url":"https:\/\/grundschule-heinsberg.de\/it\/scuola-con-coraggio\/","name":"Scuola con coraggio - St. Katharina Grundschule Heinsberg","isPartOf":{"@id":"https:\/\/grundschule-heinsberg.de\/it\/#website"},"primaryImageOfPage":{"@id":"https:\/\/grundschule-heinsberg.de\/it\/scuola-con-coraggio\/#primaryimage"},"image":{"@id":"https:\/\/grundschule-heinsberg.de\/it\/scuola-con-coraggio\/#primaryimage"},"thumbnailUrl":"https:\/\/grundschule-heinsberg.de\/wp-content\/uploads\/2024\/07\/IMG_3103.jpg","datePublished":"2024-09-07T17:39:51+00:00","dateModified":"2024-09-07T17:48:53+00:00","breadcrumb":{"@id":"https:\/\/grundschule-heinsberg.de\/it\/scuola-con-coraggio\/#breadcrumb"},"inLanguage":"it-IT","potentialAction":[{"@type":"ReadAction","target":["https:\/\/grundschule-heinsberg.de\/it\/scuola-con-coraggio\/"]}]},{"@type":"ImageObject","inLanguage":"it-IT","@id":"https:\/\/grundschule-heinsberg.de\/it\/scuola-con-coraggio\/#primaryimage","url":"https:\/\/grundschule-heinsberg.de\/wp-content\/uploads\/2024\/07\/IMG_3103.jpg","contentUrl":"https:\/\/grundschule-heinsberg.de\/wp-content\/uploads\/2024\/07\/IMG_3103.jpg"},{"@type":"BreadcrumbList","@id":"https:\/\/grundschule-heinsberg.de\/it\/scuola-con-coraggio\/#breadcrumb","itemListElement":[{"@type":"ListItem","position":1,"name":"Startseite","item":"https:\/\/grundschule-heinsberg.de\/it\/"},{"@type":"ListItem","position":2,"name":"Scuola con coraggio"}]},{"@type":"WebSite","@id":"https:\/\/grundschule-heinsberg.de\/it\/#website","url":"https:\/\/grundschule-heinsberg.de\/it\/","name":"St. Katharina Grundschule Heinsberg","description":"f\u00fcreinander, voneinander, gemeinsam und individuell: Hand in Hand auf dem Weg in die Zukunft","publisher":{"@id":"https:\/\/grundschule-heinsberg.de\/it\/#organization"},"potentialAction":[{"@type":"SearchAction","target":{"@type":"EntryPoint","urlTemplate":"https:\/\/grundschule-heinsberg.de\/it\/?s={search_term_string}"},"query-input":{"@type":"PropertyValueSpecification","valueRequired":true,"valueName":"search_term_string"}}],"inLanguage":"it-IT"},{"@type":"Organization","@id":"https:\/\/grundschule-heinsberg.de\/it\/#organization","name":"St. Katharina Grundschule Heinsberg","url":"https:\/\/grundschule-heinsberg.de\/it\/","logo":{"@type":"ImageObject","inLanguage":"it-IT","@id":"https:\/\/grundschule-heinsberg.de\/it\/#\/schema\/logo\/image\/","url":"https:\/\/grundschule-heinsberg.de\/wp-content\/uploads\/2023\/03\/230307_Grundschule-Heinsberg_Logo_RGB.svg","contentUrl":"https:\/\/grundschule-heinsberg.de\/wp-content\/uploads\/2023\/03\/230307_Grundschule-Heinsberg_Logo_RGB.svg","width":311,"height":135,"caption":"St. Katharina Grundschule Heinsberg"},"image":{"@id":"https:\/\/grundschule-heinsberg.de\/it\/#\/schema\/logo\/image\/"}}]}},"_links":{"self":[{"href":"https:\/\/grundschule-heinsberg.de\/it\/wp-json\/wp\/v2\/pages\/9311","targetHints":{"allow":["GET"]}}],"collection":[{"href":"https:\/\/grundschule-heinsberg.de\/it\/wp-json\/wp\/v2\/pages"}],"about":[{"href":"https:\/\/grundschule-heinsberg.de\/it\/wp-json\/wp\/v2\/types\/page"}],"author":[{"embeddable":true,"href":"https:\/\/grundschule-heinsberg.de\/it\/wp-json\/wp\/v2\/users\/2"}],"replies":[{"embeddable":true,"href":"https:\/\/grundschule-heinsberg.de\/it\/wp-json\/wp\/v2\/comments?post=9311"}],"version-history":[{"count":0,"href":"https:\/\/grundschule-heinsberg.de\/it\/wp-json\/wp\/v2\/pages\/9311\/revisions"}],"wp:attachment":[{"href":"https:\/\/grundschule-heinsberg.de\/it\/wp-json\/wp\/v2\/media?parent=9311"}],"curies":[{"name":"wp","href":"https:\/\/api.w.org\/{rel}","templated":true}]}}