{"id":9312,"date":"2024-09-07T19:39:51","date_gmt":"2024-09-07T17:39:51","guid":{"rendered":"https:\/\/grundschule-heinsberg.de\/dibistana-bi-cesaret\/"},"modified":"2024-09-07T19:48:53","modified_gmt":"2024-09-07T17:48:53","slug":"dibistana-bi-cesaret","status":"publish","type":"page","link":"https:\/\/grundschule-heinsberg.de\/ku\/dibistana-bi-cesaret\/","title":{"rendered":"Dibistana bi cesaret"},"content":{"rendered":"\t\t<div data-elementor-type=\"wp-page\" data-elementor-id=\"9312\" class=\"elementor elementor-9312 elementor-9289\">\n\t\t\t\t\t\t<section class=\"elementor-section elementor-top-section elementor-element elementor-element-2957ae8 elementor-section-content-middle elementor-section-full_width elementor-section-height-default elementor-section-height-default\" data-id=\"2957ae8\" data-element_type=\"section\" data-settings=\"{&quot;background_background&quot;:&quot;classic&quot;}\">\n\t\t\t\t\t\t<div class=\"elementor-container elementor-column-gap-wide\">\n\t\t\t\t\t<div class=\"elementor-column elementor-col-50 elementor-top-column elementor-element elementor-element-8dcf5bc\" data-id=\"8dcf5bc\" data-element_type=\"column\" data-settings=\"{&quot;background_background&quot;:&quot;classic&quot;}\">\n\t\t\t<div class=\"elementor-widget-wrap\">\n\t\t\t\t\t\t\t<\/div>\n\t\t<\/div>\n\t\t\t\t<div class=\"elementor-column elementor-col-50 elementor-top-column elementor-element elementor-element-1ef8d77\" data-id=\"1ef8d77\" data-element_type=\"column\" data-settings=\"{&quot;background_background&quot;:&quot;classic&quot;}\">\n\t\t\t<div class=\"elementor-widget-wrap\">\n\t\t\t\t\t\t\t<\/div>\n\t\t<\/div>\n\t\t\t\t\t<\/div>\n\t\t<\/section>\n\t\t\t\t<section class=\"elementor-section elementor-top-section elementor-element elementor-element-450eede elementor-section-boxed elementor-section-height-default elementor-section-height-default\" data-id=\"450eede\" data-element_type=\"section\">\n\t\t\t\t\t\t<div class=\"elementor-container elementor-column-gap-default\">\n\t\t\t\t\t<div class=\"elementor-column elementor-col-50 elementor-top-column elementor-element elementor-element-838a6e3\" data-id=\"838a6e3\" data-element_type=\"column\">\n\t\t\t<div class=\"elementor-widget-wrap elementor-element-populated\">\n\t\t\t\t\t\t<div class=\"elementor-element elementor-element-053bdaf elementor-widget-mobile__width-inherit elementor-widget elementor-widget-uael-advanced-heading\" data-id=\"053bdaf\" data-element_type=\"widget\" data-widget_type=\"uael-advanced-heading.default\">\n\t\t\t\t<div class=\"elementor-widget-container\">\n\t\t\t\t\t\n\t\t<div class=\"uael-module-content uael-heading-wrapper\">\n\t\t\t\t\t\t\n\t\t\t<h2 class=\"uael-heading\">\n\t\t\t\t\t\t\t\t\t\t<span class=\"uael-heading-text elementor-inline-editing uael-size--xl\" data-elementor-setting-key=\"heading_title\" data-elementor-inline-editing-toolbar=\"basic\">Dibistana bi cesaret<\/span>\n\t\t\t\t\t\t\t<\/h2>\n\n\t\t\t\t\t\t\t<div class=\"uael-sub-heading elementor-inline-editing\" data-elementor-setting-key=\"sub_heading\" data-elementor-inline-editing-toolbar=\"advanced\" ><p>Dibistana b\u00ea nijadperest\u00ee - dibistana bi cesaret<\/p><\/div>\n\t\t\t\n\t\t\t\n\t\t\t\n\t\t\t\t\t\t<\/div>\n\t\t\t\t\t\t<\/div>\n\t\t\t\t<\/div>\n\t\t\t\t<div class=\"elementor-element elementor-element-88a6eb0 elementor-widget elementor-widget-text-editor\" data-id=\"88a6eb0\" data-element_type=\"widget\" data-widget_type=\"text-editor.default\">\n\t\t\t\t<div class=\"elementor-widget-container\">\n\t\t\t\t\t\t\t\t\t<p style=\"font-weight: 400;\">Hilbijartina tevl\u00eab\u00fbna tevna &#8220;Dibistana Bi W\u00earek&#8221; bi daw\u00ee b\u00fb. Em pir k\u00eafxwe\u015f in ku ji sed\u00ee 95,2 \u00ea civata dibistan\u00ea pi\u015ftgir\u00eeya doza me dike ku em bibin &#8220;dibistana bi cesaret&#8221; \u00fb ku me kar\u00eeb\u00fb \u015earedar Jarosz wek\u00ee sponsor ji bo projeya xwe bi dest bixin. Naha belgey\u00ean ser\u00eel\u00eadan\u00ea ji tor\u00ea re t\u00eane \u015fandin.<\/p>\n<p style=\"font-weight: 400;\">\n<p style=\"font-weight: 400;\"><strong>Kutana bizmar\u00ee?<\/strong><\/p>\n<p style=\"font-weight: 400;\">N\u00eejadperest\u00ee t\u00ea wateya b\u00eaq\u00eemetkirin an xirabkirina mirov\u00ean din ji ber ku ew c\u00fbda ne, reng\u00ea \u00e7erm\u00ea wan c\u00fbda ne an ji welatek ji we c\u00fbda ne.<\/p>\n<p style=\"font-weight: 400;\">Gelek zarok\u00ean cih\u00eareng li dibistana me h\u00een dibin: dir\u00eaj \u00fb kurt, qelew \u00fb nazik, h\u00ead\u00ee \u00fb bi lez \u00fb her weha zarok\u00ean bi reng\u00ea por \u00fb \u00e7erm\u00ea cuda \u00fb hem j\u00ee zarok\u00ean ji \u00e7and \u00fb ol\u00ean cih\u00ea.<\/p>\n<p style=\"font-weight: 400;\">Gelek mezin li dibistana me dixebitin, \u00fb ew j\u00ee di gelek waran de ji hev cuda ne.<\/p>\n<p style=\"font-weight: 400;\">Hin ji me ji welat\u00ean din hatine \u00fb ji bil\u00ee alman\u00ee bi zimanek\u00ee din diaxivin \u00fb adet \u00fb ol\u00ean cuda hene.<\/p>\n<p style=\"font-weight: 400;\">Her yek ji me ji civaka dibistana xwe re b\u00eahempa \u00fb h\u00eaja ye!!!!<\/p>\n<p style=\"font-weight: 400;\">\n<p style=\"font-weight: 400;\"><strong>P\u00eakan\u00eena li dibistan\u00ea \u00e7awa xuya dike?<\/strong><\/p>\n<p style=\"font-weight: 400;\">Ji aliyek\u00ea ve, em jixwe v\u00ea yek\u00ea di t\u00eakiliy\u00ean xwe y\u00ean rojane de di civaka dibistan\u00ea de dij\u00een \u00fb p\u00eak t\u00eenin. Li aliy\u00ea din n\u00eeqa\u015f\u00ean li mecl\u00eesa pol\u00ea, li parlamentoya xwendekaran, \u00e7areserkirina nakokiyan, dir\u00fb\u015fma meh\u00ea, koma bi\u015fir\u00een \u00fb r\u00eazik\u00ean dibistan\u00ea pi\u015ftgir\u00ee didin projeya me. Kampanyaya berhevkirina me ya demdir\u00eaj Xwi\u015fka Raphaela d\u00ea heb\u00fbna xwe bidom\u00eene.<\/p>\n<p style=\"font-weight: 400;\"><u>Ev t\u00ea z\u00eadekirin:<\/u><\/p>\n<p style=\"font-weight: 400;\"><strong>&#8220;Roja Kar\u00ean Ba\u015f&#8221;<\/strong><\/p>\n<p style=\"font-weight: 400;\">Her zarokek li Dibistana Seretay\u00ee ya St.<\/p>\n<p style=\"font-weight: 400;\">Nim\u00fbne: Al\u00eekariya kir\u00een\u00ea, li bax\u00e7e, bi \u015f\u00fb\u015ftin \u00fb&#8230;<\/p>\n<p style=\"font-weight: 400;\">Her wiha em \u00ea her sal bi mijara \u201cdi civakeke reng\u00een de bi hev re bij\u00een\u201d projeyek hilbijart\u00ee p\u00eak b\u00eenin.<\/p>\n<p style=\"font-weight: 400;\">\n<p>Sert\u00eef\u00eekaya ferm\u00ee di 4-\u00ea T\u00eermeha 2024-an de p\u00eak hat. Di meras\u00eema qeb\u00fblkirina nav tora &#8220;Dibistana Bi W\u00earek&#8221; de, \u015earedar Bj\u00f6rn Jarosz, wek\u00ee sponsor\u00ea projey\u00ea, axaftinek te\u015fw\u00eeq kir. W\u00ee pabendb\u00fbna zarokan bilind nirxand \u00fb tekez\u00ee li ser giringiya pabendb\u00fbna wan bi civakeke dibistan\u00ean r\u00eazdar \u00fb tolerans kir. D\u00fbvre Mid\u00fbr\u00ea Nav\u00e7eya Dibistan\u00ea Britta Halbe x\u00eetab\u00ee xwendekaran kir \u00fb li ser kar\u00ean ba\u015f \u00ean ku wan di &#8221; <strong><em>Roja Kar\u00ean Qenciy\u00ea&#8221;<\/em><\/strong> de kirine pirs\u00ee. Ev roja ku ji bo al\u00eekar\u00ee \u00fb hevgirtin\u00ea hatiye terxankirin, m\u00eenakeke din a pabendb\u00fbna civaka dibistan\u00ea ye.    <\/p>\n<p style=\"font-weight: 400;\">Xelata ferm\u00ee ya &#8220;Dibistana bi W\u00earek&#8221; ji aliy\u00ea xanim Dagmar Sprenger \u00fb bir\u00eaz Patrick Ebertz ji Navenda Entegrasyon\u00ea ya \u015earedariya Olpey\u00ea hat day\u00een. Di gotin\u00ean xwe de bal ki\u015fandin ser gir\u00eengiya xelat\u00ea \u00fb civaka dibistan\u00ea te\u015fw\u00eeq kirin ku bi biryardar\u00ee li ser riya hilbijart\u00ee bidom\u00eenin. <\/p>\n<p style=\"font-weight: 400;\">Di dawiya p\u00eerozbahiy\u00ea de, mamoste Ulrike G\u00f6bel-Kohtz pi\u015ftrast kir: &#8220;Em wek dibistan, soz didin ku em \u00ea bi domdar\u00ee p\u00ea\u015fkeftin \u00fb xebata xwe bidom\u00eenin \u00fb her dem bi b\u00eer b\u00eenin ku \u00e7iqas gir\u00eeng e r\u00eazgirtin \u00fb q\u00eemetkirina hev\u00fbdu.&#8221;<\/p>\n<p><strong><span style=\"font-weight: 400;\">Tevl\u00eeb\u00fbna di tora &#8220;Dibistana bi W\u00earek &#8211; Dibistana b\u00ea Nijadperest\u00ee&#8221; ji bo Dibistana Seretay\u00ee ya St.<\/span><\/strong><\/p>\n\t\t\t\t\t\t\t\t<\/div>\n\t\t\t\t<\/div>\n\t\t\t\t\t<\/div>\n\t\t<\/div>\n\t\t\t\t<div class=\"elementor-column elementor-col-50 elementor-top-column elementor-element elementor-element-ebc15e8\" data-id=\"ebc15e8\" data-element_type=\"column\" data-settings=\"{&quot;background_background&quot;:&quot;classic&quot;}\">\n\t\t\t<div class=\"elementor-widget-wrap elementor-element-populated\">\n\t\t\t\t\t\t<div class=\"elementor-element elementor-element-73cd0da elementor-widget elementor-widget-image\" data-id=\"73cd0da\" data-element_type=\"widget\" data-widget_type=\"image.default\">\n\t\t\t\t<div class=\"elementor-widget-container\">\n\t\t\t\t\t\t\t\t\t\t\t\t\t\t\t<img fetchpriority=\"high\" decoding=\"async\" width=\"640\" height=\"480\" src=\"https:\/\/grundschule-heinsberg.de\/wp-content\/uploads\/2024\/07\/IMG_3103.jpg\" class=\"attachment-large size-large wp-image-8528\" alt=\"\" srcset=\"https:\/\/grundschule-heinsberg.de\/wp-content\/uploads\/2024\/07\/IMG_3103.jpg 640w, https:\/\/grundschule-heinsberg.de\/wp-content\/uploads\/2024\/07\/IMG_3103-300x225.jpg 300w\" sizes=\"(max-width: 640px) 100vw, 640px\" \/>\t\t\t\t\t\t\t\t\t\t\t\t\t\t\t<\/div>\n\t\t\t\t<\/div>\n\t\t\t\t<div class=\"elementor-element elementor-element-c195af8 elementor-widget elementor-widget-image\" data-id=\"c195af8\" data-element_type=\"widget\" data-widget_type=\"image.default\">\n\t\t\t\t<div class=\"elementor-widget-container\">\n\t\t\t\t\t\t\t\t\t\t\t\t\t\t\t<img decoding=\"async\" width=\"1000\" height=\"338\" src=\"https:\/\/grundschule-heinsberg.de\/wp-content\/uploads\/2024\/08\/Schule-ohne-Rassismus-Logo.png.webp\" class=\"attachment-1536x1536 size-1536x1536 wp-image-8940\" alt=\"\" srcset=\"https:\/\/grundschule-heinsberg.de\/wp-content\/uploads\/2024\/08\/Schule-ohne-Rassismus-Logo.png.webp 1000w, https:\/\/grundschule-heinsberg.de\/wp-content\/uploads\/2024\/08\/Schule-ohne-Rassismus-Logo.png-300x101.webp 300w, https:\/\/grundschule-heinsberg.de\/wp-content\/uploads\/2024\/08\/Schule-ohne-Rassismus-Logo.png-768x260.webp 768w\" sizes=\"(max-width: 1000px) 100vw, 1000px\" \/>\t\t\t\t\t\t\t\t\t\t\t\t\t\t\t<\/div>\n\t\t\t\t<\/div>\n\t\t\t\t\t<\/div>\n\t\t<\/div>\n\t\t\t\t\t<\/div>\n\t\t<\/section>\n\t\t\t\t<\/div>\n\t\t","protected":false},"excerpt":{"rendered":"<p>Dibistana bi cesaret Dibistana b\u00ea nijadperest\u00ee &#8211; dibistana bi cesaret Hilbijartina tevl\u00eab\u00fbna tevna &#8220;Dibistana Bi W\u00earek&#8221; bi daw\u00ee b\u00fb. Em pir k\u00eafxwe\u015f in ku ji [&hellip;]<\/p>\n","protected":false},"author":2,"featured_media":0,"parent":0,"menu_order":0,"comment_status":"closed","ping_status":"closed","template":"","meta":{"inline_featured_image":false,"site-sidebar-layout":"no-sidebar","site-content-layout":"page-builder","ast-site-content-layout":"full-width-container","site-content-style":"unboxed","site-sidebar-style":"unboxed","ast-global-header-display":"","ast-banner-title-visibility":"","ast-main-header-display":"","ast-hfb-above-header-display":"","ast-hfb-below-header-display":"","ast-hfb-mobile-header-display":"","site-post-title":"disabled","ast-breadcrumbs-content":"","ast-featured-img":"disabled","footer-sml-layout":"","ast-disable-related-posts":"","theme-transparent-header-meta":"","adv-header-id-meta":"","stick-header-meta":"","header-above-stick-meta":"","header-main-stick-meta":"","header-below-stick-meta":"","astra-migrate-meta-layouts":"default","ast-page-background-enabled":"default","ast-page-background-meta":{"desktop":{"background-color":"","background-image":"","background-repeat":"repeat","background-position":"center center","background-size":"auto","background-attachment":"scroll","background-type":"","background-media":"","overlay-type":"","overlay-color":"","overlay-opacity":"","overlay-gradient":""},"tablet":{"background-color":"","background-image":"","background-repeat":"repeat","background-position":"center center","background-size":"auto","background-attachment":"scroll","background-type":"","background-media":"","overlay-type":"","overlay-color":"","overlay-opacity":"","overlay-gradient":""},"mobile":{"background-color":"","background-image":"","background-repeat":"repeat","background-position":"center center","background-size":"auto","background-attachment":"scroll","background-type":"","background-media":"","overlay-type":"","overlay-color":"","overlay-opacity":"","overlay-gradient":""}},"ast-content-background-meta":{"desktop":{"background-color":"var(--ast-global-color-5)","background-image":"","background-repeat":"repeat","background-position":"center center","background-size":"auto","background-attachment":"scroll","background-type":"","background-media":"","overlay-type":"","overlay-color":"","overlay-opacity":"","overlay-gradient":""},"tablet":{"background-color":"var(--ast-global-color-5)","background-image":"","background-repeat":"repeat","background-position":"center center","background-size":"auto","background-attachment":"scroll","background-type":"","background-media":"","overlay-type":"","overlay-color":"","overlay-opacity":"","overlay-gradient":""},"mobile":{"background-color":"var(--ast-global-color-5)","background-image":"","background-repeat":"repeat","background-position":"center center","background-size":"auto","background-attachment":"scroll","background-type":"","background-media":"","overlay-type":"","overlay-color":"","overlay-opacity":"","overlay-gradient":""}}},"class_list":["post-9312","page","type-page","status-publish","hentry"],"yoast_head":"<!-- This site is optimized with the Yoast SEO plugin v27.5 - https:\/\/yoast.com\/product\/yoast-seo-wordpress\/ -->\n<title>Dibistana bi cesaret - St. Katharina Grundschule Heinsberg<\/title>\n<meta name=\"robots\" content=\"index, follow, max-snippet:-1, max-image-preview:large, max-video-preview:-1\" \/>\n<link rel=\"canonical\" href=\"https:\/\/grundschule-heinsberg.de\/ku\/dibistana-bi-cesaret\/\" \/>\n<meta property=\"og:locale\" content=\"en_US\" \/>\n<meta property=\"og:type\" content=\"article\" \/>\n<meta property=\"og:title\" content=\"Dibistana bi cesaret - St. Katharina Grundschule Heinsberg\" \/>\n<meta property=\"og:description\" content=\"Dibistana bi cesaret Dibistana b\u00ea nijadperest\u00ee &#8211; dibistana bi cesaret Hilbijartina tevl\u00eab\u00fbna tevna &#8220;Dibistana Bi W\u00earek&#8221; bi daw\u00ee b\u00fb. Em pir k\u00eafxwe\u015f in ku ji [&hellip;]\" \/>\n<meta property=\"og:url\" content=\"https:\/\/grundschule-heinsberg.de\/ku\/dibistana-bi-cesaret\/\" \/>\n<meta property=\"og:site_name\" content=\"St. Katharina Grundschule Heinsberg\" \/>\n<meta property=\"article:modified_time\" content=\"2024-09-07T17:48:53+00:00\" \/>\n<meta property=\"og:image\" content=\"https:\/\/grundschule-heinsberg.de\/wp-content\/uploads\/2024\/07\/IMG_3103.jpg\" \/>\n<meta name=\"twitter:card\" content=\"summary_large_image\" \/>\n<meta name=\"twitter:label1\" content=\"Est. reading time\" \/>\n\t<meta name=\"twitter:data1\" content=\"3 \u062e\u0648\u0644\u06d5\u06a9\" \/>\n<script type=\"application\/ld+json\" class=\"yoast-schema-graph\">{\"@context\":\"https:\\\/\\\/schema.org\",\"@graph\":[{\"@type\":\"WebPage\",\"@id\":\"https:\\\/\\\/grundschule-heinsberg.de\\\/ku\\\/dibistana-bi-cesaret\\\/\",\"url\":\"https:\\\/\\\/grundschule-heinsberg.de\\\/ku\\\/dibistana-bi-cesaret\\\/\",\"name\":\"Dibistana bi cesaret - St. Katharina Grundschule Heinsberg\",\"isPartOf\":{\"@id\":\"https:\\\/\\\/grundschule-heinsberg.de\\\/ku\\\/#website\"},\"primaryImageOfPage\":{\"@id\":\"https:\\\/\\\/grundschule-heinsberg.de\\\/ku\\\/dibistana-bi-cesaret\\\/#primaryimage\"},\"image\":{\"@id\":\"https:\\\/\\\/grundschule-heinsberg.de\\\/ku\\\/dibistana-bi-cesaret\\\/#primaryimage\"},\"thumbnailUrl\":\"https:\\\/\\\/grundschule-heinsberg.de\\\/wp-content\\\/uploads\\\/2024\\\/07\\\/IMG_3103.jpg\",\"datePublished\":\"2024-09-07T17:39:51+00:00\",\"dateModified\":\"2024-09-07T17:48:53+00:00\",\"breadcrumb\":{\"@id\":\"https:\\\/\\\/grundschule-heinsberg.de\\\/ku\\\/dibistana-bi-cesaret\\\/#breadcrumb\"},\"inLanguage\":\"ckb\",\"potentialAction\":[{\"@type\":\"ReadAction\",\"target\":[\"https:\\\/\\\/grundschule-heinsberg.de\\\/ku\\\/dibistana-bi-cesaret\\\/\"]}]},{\"@type\":\"ImageObject\",\"inLanguage\":\"ckb\",\"@id\":\"https:\\\/\\\/grundschule-heinsberg.de\\\/ku\\\/dibistana-bi-cesaret\\\/#primaryimage\",\"url\":\"https:\\\/\\\/grundschule-heinsberg.de\\\/wp-content\\\/uploads\\\/2024\\\/07\\\/IMG_3103.jpg\",\"contentUrl\":\"https:\\\/\\\/grundschule-heinsberg.de\\\/wp-content\\\/uploads\\\/2024\\\/07\\\/IMG_3103.jpg\"},{\"@type\":\"BreadcrumbList\",\"@id\":\"https:\\\/\\\/grundschule-heinsberg.de\\\/ku\\\/dibistana-bi-cesaret\\\/#breadcrumb\",\"itemListElement\":[{\"@type\":\"ListItem\",\"position\":1,\"name\":\"Startseite\",\"item\":\"https:\\\/\\\/grundschule-heinsberg.de\\\/ku\\\/\"},{\"@type\":\"ListItem\",\"position\":2,\"name\":\"Dibistana bi cesaret\"}]},{\"@type\":\"WebSite\",\"@id\":\"https:\\\/\\\/grundschule-heinsberg.de\\\/ku\\\/#website\",\"url\":\"https:\\\/\\\/grundschule-heinsberg.de\\\/ku\\\/\",\"name\":\"St. Katharina Grundschule Heinsberg\",\"description\":\"f\u00fcreinander, voneinander, gemeinsam und individuell: Hand in Hand auf dem Weg in die Zukunft\",\"publisher\":{\"@id\":\"https:\\\/\\\/grundschule-heinsberg.de\\\/ku\\\/#organization\"},\"potentialAction\":[{\"@type\":\"SearchAction\",\"target\":{\"@type\":\"EntryPoint\",\"urlTemplate\":\"https:\\\/\\\/grundschule-heinsberg.de\\\/ku\\\/?s={search_term_string}\"},\"query-input\":{\"@type\":\"PropertyValueSpecification\",\"valueRequired\":true,\"valueName\":\"search_term_string\"}}],\"inLanguage\":\"ckb\"},{\"@type\":\"Organization\",\"@id\":\"https:\\\/\\\/grundschule-heinsberg.de\\\/ku\\\/#organization\",\"name\":\"St. Katharina Grundschule Heinsberg\",\"url\":\"https:\\\/\\\/grundschule-heinsberg.de\\\/ku\\\/\",\"logo\":{\"@type\":\"ImageObject\",\"inLanguage\":\"ckb\",\"@id\":\"https:\\\/\\\/grundschule-heinsberg.de\\\/ku\\\/#\\\/schema\\\/logo\\\/image\\\/\",\"url\":\"https:\\\/\\\/grundschule-heinsberg.de\\\/wp-content\\\/uploads\\\/2023\\\/03\\\/230307_Grundschule-Heinsberg_Logo_RGB.svg\",\"contentUrl\":\"https:\\\/\\\/grundschule-heinsberg.de\\\/wp-content\\\/uploads\\\/2023\\\/03\\\/230307_Grundschule-Heinsberg_Logo_RGB.svg\",\"width\":311,\"height\":135,\"caption\":\"St. Katharina Grundschule Heinsberg\"},\"image\":{\"@id\":\"https:\\\/\\\/grundschule-heinsberg.de\\\/ku\\\/#\\\/schema\\\/logo\\\/image\\\/\"}}]}<\/script>\n<!-- \/ Yoast SEO plugin. -->","yoast_head_json":{"title":"Dibistana bi cesaret - St. Katharina Grundschule Heinsberg","robots":{"index":"index","follow":"follow","max-snippet":"max-snippet:-1","max-image-preview":"max-image-preview:large","max-video-preview":"max-video-preview:-1"},"canonical":"https:\/\/grundschule-heinsberg.de\/ku\/dibistana-bi-cesaret\/","og_locale":"en_US","og_type":"article","og_title":"Dibistana bi cesaret - St. Katharina Grundschule Heinsberg","og_description":"Dibistana bi cesaret Dibistana b\u00ea nijadperest\u00ee &#8211; dibistana bi cesaret Hilbijartina tevl\u00eab\u00fbna tevna &#8220;Dibistana Bi W\u00earek&#8221; bi daw\u00ee b\u00fb. Em pir k\u00eafxwe\u015f in ku ji [&hellip;]","og_url":"https:\/\/grundschule-heinsberg.de\/ku\/dibistana-bi-cesaret\/","og_site_name":"St. Katharina Grundschule Heinsberg","article_modified_time":"2024-09-07T17:48:53+00:00","og_image":[{"url":"https:\/\/grundschule-heinsberg.de\/wp-content\/uploads\/2024\/07\/IMG_3103.jpg","type":"","width":"","height":""}],"twitter_card":"summary_large_image","twitter_misc":{"Est. reading time":"3 \u062e\u0648\u0644\u06d5\u06a9"},"schema":{"@context":"https:\/\/schema.org","@graph":[{"@type":"WebPage","@id":"https:\/\/grundschule-heinsberg.de\/ku\/dibistana-bi-cesaret\/","url":"https:\/\/grundschule-heinsberg.de\/ku\/dibistana-bi-cesaret\/","name":"Dibistana bi cesaret - St. Katharina Grundschule Heinsberg","isPartOf":{"@id":"https:\/\/grundschule-heinsberg.de\/ku\/#website"},"primaryImageOfPage":{"@id":"https:\/\/grundschule-heinsberg.de\/ku\/dibistana-bi-cesaret\/#primaryimage"},"image":{"@id":"https:\/\/grundschule-heinsberg.de\/ku\/dibistana-bi-cesaret\/#primaryimage"},"thumbnailUrl":"https:\/\/grundschule-heinsberg.de\/wp-content\/uploads\/2024\/07\/IMG_3103.jpg","datePublished":"2024-09-07T17:39:51+00:00","dateModified":"2024-09-07T17:48:53+00:00","breadcrumb":{"@id":"https:\/\/grundschule-heinsberg.de\/ku\/dibistana-bi-cesaret\/#breadcrumb"},"inLanguage":"ckb","potentialAction":[{"@type":"ReadAction","target":["https:\/\/grundschule-heinsberg.de\/ku\/dibistana-bi-cesaret\/"]}]},{"@type":"ImageObject","inLanguage":"ckb","@id":"https:\/\/grundschule-heinsberg.de\/ku\/dibistana-bi-cesaret\/#primaryimage","url":"https:\/\/grundschule-heinsberg.de\/wp-content\/uploads\/2024\/07\/IMG_3103.jpg","contentUrl":"https:\/\/grundschule-heinsberg.de\/wp-content\/uploads\/2024\/07\/IMG_3103.jpg"},{"@type":"BreadcrumbList","@id":"https:\/\/grundschule-heinsberg.de\/ku\/dibistana-bi-cesaret\/#breadcrumb","itemListElement":[{"@type":"ListItem","position":1,"name":"Startseite","item":"https:\/\/grundschule-heinsberg.de\/ku\/"},{"@type":"ListItem","position":2,"name":"Dibistana bi cesaret"}]},{"@type":"WebSite","@id":"https:\/\/grundschule-heinsberg.de\/ku\/#website","url":"https:\/\/grundschule-heinsberg.de\/ku\/","name":"St. Katharina Grundschule Heinsberg","description":"f\u00fcreinander, voneinander, gemeinsam und individuell: Hand in Hand auf dem Weg in die Zukunft","publisher":{"@id":"https:\/\/grundschule-heinsberg.de\/ku\/#organization"},"potentialAction":[{"@type":"SearchAction","target":{"@type":"EntryPoint","urlTemplate":"https:\/\/grundschule-heinsberg.de\/ku\/?s={search_term_string}"},"query-input":{"@type":"PropertyValueSpecification","valueRequired":true,"valueName":"search_term_string"}}],"inLanguage":"ckb"},{"@type":"Organization","@id":"https:\/\/grundschule-heinsberg.de\/ku\/#organization","name":"St. Katharina Grundschule Heinsberg","url":"https:\/\/grundschule-heinsberg.de\/ku\/","logo":{"@type":"ImageObject","inLanguage":"ckb","@id":"https:\/\/grundschule-heinsberg.de\/ku\/#\/schema\/logo\/image\/","url":"https:\/\/grundschule-heinsberg.de\/wp-content\/uploads\/2023\/03\/230307_Grundschule-Heinsberg_Logo_RGB.svg","contentUrl":"https:\/\/grundschule-heinsberg.de\/wp-content\/uploads\/2023\/03\/230307_Grundschule-Heinsberg_Logo_RGB.svg","width":311,"height":135,"caption":"St. Katharina Grundschule Heinsberg"},"image":{"@id":"https:\/\/grundschule-heinsberg.de\/ku\/#\/schema\/logo\/image\/"}}]}},"_links":{"self":[{"href":"https:\/\/grundschule-heinsberg.de\/ku\/wp-json\/wp\/v2\/pages\/9312","targetHints":{"allow":["GET"]}}],"collection":[{"href":"https:\/\/grundschule-heinsberg.de\/ku\/wp-json\/wp\/v2\/pages"}],"about":[{"href":"https:\/\/grundschule-heinsberg.de\/ku\/wp-json\/wp\/v2\/types\/page"}],"author":[{"embeddable":true,"href":"https:\/\/grundschule-heinsberg.de\/ku\/wp-json\/wp\/v2\/users\/2"}],"replies":[{"embeddable":true,"href":"https:\/\/grundschule-heinsberg.de\/ku\/wp-json\/wp\/v2\/comments?post=9312"}],"version-history":[{"count":0,"href":"https:\/\/grundschule-heinsberg.de\/ku\/wp-json\/wp\/v2\/pages\/9312\/revisions"}],"wp:attachment":[{"href":"https:\/\/grundschule-heinsberg.de\/ku\/wp-json\/wp\/v2\/media?parent=9312"}],"curies":[{"name":"wp","href":"https:\/\/api.w.org\/{rel}","templated":true}]}}