{"id":13574,"date":"2025-09-15T10:41:10","date_gmt":"2025-09-15T08:41:10","guid":{"rendered":"https:\/\/grundschule-heinsberg.de\/inicio-2\/"},"modified":"2025-09-15T14:04:40","modified_gmt":"2025-09-15T12:04:40","slug":"inicio-2","status":"publish","type":"page","link":"https:\/\/grundschule-heinsberg.de\/pt-pt\/","title":{"rendered":"In\u00edcio"},"content":{"rendered":"\t\t<div data-elementor-type=\"wp-page\" data-elementor-id=\"13574\" class=\"elementor elementor-13574 elementor-13531\">\n\t\t\t\t\t\t<section class=\"elementor-section elementor-top-section elementor-element elementor-element-4778592 elementor-section-full_width elementor-section-height-min-height elementor-section-items-top elementor-section-content-bottom elementor-hidden-desktop video-mobile elementor-section-height-default\" data-id=\"4778592\" data-element_type=\"section\" data-settings=\"{&quot;background_background&quot;:&quot;video&quot;,&quot;background_video_link&quot;:&quot;https:\\\/\\\/grundschule-heinsberg.de\\\/wp-content\\\/uploads\\\/2023\\\/05\\\/video-startseite-2023-1.mp4&quot;,&quot;background_play_on_mobile&quot;:&quot;yes&quot;,&quot;background_privacy_mode&quot;:&quot;yes&quot;}\">\n\t\t\t\t\t\t\t\t<div class=\"elementor-background-video-container\" aria-hidden=\"true\">\n\t\t\t\t\t\t\t\t\t\t\t\t\t<video class=\"elementor-background-video-hosted\" autoplay muted playsinline loop><\/video>\n\t\t\t\t\t\t\t\t\t\t\t<\/div>\n\t\t\t\t\t\t\t\t<div class=\"elementor-container elementor-column-gap-default\">\n\t\t\t\t\t<div class=\"elementor-column elementor-col-100 elementor-top-column elementor-element elementor-element-10fedb0\" data-id=\"10fedb0\" data-element_type=\"column\" data-settings=\"{&quot;background_background&quot;:&quot;classic&quot;}\">\n\t\t\t<div class=\"elementor-widget-wrap elementor-element-populated\">\n\t\t\t\t\t\t<div class=\"elementor-element elementor-element-740d744 elementor-widget__width-initial elementor-widget-tablet__width-initial elementor-widget elementor-widget-heading\" data-id=\"740d744\" data-element_type=\"widget\" data-widget_type=\"heading.default\">\n\t\t\t\t<div class=\"elementor-widget-container\">\n\t\t\t\t\t<h2 class=\"elementor-heading-title elementor-size-default\">uns para os outros, uns dos outros, juntos e individualmente: de m\u00e3os dadas no caminho para o futuro.<\/h2>\t\t\t\t<\/div>\n\t\t\t\t<\/div>\n\t\t\t\t\t<\/div>\n\t\t<\/div>\n\t\t\t\t\t<\/div>\n\t\t<\/section>\n\t\t\t\t<section class=\"elementor-section elementor-top-section elementor-element elementor-element-1e67e8e elementor-section-full_width elementor-section-height-full elementor-section-items-top elementor-section-content-middle elementor-hidden-tablet elementor-hidden-mobile elementor-section-height-default\" data-id=\"1e67e8e\" data-element_type=\"section\" data-settings=\"{&quot;background_background&quot;:&quot;video&quot;}\">\n\t\t\t\t\t\t<div class=\"elementor-container elementor-column-gap-default\">\n\t\t\t\t\t<div class=\"elementor-column elementor-col-66 elementor-top-column elementor-element elementor-element-6ba4506\" data-id=\"6ba4506\" data-element_type=\"column\" data-settings=\"{&quot;background_background&quot;:&quot;classic&quot;}\">\n\t\t\t<div class=\"elementor-widget-wrap elementor-element-populated\">\n\t\t\t\t\t\t<div class=\"elementor-element elementor-element-c3b58cb elementor-widget elementor-widget-video\" data-id=\"c3b58cb\" data-element_type=\"widget\" data-settings=\"{&quot;video_type&quot;:&quot;hosted&quot;,&quot;start&quot;:1,&quot;autoplay&quot;:&quot;yes&quot;,&quot;mute&quot;:&quot;yes&quot;}\" data-widget_type=\"video.default\">\n\t\t\t\t<div class=\"elementor-widget-container\">\n\t\t\t\t\t\t\t<div class=\"e-hosted-video elementor-wrapper elementor-open-inline\">\n\t\t\t\t\t<video class=\"elementor-video\" src=\"https:\/\/grundschule-heinsberg.de\/wp-content\/uploads\/2023\/05\/video-startseite-2023-1.mp4#t=1\" autoplay=\"\" muted=\"muted\" controlsList=\"nodownload\"><\/video>\n\t\t\t\t<\/div>\n\t\t\t\t\t\t<\/div>\n\t\t\t\t<\/div>\n\t\t\t\t\t<\/div>\n\t\t<\/div>\n\t\t\t\t<div class=\"elementor-column elementor-col-33 elementor-top-column elementor-element elementor-element-9ee168f\" data-id=\"9ee168f\" data-element_type=\"column\" data-settings=\"{&quot;background_background&quot;:&quot;classic&quot;}\">\n\t\t\t<div class=\"elementor-widget-wrap elementor-element-populated\">\n\t\t\t\t\t\t<div class=\"elementor-element elementor-element-3bcc681 elementor-widget__width-initial elementor-widget-tablet__width-initial elementor-widget elementor-widget-heading\" data-id=\"3bcc681\" data-element_type=\"widget\" data-widget_type=\"heading.default\">\n\t\t\t\t<div class=\"elementor-widget-container\">\n\t\t\t\t\t<h2 class=\"elementor-heading-title elementor-size-default\">uns para os outros, uns dos outros, juntos e individualmente: de m\u00e3os dadas no caminho para o futuro.<\/h2>\t\t\t\t<\/div>\n\t\t\t\t<\/div>\n\t\t\t\t\t<\/div>\n\t\t<\/div>\n\t\t\t\t\t<\/div>\n\t\t<\/section>\n\t\t\t\t<section class=\"elementor-section elementor-top-section elementor-element elementor-element-16f2f106 elementor-section-content-middle elementor-section-height-min-height elementor-section-full_width elementor-section-height-default elementor-section-items-middle\" data-id=\"16f2f106\" data-element_type=\"section\" data-settings=\"{&quot;background_background&quot;:&quot;classic&quot;}\">\n\t\t\t\t\t\t<div class=\"elementor-container elementor-column-gap-no\">\n\t\t\t\t\t<div class=\"elementor-column elementor-col-100 elementor-top-column elementor-element elementor-element-4f38a92a\" data-id=\"4f38a92a\" data-element_type=\"column\">\n\t\t\t<div class=\"elementor-widget-wrap elementor-element-populated\">\n\t\t\t\t\t\t<section class=\"elementor-section elementor-inner-section elementor-element elementor-element-491f3e8a elementor-section-height-min-height elementor-section-full_width elementor-section-height-default\" data-id=\"491f3e8a\" data-element_type=\"section\" data-settings=\"{&quot;background_background&quot;:&quot;classic&quot;}\">\n\t\t\t\t\t\t<div class=\"elementor-container elementor-column-gap-default\">\n\t\t\t\t\t<div class=\"elementor-column elementor-col-16 elementor-inner-column elementor-element elementor-element-64f08b1\" data-id=\"64f08b1\" data-element_type=\"column\" data-settings=\"{&quot;background_background&quot;:&quot;classic&quot;}\">\n\t\t\t<div class=\"elementor-widget-wrap elementor-element-populated\">\n\t\t\t\t\t\t<div class=\"elementor-element elementor-element-3d442ec elementor-widget elementor-widget-image\" data-id=\"3d442ec\" data-element_type=\"widget\" data-widget_type=\"image.default\">\n\t\t\t\t<div class=\"elementor-widget-container\">\n\t\t\t\t\t\t\t\t\t\t\t\t\t\t\t\t<a href=\"https:\/\/grundschule-heinsberg.de\/pt-pt\/jekits\/\">\n\t\t\t\t\t\t\t<img fetchpriority=\"high\" decoding=\"async\" width=\"378\" height=\"399\" src=\"https:\/\/grundschule-heinsberg.de\/wp-content\/uploads\/2023\/03\/logo-jekits.png\" class=\"elementor-animation-grow attachment-large size-large wp-image-719\" alt=\"\" srcset=\"https:\/\/grundschule-heinsberg.de\/wp-content\/uploads\/2023\/03\/logo-jekits.png 378w, https:\/\/grundschule-heinsberg.de\/wp-content\/uploads\/2023\/03\/logo-jekits-284x300.png 284w\" sizes=\"(max-width: 378px) 100vw, 378px\" \/>\t\t\t\t\t\t\t\t<\/a>\n\t\t\t\t\t\t\t\t\t\t\t\t\t\t\t<\/div>\n\t\t\t\t<\/div>\n\t\t\t\t\t<\/div>\n\t\t<\/div>\n\t\t\t\t<div class=\"elementor-column elementor-col-16 elementor-inner-column elementor-element elementor-element-9c83338\" data-id=\"9c83338\" data-element_type=\"column\" data-settings=\"{&quot;background_background&quot;:&quot;classic&quot;}\">\n\t\t\t<div class=\"elementor-widget-wrap elementor-element-populated\">\n\t\t\t\t\t\t<div class=\"elementor-element elementor-element-7849517 elementor-widget elementor-widget-image\" data-id=\"7849517\" data-element_type=\"widget\" data-widget_type=\"image.default\">\n\t\t\t\t<div class=\"elementor-widget-container\">\n\t\t\t\t\t\t\t\t\t\t\t\t\t\t\t\t<a href=\"https:\/\/134429.logineonrw-lms.de\/login\/index.php\" target=\"_blank\">\n\t\t\t\t\t\t\t<img decoding=\"async\" width=\"250\" height=\"80\" src=\"https:\/\/grundschule-heinsberg.de\/wp-content\/uploads\/2023\/03\/logo-logineo.png\" class=\"elementor-animation-grow attachment-large size-large wp-image-723\" alt=\"\" \/>\t\t\t\t\t\t\t\t<\/a>\n\t\t\t\t\t\t\t\t\t\t\t\t\t\t\t<\/div>\n\t\t\t\t<\/div>\n\t\t\t\t\t<\/div>\n\t\t<\/div>\n\t\t\t\t<div class=\"elementor-column elementor-col-16 elementor-inner-column elementor-element elementor-element-50fcf471\" data-id=\"50fcf471\" data-element_type=\"column\" data-settings=\"{&quot;background_background&quot;:&quot;classic&quot;}\">\n\t\t\t<div class=\"elementor-widget-wrap elementor-element-populated\">\n\t\t\t\t\t\t<div class=\"elementor-element elementor-element-ba2f8cc elementor-widget elementor-widget-image\" data-id=\"ba2f8cc\" data-element_type=\"widget\" data-widget_type=\"image.default\">\n\t\t\t\t<div class=\"elementor-widget-container\">\n\t\t\t\t\t\t\t\t\t\t\t\t\t\t\t\t<a href=\"https:\/\/grundschule-heinsberg.de\/pt-pt\/classe-2000\/\">\n\t\t\t\t\t\t\t<img decoding=\"async\" width=\"179\" height=\"181\" src=\"https:\/\/grundschule-heinsberg.de\/wp-content\/uploads\/2023\/03\/logo-klasse-2000.png\" class=\"elementor-animation-grow attachment-large size-large wp-image-720\" alt=\"\" \/>\t\t\t\t\t\t\t\t<\/a>\n\t\t\t\t\t\t\t\t\t\t\t\t\t\t\t<\/div>\n\t\t\t\t<\/div>\n\t\t\t\t\t<\/div>\n\t\t<\/div>\n\t\t\t\t<div class=\"elementor-column elementor-col-16 elementor-inner-column elementor-element elementor-element-79d4c3e\" data-id=\"79d4c3e\" data-element_type=\"column\" data-settings=\"{&quot;background_background&quot;:&quot;classic&quot;}\">\n\t\t\t<div class=\"elementor-widget-wrap elementor-element-populated\">\n\t\t\t\t\t\t<div class=\"elementor-element elementor-element-7ca2cc3 elementor-widget elementor-widget-image\" data-id=\"7ca2cc3\" data-element_type=\"widget\" data-widget_type=\"image.default\">\n\t\t\t\t<div class=\"elementor-widget-container\">\n\t\t\t\t\t\t\t\t\t\t\t\t\t\t\t\t<a href=\"https:\/\/grundschule-heinsberg.de\/pt-pt\/a-escola-com-uma-mordidela\/\">\n\t\t\t\t\t\t\t<img loading=\"lazy\" decoding=\"async\" width=\"640\" height=\"495\" src=\"https:\/\/grundschule-heinsberg.de\/wp-content\/uploads\/2024\/05\/schule-mit-biss-logo-png-e1716123126101.png\" class=\"elementor-animation-grow attachment-large size-large wp-image-7240\" alt=\"\" \/>\t\t\t\t\t\t\t\t<\/a>\n\t\t\t\t\t\t\t\t\t\t\t\t\t\t\t<\/div>\n\t\t\t\t<\/div>\n\t\t\t\t\t<\/div>\n\t\t<\/div>\n\t\t\t\t<div class=\"elementor-column elementor-col-16 elementor-inner-column elementor-element elementor-element-1187fa7\" data-id=\"1187fa7\" data-element_type=\"column\" data-settings=\"{&quot;background_background&quot;:&quot;classic&quot;}\">\n\t\t\t<div class=\"elementor-widget-wrap elementor-element-populated\">\n\t\t\t\t\t\t<div class=\"elementor-element elementor-element-fb4265e elementor-widget elementor-widget-image\" data-id=\"fb4265e\" data-element_type=\"widget\" data-widget_type=\"image.default\">\n\t\t\t\t<div class=\"elementor-widget-container\">\n\t\t\t\t\t\t\t\t\t\t\t\t\t\t\t\t<a href=\"https:\/\/www.bildungsspender.de\/grundschule-heinsberg\" target=\"_blank\">\n\t\t\t\t\t\t\t<img loading=\"lazy\" decoding=\"async\" width=\"1024\" height=\"1024\" src=\"https:\/\/grundschule-heinsberg.de\/wp-content\/uploads\/2023\/03\/werde-bildungsspender.svg\" class=\"elementor-animation-grow attachment-large size-large wp-image-1847\" alt=\"\" \/>\t\t\t\t\t\t\t\t<\/a>\n\t\t\t\t\t\t\t\t\t\t\t\t\t\t\t<\/div>\n\t\t\t\t<\/div>\n\t\t\t\t\t<\/div>\n\t\t<\/div>\n\t\t\t\t<div class=\"elementor-column elementor-col-16 elementor-inner-column elementor-element elementor-element-f1171f8\" data-id=\"f1171f8\" data-element_type=\"column\" data-settings=\"{&quot;background_background&quot;:&quot;classic&quot;}\">\n\t\t\t<div class=\"elementor-widget-wrap elementor-element-populated\">\n\t\t\t\t\t\t<div class=\"elementor-element elementor-element-f2cd1e8 elementor-widget elementor-widget-image\" data-id=\"f2cd1e8\" data-element_type=\"widget\" data-widget_type=\"image.default\">\n\t\t\t\t<div class=\"elementor-widget-container\">\n\t\t\t\t\t\t\t\t\t\t\t\t\t\t\t\t<a href=\"https:\/\/grundschule-heinsberg.de\/pt-pt\/escola-com-coragem\/\" target=\"_blank\">\n\t\t\t\t\t\t\t<img loading=\"lazy\" decoding=\"async\" width=\"1000\" height=\"338\" src=\"https:\/\/grundschule-heinsberg.de\/wp-content\/uploads\/2024\/08\/Schule-ohne-Rassismus-Logo.png.webp\" class=\"elementor-animation-grow attachment-large size-large wp-image-8941\" alt=\"\" srcset=\"https:\/\/grundschule-heinsberg.de\/wp-content\/uploads\/2024\/08\/Schule-ohne-Rassismus-Logo.png.webp 1000w, https:\/\/grundschule-heinsberg.de\/wp-content\/uploads\/2024\/08\/Schule-ohne-Rassismus-Logo.png-300x101.webp 300w, https:\/\/grundschule-heinsberg.de\/wp-content\/uploads\/2024\/08\/Schule-ohne-Rassismus-Logo.png-768x260.webp 768w\" sizes=\"(max-width: 1000px) 100vw, 1000px\" \/>\t\t\t\t\t\t\t\t<\/a>\n\t\t\t\t\t\t\t\t\t\t\t\t\t\t\t<\/div>\n\t\t\t\t<\/div>\n\t\t\t\t\t<\/div>\n\t\t<\/div>\n\t\t\t\t\t<\/div>\n\t\t<\/section>\n\t\t\t\t\t<\/div>\n\t\t<\/div>\n\t\t\t\t\t<\/div>\n\t\t<\/section>\n\t\t\t\t<section class=\"elementor-section elementor-top-section elementor-element elementor-element-0748946 elementor-section-content-middle elementor-section-height-min-height elementor-section-boxed elementor-section-height-default elementor-section-items-middle\" data-id=\"0748946\" data-element_type=\"section\" data-settings=\"{&quot;background_background&quot;:&quot;classic&quot;}\">\n\t\t\t\t\t\t<div class=\"elementor-container elementor-column-gap-no\">\n\t\t\t\t\t<div class=\"elementor-column elementor-col-100 elementor-top-column elementor-element elementor-element-f45cf64\" data-id=\"f45cf64\" data-element_type=\"column\">\n\t\t\t<div class=\"elementor-widget-wrap elementor-element-populated\">\n\t\t\t\t\t\t<div class=\"elementor-element elementor-element-5fc55d0 elementor-widget elementor-widget-heading\" data-id=\"5fc55d0\" data-element_type=\"widget\" data-widget_type=\"heading.default\">\n\t\t\t\t<div class=\"elementor-widget-container\">\n\t\t\t\t\t<h3 class=\"elementor-heading-title elementor-size-xl\">\u00daltimas not\u00edcias<\/h3>\t\t\t\t<\/div>\n\t\t\t\t<\/div>\n\t\t\t\t<section class=\"elementor-section elementor-inner-section elementor-element elementor-element-a2f58a5 elementor-section-height-min-height elementor-section-boxed elementor-section-height-default\" data-id=\"a2f58a5\" data-element_type=\"section\" data-settings=\"{&quot;background_background&quot;:&quot;classic&quot;}\">\n\t\t\t\t\t\t<div class=\"elementor-container elementor-column-gap-default\">\n\t\t\t\t\t<div class=\"elementor-column elementor-col-50 elementor-inner-column elementor-element elementor-element-0985707\" data-id=\"0985707\" data-element_type=\"column\">\n\t\t\t<div class=\"elementor-widget-wrap elementor-element-populated\">\n\t\t\t\t\t\t<div class=\"elementor-element elementor-element-abd5c69 elementor-widget__width-inherit elementor-widget elementor-widget-image\" data-id=\"abd5c69\" data-element_type=\"widget\" data-widget_type=\"image.default\">\n\t\t\t\t<div class=\"elementor-widget-container\">\n\t\t\t\t\t\t\t\t\t\t\t\t\t\t\t<img loading=\"lazy\" decoding=\"async\" width=\"1024\" height=\"768\" src=\"https:\/\/grundschule-heinsberg.de\/wp-content\/uploads\/2025\/09\/fb6b10ee-81f3-4597-b081-f1dea46eb902-1024x768.jpg\" class=\"attachment-large size-large wp-image-13429\" alt=\"\" srcset=\"https:\/\/grundschule-heinsberg.de\/wp-content\/uploads\/2025\/09\/fb6b10ee-81f3-4597-b081-f1dea46eb902-1024x768.jpg 1024w, https:\/\/grundschule-heinsberg.de\/wp-content\/uploads\/2025\/09\/fb6b10ee-81f3-4597-b081-f1dea46eb902-300x225.jpg 300w, https:\/\/grundschule-heinsberg.de\/wp-content\/uploads\/2025\/09\/fb6b10ee-81f3-4597-b081-f1dea46eb902-768x576.jpg 768w, https:\/\/grundschule-heinsberg.de\/wp-content\/uploads\/2025\/09\/fb6b10ee-81f3-4597-b081-f1dea46eb902.jpg 1200w\" sizes=\"(max-width: 1024px) 100vw, 1024px\" \/>\t\t\t\t\t\t\t\t\t\t\t\t\t\t\t<\/div>\n\t\t\t\t<\/div>\n\t\t\t\t\t<\/div>\n\t\t<\/div>\n\t\t\t\t<div class=\"elementor-column elementor-col-50 elementor-inner-column elementor-element elementor-element-d74d25b\" data-id=\"d74d25b\" data-element_type=\"column\">\n\t\t\t<div class=\"elementor-widget-wrap elementor-element-populated\">\n\t\t\t\t\t\t<div class=\"elementor-element elementor-element-e2aa185 elementor-widget__width-inherit elementor-widget elementor-widget-text-editor\" data-id=\"e2aa185\" data-element_type=\"widget\" data-widget_type=\"text-editor.default\">\n\t\t\t\t<div class=\"elementor-widget-container\">\n\t\t\t\t\t\t\t\t\t<h4>Desafio de planta\u00e7\u00e3o de \u00e1rvores<\/h4><p>Muito obrigado por nos teres nomeado para o desafio da planta\u00e7\u00e3o de \u00e1rvores!<br>No \u00e2mbito do nosso Dia Aberto, aceit\u00e1mos esta maravilhosa iniciativa e plant\u00e1mos duas novas \u00e1rvores nos terrenos da nossa escola.<\/p>\t\t\t\t\t\t\t\t<\/div>\n\t\t\t\t<\/div>\n\t\t\t\t<div class=\"elementor-element elementor-element-167fe4c elementor-widget__width-inherit elementor-widget elementor-widget-text-editor\" data-id=\"167fe4c\" data-element_type=\"widget\" data-widget_type=\"text-editor.default\">\n\t\t\t\t<div class=\"elementor-widget-container\">\n\t\t\t\t\t\t\t\t\t<h4>Li\u00e7\u00f5es na l\u00edngua de origem<\/h4><p>Se est\u00e1s interessado no ensino da l\u00edngua de heran\u00e7a (HSU), j\u00e1 podes inscrever o teu filho neste programa. O HSU oferece aos alunos a oportunidade de melhorar a sua l\u00edngua materna e, assim, desenvolver ainda mais as suas compet\u00eancias lingu\u00edsticas e culturais.   <a href=\"https:\/\/grundschule-heinsberg.de\/wp-content\/uploads\/2024\/09\/Interessensbekundung-HSU-Schulanfaenger.pdf\" target=\"_blank\" rel=\"noopener\">Manifesta\u00e7\u00e3o de interesse de iniciantes na escola HSU (PDF)\/<\/a><\/p>\t\t\t\t\t\t\t\t<\/div>\n\t\t\t\t<\/div>\n\t\t\t\t\t<\/div>\n\t\t<\/div>\n\t\t\t\t\t<\/div>\n\t\t<\/section>\n\t\t\t\t\t<\/div>\n\t\t<\/div>\n\t\t\t\t\t<\/div>\n\t\t<\/section>\n\t\t\t\t<section class=\"elementor-section elementor-top-section elementor-element elementor-element-47e4bcf5 elementor-section-content-middle elementor-section-boxed elementor-section-height-default elementor-section-height-default\" data-id=\"47e4bcf5\" data-element_type=\"section\" data-settings=\"{&quot;background_background&quot;:&quot;classic&quot;}\">\n\t\t\t\t\t\t<div class=\"elementor-container elementor-column-gap-no\">\n\t\t\t\t\t<div class=\"elementor-column elementor-col-100 elementor-top-column elementor-element elementor-element-376f7336\" data-id=\"376f7336\" data-element_type=\"column\">\n\t\t\t<div class=\"elementor-widget-wrap elementor-element-populated\">\n\t\t\t\t\t\t<div class=\"elementor-element elementor-element-3641965 elementor-widget elementor-widget-heading\" data-id=\"3641965\" data-element_type=\"widget\" data-widget_type=\"heading.default\">\n\t\t\t\t<div class=\"elementor-widget-container\">\n\t\t\t\t\t<h3 class=\"elementor-heading-title elementor-size-xl\"><br> Destaques da Escola Prim\u00e1ria St. Katharina de Heinsberg<\/h3>\t\t\t\t<\/div>\n\t\t\t\t<\/div>\n\t\t\t\t\t<\/div>\n\t\t<\/div>\n\t\t\t\t\t<\/div>\n\t\t<\/section>\n\t\t\t\t<section class=\"elementor-section elementor-top-section elementor-element elementor-element-d1693fd elementor-section-full_width elementor-section-height-default elementor-section-height-default\" data-id=\"d1693fd\" data-element_type=\"section\" data-settings=\"{&quot;background_background&quot;:&quot;classic&quot;}\">\n\t\t\t\t\t\t<div class=\"elementor-container elementor-column-gap-no\">\n\t\t\t\t\t<div class=\"elementor-column elementor-col-25 elementor-top-column elementor-element elementor-element-4aa6d50\" data-id=\"4aa6d50\" data-element_type=\"column\" data-settings=\"{&quot;background_background&quot;:&quot;classic&quot;}\">\n\t\t\t<div class=\"elementor-widget-wrap elementor-element-populated\">\n\t\t\t\t\t\t<section class=\"elementor-section elementor-inner-section elementor-element elementor-element-ae3d75f elementor-section-boxed elementor-section-height-default elementor-section-height-default\" data-id=\"ae3d75f\" data-element_type=\"section\">\n\t\t\t\t\t\t<div class=\"elementor-container elementor-column-gap-default\">\n\t\t\t\t\t<div class=\"elementor-column elementor-col-50 elementor-inner-column elementor-element elementor-element-233352c\" data-id=\"233352c\" data-element_type=\"column\">\n\t\t\t<div class=\"elementor-widget-wrap\">\n\t\t\t\t\t\t\t<\/div>\n\t\t<\/div>\n\t\t\t\t<div class=\"elementor-column elementor-col-50 elementor-inner-column elementor-element elementor-element-048e19f\" data-id=\"048e19f\" data-element_type=\"column\">\n\t\t\t<div class=\"elementor-widget-wrap\">\n\t\t\t\t\t\t\t<\/div>\n\t\t<\/div>\n\t\t\t\t\t<\/div>\n\t\t<\/section>\n\t\t\t\t\t<\/div>\n\t\t<\/div>\n\t\t\t\t<div class=\"elementor-column elementor-col-25 elementor-top-column elementor-element elementor-element-55503d8\" data-id=\"55503d8\" data-element_type=\"column\" data-settings=\"{&quot;background_background&quot;:&quot;classic&quot;}\">\n\t\t\t<div class=\"elementor-widget-wrap elementor-element-populated\">\n\t\t\t\t\t\t<div class=\"elementor-element elementor-element-7413846 elementor-widget elementor-widget-heading\" data-id=\"7413846\" data-element_type=\"widget\" data-widget_type=\"heading.default\">\n\t\t\t\t<div class=\"elementor-widget-container\">\n\t\t\t\t\t<h3 class=\"elementor-heading-title elementor-size-large\">C\u00e3o de assist\u00eancia escolar Flocke<\/h3>\t\t\t\t<\/div>\n\t\t\t\t<\/div>\n\t\t\t\t<div class=\"elementor-element elementor-element-1264b94 elementor-widget elementor-widget-text-editor\" data-id=\"1264b94\" data-element_type=\"widget\" data-widget_type=\"text-editor.default\">\n\t\t\t\t<div class=\"elementor-widget-container\">\n\t\t\t\t\t\t\t\t\t<p>Desde o ano letivo de 2023\/2024, os nossos alunos s\u00e3o acompanhados pelo c\u00e3o-guia da escola, Flocke.<\/p><p>Aguardamos com grande expetativa o apoio da nossa equipa.<\/p>\t\t\t\t\t\t\t\t<\/div>\n\t\t\t\t<\/div>\n\t\t\t\t\t<\/div>\n\t\t<\/div>\n\t\t\t\t<div class=\"elementor-column elementor-col-25 elementor-top-column elementor-element elementor-element-c3176e0\" data-id=\"c3176e0\" data-element_type=\"column\">\n\t\t\t<div class=\"elementor-widget-wrap elementor-element-populated\">\n\t\t\t\t\t\t<div class=\"elementor-element elementor-element-9877dfc elementor-widget elementor-widget-image\" data-id=\"9877dfc\" data-element_type=\"widget\" data-widget_type=\"image.default\">\n\t\t\t\t<div class=\"elementor-widget-container\">\n\t\t\t\t\t\t\t\t\t\t\t\t\t\t\t<img loading=\"lazy\" decoding=\"async\" width=\"768\" height=\"576\" src=\"https:\/\/grundschule-heinsberg.de\/wp-content\/uploads\/2023\/05\/glanzstuecke_02-jekits-768x576.jpg\" class=\"attachment-medium_large size-medium_large wp-image-5521\" alt=\"\" srcset=\"https:\/\/grundschule-heinsberg.de\/wp-content\/uploads\/2023\/05\/glanzstuecke_02-jekits-768x576.jpg 768w, https:\/\/grundschule-heinsberg.de\/wp-content\/uploads\/2023\/05\/glanzstuecke_02-jekits-300x225.jpg 300w, https:\/\/grundschule-heinsberg.de\/wp-content\/uploads\/2023\/05\/glanzstuecke_02-jekits-1024x768.jpg 1024w, https:\/\/grundschule-heinsberg.de\/wp-content\/uploads\/2023\/05\/glanzstuecke_02-jekits-1536x1152.jpg 1536w, https:\/\/grundschule-heinsberg.de\/wp-content\/uploads\/2023\/05\/glanzstuecke_02-jekits-2048x1536.jpg 2048w\" sizes=\"(max-width: 768px) 100vw, 768px\" \/>\t\t\t\t\t\t\t\t\t\t\t\t\t\t\t<\/div>\n\t\t\t\t<\/div>\n\t\t\t\t\t<\/div>\n\t\t<\/div>\n\t\t\t\t<div class=\"elementor-column elementor-col-25 elementor-top-column elementor-element elementor-element-30b2bc9\" data-id=\"30b2bc9\" data-element_type=\"column\" data-settings=\"{&quot;background_background&quot;:&quot;classic&quot;}\">\n\t\t\t<div class=\"elementor-widget-wrap elementor-element-populated\">\n\t\t\t\t\t\t<div class=\"elementor-element elementor-element-e3453b2 elementor-hidden-desktop elementor-hidden-tablet elementor-hidden-mobile elementor-widget elementor-widget-heading\" data-id=\"e3453b2\" data-element_type=\"widget\" data-widget_type=\"heading.default\">\n\t\t\t\t<div class=\"elementor-widget-container\">\n\t\t\t\t\t<h3 class=\"elementor-heading-title elementor-size-large\">Tempos de aprendizagem<\/h3>\t\t\t\t<\/div>\n\t\t\t\t<\/div>\n\t\t\t\t<div class=\"elementor-element elementor-element-21ba565 elementor-widget elementor-widget-text-editor\" data-id=\"21ba565\" data-element_type=\"widget\" data-widget_type=\"text-editor.default\">\n\t\t\t\t<div class=\"elementor-widget-container\">\n\t\t\t\t\t\t\t\t\tRitmar a manh\u00e3 e a tarde na escola permite que os alunos aprendam de forma descontra\u00edda. N\u00e3o s\u00e3o arrancados do seu trabalho concentrado sobre a mat\u00e9ria ao fim de 45 minutos pelo toque da campainha. A aprendizagem interdisciplinar, especialmente nas disciplinas de alem\u00e3o e estudos gerais, \u00e9 apoiada pelo modelo de minutos. Teremos todo o prazer em explicar o nosso modelo de ensino numa reuni\u00e3o pessoal.  \t\t\t\t\t\t\t\t<\/div>\n\t\t\t\t<\/div>\n\t\t\t\t\t<\/div>\n\t\t<\/div>\n\t\t\t\t\t<\/div>\n\t\t<\/section>\n\t\t\t\t<section class=\"elementor-section elementor-top-section elementor-element elementor-element-8523675 elementor-section-full_width elementor-section-height-default elementor-section-height-default\" data-id=\"8523675\" data-element_type=\"section\">\n\t\t\t\t\t\t<div class=\"elementor-container elementor-column-gap-default\">\n\t\t\t\t\t<div class=\"elementor-column elementor-col-25 elementor-top-column elementor-element elementor-element-b7e1100\" data-id=\"b7e1100\" data-element_type=\"column\" data-settings=\"{&quot;background_background&quot;:&quot;classic&quot;}\">\n\t\t\t<div class=\"elementor-widget-wrap elementor-element-populated\">\n\t\t\t\t\t\t<div class=\"elementor-element elementor-element-f82cf36 elementor-widget elementor-widget-heading\" data-id=\"f82cf36\" data-element_type=\"widget\" data-widget_type=\"heading.default\">\n\t\t\t\t<div class=\"elementor-widget-container\">\n\t\t\t\t\t<h3 class=\"elementor-heading-title elementor-size-large\">Classe inicial<\/h3>\t\t\t\t<\/div>\n\t\t\t\t<\/div>\n\t\t\t\t<div class=\"elementor-element elementor-element-3999253 elementor-widget elementor-widget-text-editor\" data-id=\"3999253\" data-element_type=\"widget\" data-widget_type=\"text-editor.default\">\n\t\t\t\t<div class=\"elementor-widget-container\">\n\t\t\t\t\t\t\t\t\t<p>A aula de inicia\u00e7\u00e3o permite que as crian\u00e7as conhe\u00e7am a nossa escola antes do in\u00edcio oficial das aulas e que tomem contacto com ela de uma forma l\u00fadica. Juntamente com um professor e o pedagogo social, descobrem a escola, aprendem sobre os rituais e tamb\u00e9m lidam com alguns dos conte\u00fados.<\/p><p>O nosso principal objetivo \u00e9 dissipar quaisquer receios e assegurar um in\u00edcio tranquilo ap\u00f3s as f\u00e9rias.<\/p>\t\t\t\t\t\t\t\t<\/div>\n\t\t\t\t<\/div>\n\t\t\t\t\t<\/div>\n\t\t<\/div>\n\t\t\t\t<div class=\"elementor-column elementor-col-25 elementor-top-column elementor-element elementor-element-50dade4\" data-id=\"50dade4\" data-element_type=\"column\">\n\t\t\t<div class=\"elementor-widget-wrap elementor-element-populated\">\n\t\t\t\t\t\t<div class=\"elementor-element elementor-element-aa4db9a elementor-widget elementor-widget-image\" data-id=\"aa4db9a\" data-element_type=\"widget\" data-widget_type=\"image.default\">\n\t\t\t\t<div class=\"elementor-widget-container\">\n\t\t\t\t\t\t\t\t\t\t\t\t\t\t\t<img loading=\"lazy\" decoding=\"async\" width=\"768\" height=\"576\" src=\"https:\/\/grundschule-heinsberg.de\/wp-content\/uploads\/2023\/05\/starterklasse-2022_02-768x576.jpg\" class=\"attachment-medium_large size-medium_large wp-image-2294\" alt=\"\" srcset=\"https:\/\/grundschule-heinsberg.de\/wp-content\/uploads\/2023\/05\/starterklasse-2022_02-768x576.jpg 768w, https:\/\/grundschule-heinsberg.de\/wp-content\/uploads\/2023\/05\/starterklasse-2022_02-300x225.jpg 300w, https:\/\/grundschule-heinsberg.de\/wp-content\/uploads\/2023\/05\/starterklasse-2022_02-1024x768.jpg 1024w, https:\/\/grundschule-heinsberg.de\/wp-content\/uploads\/2023\/05\/starterklasse-2022_02.jpg 1200w\" sizes=\"(max-width: 768px) 100vw, 768px\" \/>\t\t\t\t\t\t\t\t\t\t\t\t\t\t\t<\/div>\n\t\t\t\t<\/div>\n\t\t\t\t\t<\/div>\n\t\t<\/div>\n\t\t\t\t<div class=\"elementor-column elementor-col-25 elementor-top-column elementor-element elementor-element-ff6af3c\" data-id=\"ff6af3c\" data-element_type=\"column\" data-settings=\"{&quot;background_background&quot;:&quot;classic&quot;}\">\n\t\t\t<div class=\"elementor-widget-wrap elementor-element-populated\">\n\t\t\t\t\t\t<div class=\"elementor-element elementor-element-0837b8d elementor-widget elementor-widget-heading\" data-id=\"0837b8d\" data-element_type=\"widget\" data-widget_type=\"heading.default\">\n\t\t\t\t<div class=\"elementor-widget-container\">\n\t\t\t\t\t<h3 class=\"elementor-heading-title elementor-size-large\">Natureza e escola<\/h3>\t\t\t\t<\/div>\n\t\t\t\t<\/div>\n\t\t\t\t<div class=\"elementor-element elementor-element-1200d70 elementor-widget elementor-widget-text-editor\" data-id=\"1200d70\" data-element_type=\"widget\" data-widget_type=\"text-editor.default\">\n\t\t\t\t<div class=\"elementor-widget-container\">\n\t\t\t\t\t\t\t\t\t<p>Em breve ser\u00e3o fornecidas mais informa\u00e7\u00f5es.<\/p>\t\t\t\t\t\t\t\t<\/div>\n\t\t\t\t<\/div>\n\t\t\t\t\t<\/div>\n\t\t<\/div>\n\t\t\t\t<div class=\"elementor-column elementor-col-25 elementor-top-column elementor-element elementor-element-6b1fb7d\" data-id=\"6b1fb7d\" data-element_type=\"column\">\n\t\t\t<div class=\"elementor-widget-wrap elementor-element-populated\">\n\t\t\t\t\t\t<div class=\"elementor-element elementor-element-84fc71c elementor-widget elementor-widget-image\" data-id=\"84fc71c\" data-element_type=\"widget\" data-widget_type=\"image.default\">\n\t\t\t\t<div class=\"elementor-widget-container\">\n\t\t\t\t\t\t\t\t\t\t\t\t\t\t\t<img loading=\"lazy\" decoding=\"async\" width=\"640\" height=\"358\" src=\"https:\/\/grundschule-heinsberg.de\/wp-content\/uploads\/2023\/05\/glanzstueck-natur-und-schule.jpg\" class=\"attachment-large size-large wp-image-5527\" alt=\"\" srcset=\"https:\/\/grundschule-heinsberg.de\/wp-content\/uploads\/2023\/05\/glanzstueck-natur-und-schule.jpg 640w, https:\/\/grundschule-heinsberg.de\/wp-content\/uploads\/2023\/05\/glanzstueck-natur-und-schule-300x168.jpg 300w\" sizes=\"(max-width: 640px) 100vw, 640px\" \/>\t\t\t\t\t\t\t\t\t\t\t\t\t\t\t<\/div>\n\t\t\t\t<\/div>\n\t\t\t\t\t<\/div>\n\t\t<\/div>\n\t\t\t\t\t<\/div>\n\t\t<\/section>\n\t\t\t\t<section class=\"elementor-section elementor-top-section elementor-element elementor-element-86017dc elementor-section-boxed elementor-section-height-default elementor-section-height-default\" data-id=\"86017dc\" data-element_type=\"section\">\n\t\t\t\t\t\t<div class=\"elementor-container elementor-column-gap-no\">\n\t\t\t\t\t<div class=\"elementor-column elementor-col-100 elementor-top-column elementor-element elementor-element-19c4ea9\" data-id=\"19c4ea9\" data-element_type=\"column\">\n\t\t\t<div class=\"elementor-widget-wrap elementor-element-populated\">\n\t\t\t\t\t\t<section class=\"elementor-section elementor-inner-section elementor-element elementor-element-1b8801c elementor-section-content-bottom elementor-section-boxed elementor-section-height-default elementor-section-height-default\" data-id=\"1b8801c\" data-element_type=\"section\">\n\t\t\t\t\t\t<div class=\"elementor-container elementor-column-gap-no\">\n\t\t\t\t\t<div class=\"elementor-column elementor-col-50 elementor-inner-column elementor-element elementor-element-b9d54c6\" data-id=\"b9d54c6\" data-element_type=\"column\">\n\t\t\t<div class=\"elementor-widget-wrap elementor-element-populated\">\n\t\t\t\t\t\t<div class=\"elementor-element elementor-element-0e4ee1d elementor-widget-divider--view-line elementor-widget elementor-widget-divider\" data-id=\"0e4ee1d\" data-element_type=\"widget\" data-widget_type=\"divider.default\">\n\t\t\t\t<div class=\"elementor-widget-container\">\n\t\t\t\t\t\t\t<div class=\"elementor-divider\">\n\t\t\t<span class=\"elementor-divider-separator\">\n\t\t\t\t\t\t<\/span>\n\t\t<\/div>\n\t\t\t\t\t\t<\/div>\n\t\t\t\t<\/div>\n\t\t\t\t<div class=\"elementor-element elementor-element-f07f047 elementor-widget elementor-widget-heading\" data-id=\"f07f047\" data-element_type=\"widget\" data-widget_type=\"heading.default\">\n\t\t\t\t<div class=\"elementor-widget-container\">\n\t\t\t\t\t<h2 class=\"elementor-heading-title elementor-size-default\">\u00daltimas not\u00edcias<\/h2>\t\t\t\t<\/div>\n\t\t\t\t<\/div>\n\t\t\t\t<div class=\"elementor-element elementor-element-021c266 elementor-widget elementor-widget-text-editor\" data-id=\"021c266\" data-element_type=\"widget\" data-widget_type=\"text-editor.default\">\n\t\t\t\t<div class=\"elementor-widget-container\">\n\t\t\t\t\t\t\t\t\t<p>Temos o prazer de lhe dar a conhecer alguns dos eventos e projectos interessantes que a nossa escola prim\u00e1ria organizou nas \u00faltimas semanas e meses.<\/p>\t\t\t\t\t\t\t\t<\/div>\n\t\t\t\t<\/div>\n\t\t\t\t\t<\/div>\n\t\t<\/div>\n\t\t\t\t<div class=\"elementor-column elementor-col-50 elementor-inner-column elementor-element elementor-element-92d8f1f\" data-id=\"92d8f1f\" data-element_type=\"column\">\n\t\t\t<div class=\"elementor-widget-wrap elementor-element-populated\">\n\t\t\t\t\t\t<div class=\"elementor-element elementor-element-0afaea5 elementor-align-right elementor-mobile-align-left elementor-widget elementor-widget-button\" data-id=\"0afaea5\" data-element_type=\"widget\" data-widget_type=\"button.default\">\n\t\t\t\t<div class=\"elementor-widget-container\">\n\t\t\t\t\t\t\t\t\t<div class=\"elementor-button-wrapper\">\n\t\t\t\t\t<a class=\"elementor-button elementor-button-link elementor-size-sm\" href=\"https:\/\/grundschule-heinsberg.de\/pt-pt\/ultimas-noticias\/\">\n\t\t\t\t\t\t<span class=\"elementor-button-content-wrapper\">\n\t\t\t\t\t\t\t\t\t<span class=\"elementor-button-text\">Mostrar todas as not\u00edcias  <\/span>\n\t\t\t\t\t<\/span>\n\t\t\t\t\t<\/a>\n\t\t\t\t<\/div>\n\t\t\t\t\t\t\t\t<\/div>\n\t\t\t\t<\/div>\n\t\t\t\t\t<\/div>\n\t\t<\/div>\n\t\t\t\t\t<\/div>\n\t\t<\/section>\n\t\t\t\t<div class=\"elementor-element elementor-element-f734d73 uael-posts-thumbnail-ratio elementor-widget elementor-widget-uael-posts\" data-id=\"f734d73\" data-element_type=\"widget\" data-settings=\"{&quot;card_slides_to_show&quot;:3,&quot;card_slides_to_show_tablet&quot;:2,&quot;card_slides_to_show_mobile&quot;:1,&quot;card_show_filters&quot;:&quot;no&quot;}\" data-widget_type=\"uael-posts.card\">\n\t\t\t\t<div class=\"elementor-widget-container\">\n\t\t\t\t\t\t\t<div class=\"uael-post__header\">\n\t\t\t\t\t<\/div>\n\t\t<div class=\"uael-post__body\">\n\t\t\t\n\t\t\n\t\t<div class=\"uael-post-grid uael-posts\" data-query-type=\"custom\" data-structure=\"normal\" data-layout=\"\" data-page=\"13574\" data-skin=\"card\" data-filter-default=\"\" data-offset-top=\"30\" >\n\n\t\t\t\t\t\t\t<div class=\"uael-post-grid__inner uael-post__columns-3 uael-post__columns-tablet-2 uael-post__columns-mobile-1\">\n\t\t\t\n<div class=\"uael-post-wrapper   2025 eventos \">\n\t<div class=\"uael-post__bg-wrap\">\n\n\t\t\t\t\n\t\t<div class=\"uael-post__inner-wrap \">\n\n\t\t\t\t<div class=\"uael-post__thumbnail\">\n\t\t\t\t\t\t\t<img loading=\"lazy\" decoding=\"async\" width=\"1200\" height=\"776\" src=\"https:\/\/grundschule-heinsberg.de\/wp-content\/uploads\/2025\/07\/b6670ecc-aa95-492e-bd37-b9281cc35087.jpg\" class=\"attachment-full size-full wp-image-12842\" alt=\"\" srcset=\"https:\/\/grundschule-heinsberg.de\/wp-content\/uploads\/2025\/07\/b6670ecc-aa95-492e-bd37-b9281cc35087.jpg 1200w, https:\/\/grundschule-heinsberg.de\/wp-content\/uploads\/2025\/07\/b6670ecc-aa95-492e-bd37-b9281cc35087-300x194.jpg 300w, https:\/\/grundschule-heinsberg.de\/wp-content\/uploads\/2025\/07\/b6670ecc-aa95-492e-bd37-b9281cc35087-1024x662.jpg 1024w, https:\/\/grundschule-heinsberg.de\/wp-content\/uploads\/2025\/07\/b6670ecc-aa95-492e-bd37-b9281cc35087-768x497.jpg 768w\" sizes=\"(max-width: 1200px) 100vw, 1200px\" \/>\t\t\t\t\t\t<\/div>\n\t\t\n\t\t\t\n\t\t\t<div class=\"uael-post__content-wrap\">\n\n\t\t\t\t\t<h4 class=\"uael-post__title\">\n\n\t\t\n\t\t\t\t\t\t<a href=\"https:\/\/grundschule-heinsberg.de\/pt-pt\/cerimonia-de-graduacao-das-turmas-4a-e-4b\/\" target=\"_self\">\n\t\t\t\tCerim\u00f3nia de gradua\u00e7\u00e3o das turmas 4a e 4b\t\t\t<\/a>\n\n\t\t\t\t<\/h4>\n\t\t\t\t\t<div class=\"uael-post__meta-data\">\n\t\t\t\t\t<span class=\"uael-post__date\">\n\t\t\t\t\t\t\t\t\t\t\t\t\t<i aria-hidden=\"true\" class=\"fa fa-calendar\"><\/i>\t\t\t\t\t\t\t\t\t\n\t\t\t10. Julho 2025\t\t<\/span>\n\t\t\t\t<span class=\"uael-post__comments\">\n\t\t\t\t\t\t\t\t\t\t\t\t<i aria-hidden=\"true\" class=\"fa fa-comments\"><\/i>\t\t\t\t\t\t\t\t\t\tSem coment\u00e1rios\t\t<\/span>\n\t\t\t\t<\/div>\n\t\t<div class=\"uael-post__separator\"><\/div>\n\t\t<div class=\"uael-post__excerpt\">\n\t\t\tHoje foi um dia muito especial para os nossos alunos do quarto ano: a cerim\u00f3nia de gradua\u00e7\u00e3o no final dos seus anos de escola prim\u00e1ria. A manh\u00e3 come\u00e7ou com uma ...\t\t<\/div>\n\n\t\t\t\t\t<a class=\"uael-post__read-more elementor-button\" href=\"https:\/\/grundschule-heinsberg.de\/pt-pt\/cerimonia-de-graduacao-das-turmas-4a-e-4b\/\" target=\"_self\" aria-labelledby=\"uael-post-13039\">\n\t\t\t\t\t<span class=\"elementor-button-content-wrapper\">\n\t\t\t\t\t\t\t\t\t\t\t\t\t\t<span class=\"elementor-button-icon elementor-align-icon-left\">\n\n\t\t\t\t\t\t\t\t\t\n\t\t\t\t\t\t\t\t<\/span>\n\t\t\t\t\t\t\t\t\t\t\t\t\t\n\t\t\t\t\t\t<span class=\"elementor-button-text\" id=uael-post-13039>L\u00ea mais \u2192<\/span>\n\t\t\t\t\t<\/span>\n\t\t\t\t<\/a>\n\t\t\t\t\t\t<\/div>\n\t\t\t\n\t\t<\/div>\n\t\t\n\t<\/div>\n\n<\/div>\n\n<div class=\"uael-post-wrapper   2025 eventos sem-categoria \">\n\t<div class=\"uael-post__bg-wrap\">\n\n\t\t\t\t\n\t\t<div class=\"uael-post__inner-wrap \">\n\n\t\t\t\t<div class=\"uael-post__thumbnail\">\n\t\t\t\t\t\t\t<img loading=\"lazy\" decoding=\"async\" width=\"640\" height=\"480\" src=\"https:\/\/grundschule-heinsberg.de\/wp-content\/uploads\/2025\/07\/Mittel-IMG_6640.jpeg\" class=\"attachment-full size-full wp-image-12740\" alt=\"\" srcset=\"https:\/\/grundschule-heinsberg.de\/wp-content\/uploads\/2025\/07\/Mittel-IMG_6640.jpeg 640w, https:\/\/grundschule-heinsberg.de\/wp-content\/uploads\/2025\/07\/Mittel-IMG_6640-300x225.jpeg 300w\" sizes=\"(max-width: 640px) 100vw, 640px\" \/>\t\t\t\t\t\t<\/div>\n\t\t\n\t\t\t\n\t\t\t<div class=\"uael-post__content-wrap\">\n\n\t\t\t\t\t<h4 class=\"uael-post__title\">\n\n\t\t\n\t\t\t\t\t\t<a href=\"https:\/\/grundschule-heinsberg.de\/pt-pt\/festa-na-piscina-para-os-alunos-do-quarto-ano\/\" target=\"_self\">\n\t\t\t\tFesta na piscina para os alunos do quarto ano\t\t\t<\/a>\n\n\t\t\t\t<\/h4>\n\t\t\t\t\t<div class=\"uael-post__meta-data\">\n\t\t\t\t\t<span class=\"uael-post__date\">\n\t\t\t\t\t\t\t\t\t\t\t\t\t<i aria-hidden=\"true\" class=\"fa fa-calendar\"><\/i>\t\t\t\t\t\t\t\t\t\n\t\t\t9. Julho 2025\t\t<\/span>\n\t\t\t\t<span class=\"uael-post__comments\">\n\t\t\t\t\t\t\t\t\t\t\t\t<i aria-hidden=\"true\" class=\"fa fa-comments\"><\/i>\t\t\t\t\t\t\t\t\t\tSem coment\u00e1rios\t\t<\/span>\n\t\t\t\t<\/div>\n\t\t<div class=\"uael-post__separator\"><\/div>\n\t\t<div class=\"uael-post__excerpt\">\n\t\t\tNo final do ano letivo, os alunos do 4\u00ba ano da nossa escola viveram um momento muito especial: na sua \u00faltima aula de nata\u00e7\u00e3o, a piscina transformou-se numa colorida zona ...\t\t<\/div>\n\n\t\t\t\t\t<a class=\"uael-post__read-more elementor-button\" href=\"https:\/\/grundschule-heinsberg.de\/pt-pt\/festa-na-piscina-para-os-alunos-do-quarto-ano\/\" target=\"_self\" aria-labelledby=\"uael-post-13054\">\n\t\t\t\t\t<span class=\"elementor-button-content-wrapper\">\n\t\t\t\t\t\t\t\t\t\t\t\t\t\t<span class=\"elementor-button-icon elementor-align-icon-left\">\n\n\t\t\t\t\t\t\t\t\t\n\t\t\t\t\t\t\t\t<\/span>\n\t\t\t\t\t\t\t\t\t\t\t\t\t\n\t\t\t\t\t\t<span class=\"elementor-button-text\" id=uael-post-13054>L\u00ea mais \u2192<\/span>\n\t\t\t\t\t<\/span>\n\t\t\t\t<\/a>\n\t\t\t\t\t\t<\/div>\n\t\t\t\n\t\t<\/div>\n\t\t\n\t<\/div>\n\n<\/div>\n\n<div class=\"uael-post-wrapper   2025 projectos sem-categoria \">\n\t<div class=\"uael-post__bg-wrap\">\n\n\t\t\t\t\n\t\t<div class=\"uael-post__inner-wrap \">\n\n\t\t\t\t<div class=\"uael-post__thumbnail\">\n\t\t\t\t\t\t\t<img loading=\"lazy\" decoding=\"async\" width=\"1200\" height=\"900\" src=\"https:\/\/grundschule-heinsberg.de\/wp-content\/uploads\/2025\/07\/PHOTO-2025-07-08-12-24-06.jpg\" class=\"attachment-full size-full wp-image-12805\" alt=\"\" srcset=\"https:\/\/grundschule-heinsberg.de\/wp-content\/uploads\/2025\/07\/PHOTO-2025-07-08-12-24-06.jpg 1200w, https:\/\/grundschule-heinsberg.de\/wp-content\/uploads\/2025\/07\/PHOTO-2025-07-08-12-24-06-300x225.jpg 300w, https:\/\/grundschule-heinsberg.de\/wp-content\/uploads\/2025\/07\/PHOTO-2025-07-08-12-24-06-1024x768.jpg 1024w, https:\/\/grundschule-heinsberg.de\/wp-content\/uploads\/2025\/07\/PHOTO-2025-07-08-12-24-06-768x576.jpg 768w\" sizes=\"(max-width: 1200px) 100vw, 1200px\" \/>\t\t\t\t\t\t<\/div>\n\t\t\n\t\t\t\n\t\t\t<div class=\"uael-post__content-wrap\">\n\n\t\t\t\t\t<h4 class=\"uael-post__title\">\n\n\t\t\n\t\t\t\t\t\t<a href=\"https:\/\/grundschule-heinsberg.de\/pt-pt\/livraria-hamm-os-nossos-alunos-do-quarto-ano-sao-criativos\/\" target=\"_self\">\n\t\t\t\tLivraria Hamm: Os nossos alunos do quarto ano s\u00e3o criativos!\t\t\t<\/a>\n\n\t\t\t\t<\/h4>\n\t\t\t\t\t<div class=\"uael-post__meta-data\">\n\t\t\t\t\t<span class=\"uael-post__date\">\n\t\t\t\t\t\t\t\t\t\t\t\t\t<i aria-hidden=\"true\" class=\"fa fa-calendar\"><\/i>\t\t\t\t\t\t\t\t\t\n\t\t\t8. Julho 2025\t\t<\/span>\n\t\t\t\t<span class=\"uael-post__comments\">\n\t\t\t\t\t\t\t\t\t\t\t\t<i aria-hidden=\"true\" class=\"fa fa-comments\"><\/i>\t\t\t\t\t\t\t\t\t\tSem coment\u00e1rios\t\t<\/span>\n\t\t\t\t<\/div>\n\t\t<div class=\"uael-post__separator\"><\/div>\n\t\t<div class=\"uael-post__excerpt\">\n\t\t\tNo \u00e2mbito do projeto do Dia Mundial do Livro, a livraria Hamm, em Altenhundem, convidou todas as escolas prim\u00e1rias a representarem artisticamente a sua livraria numa caixa de sapatos. Com ...\t\t<\/div>\n\n\t\t\t\t\t<a class=\"uael-post__read-more elementor-button\" href=\"https:\/\/grundschule-heinsberg.de\/pt-pt\/livraria-hamm-os-nossos-alunos-do-quarto-ano-sao-criativos\/\" target=\"_self\" aria-labelledby=\"uael-post-13025\">\n\t\t\t\t\t<span class=\"elementor-button-content-wrapper\">\n\t\t\t\t\t\t\t\t\t\t\t\t\t\t<span class=\"elementor-button-icon elementor-align-icon-left\">\n\n\t\t\t\t\t\t\t\t\t\n\t\t\t\t\t\t\t\t<\/span>\n\t\t\t\t\t\t\t\t\t\t\t\t\t\n\t\t\t\t\t\t<span class=\"elementor-button-text\" id=uael-post-13025>L\u00ea mais \u2192<\/span>\n\t\t\t\t\t<\/span>\n\t\t\t\t<\/a>\n\t\t\t\t\t\t<\/div>\n\t\t\t\n\t\t<\/div>\n\t\t\n\t<\/div>\n\n<\/div>\n\n<div class=\"uael-post-wrapper   2025 sem-categoria \">\n\t<div class=\"uael-post__bg-wrap\">\n\n\t\t\t\t\n\t\t<div class=\"uael-post__inner-wrap \">\n\n\t\t\t\t<div class=\"uael-post__thumbnail\">\n\t\t\t\t\t\t\t<img loading=\"lazy\" decoding=\"async\" width=\"1200\" height=\"900\" src=\"https:\/\/grundschule-heinsberg.de\/wp-content\/uploads\/2025\/07\/IMG_3446.jpg\" class=\"attachment-full size-full wp-image-12632\" alt=\"\" srcset=\"https:\/\/grundschule-heinsberg.de\/wp-content\/uploads\/2025\/07\/IMG_3446.jpg 1200w, https:\/\/grundschule-heinsberg.de\/wp-content\/uploads\/2025\/07\/IMG_3446-300x225.jpg 300w, https:\/\/grundschule-heinsberg.de\/wp-content\/uploads\/2025\/07\/IMG_3446-1024x768.jpg 1024w, https:\/\/grundschule-heinsberg.de\/wp-content\/uploads\/2025\/07\/IMG_3446-768x576.jpg 768w\" sizes=\"(max-width: 1200px) 100vw, 1200px\" \/>\t\t\t\t\t\t<\/div>\n\t\t\n\t\t\t\n\t\t\t<div class=\"uael-post__content-wrap\">\n\n\t\t\t\t\t<h4 class=\"uael-post__title\">\n\n\t\t\n\t\t\t\t\t\t<a href=\"https:\/\/grundschule-heinsberg.de\/pt-pt\/classe-inicial-2025-bem-vindo-querida-classe-raposa\/\" target=\"_self\">\n\t\t\t\tClasse inicial 2025 &#8211; Bem-vindo, querida classe raposa!\t\t\t<\/a>\n\n\t\t\t\t<\/h4>\n\t\t\t\t\t<div class=\"uael-post__meta-data\">\n\t\t\t\t\t<span class=\"uael-post__date\">\n\t\t\t\t\t\t\t\t\t\t\t\t\t<i aria-hidden=\"true\" class=\"fa fa-calendar\"><\/i>\t\t\t\t\t\t\t\t\t\n\t\t\t3. Julho 2025\t\t<\/span>\n\t\t\t\t<span class=\"uael-post__comments\">\n\t\t\t\t\t\t\t\t\t\t\t\t<i aria-hidden=\"true\" class=\"fa fa-comments\"><\/i>\t\t\t\t\t\t\t\t\t\tSem coment\u00e1rios\t\t<\/span>\n\t\t\t\t<\/div>\n\t\t<div class=\"uael-post__separator\"><\/div>\n\t\t<div class=\"uael-post__excerpt\">\n\t\t\tNas \u00faltimas semanas, recebemos mais uma vez os nossos futuros alunos do primeiro ano na classe inicial da nossa escola. Durante cinco dias, as crian\u00e7as tiveram a oportunidade de conhecer ...\t\t<\/div>\n\n\t\t\t\t\t<a class=\"uael-post__read-more elementor-button\" href=\"https:\/\/grundschule-heinsberg.de\/pt-pt\/classe-inicial-2025-bem-vindo-querida-classe-raposa\/\" target=\"_self\" aria-labelledby=\"uael-post-12678\">\n\t\t\t\t\t<span class=\"elementor-button-content-wrapper\">\n\t\t\t\t\t\t\t\t\t\t\t\t\t\t<span class=\"elementor-button-icon elementor-align-icon-left\">\n\n\t\t\t\t\t\t\t\t\t\n\t\t\t\t\t\t\t\t<\/span>\n\t\t\t\t\t\t\t\t\t\t\t\t\t\n\t\t\t\t\t\t<span class=\"elementor-button-text\" id=uael-post-12678>L\u00ea mais \u2192<\/span>\n\t\t\t\t\t<\/span>\n\t\t\t\t<\/a>\n\t\t\t\t\t\t<\/div>\n\t\t\t\n\t\t<\/div>\n\t\t\n\t<\/div>\n\n<\/div>\n\n<div class=\"uael-post-wrapper   2025 eventos \">\n\t<div class=\"uael-post__bg-wrap\">\n\n\t\t\t\t\n\t\t<div class=\"uael-post__inner-wrap \">\n\n\t\t\t\t<div class=\"uael-post__thumbnail\">\n\t\t\t\t\t\t\t<img loading=\"lazy\" decoding=\"async\" width=\"1200\" height=\"900\" src=\"https:\/\/grundschule-heinsberg.de\/wp-content\/uploads\/2025\/07\/image1.jpeg\" class=\"attachment-full size-full wp-image-12419\" alt=\"\" srcset=\"https:\/\/grundschule-heinsberg.de\/wp-content\/uploads\/2025\/07\/image1.jpeg 1200w, https:\/\/grundschule-heinsberg.de\/wp-content\/uploads\/2025\/07\/image1-300x225.jpeg 300w, https:\/\/grundschule-heinsberg.de\/wp-content\/uploads\/2025\/07\/image1-1024x768.jpeg 1024w, https:\/\/grundschule-heinsberg.de\/wp-content\/uploads\/2025\/07\/image1-768x576.jpeg 768w\" sizes=\"(max-width: 1200px) 100vw, 1200px\" \/>\t\t\t\t\t\t<\/div>\n\t\t\n\t\t\t\n\t\t\t<div class=\"uael-post__content-wrap\">\n\n\t\t\t\t\t<h4 class=\"uael-post__title\">\n\n\t\t\n\t\t\t\t\t\t<a href=\"https:\/\/grundschule-heinsberg.de\/pt-pt\/dia-de-caminhada-2025\/\" target=\"_self\">\n\t\t\t\tDia de caminhada 2025\t\t\t<\/a>\n\n\t\t\t\t<\/h4>\n\t\t\t\t\t<div class=\"uael-post__meta-data\">\n\t\t\t\t\t<span class=\"uael-post__date\">\n\t\t\t\t\t\t\t\t\t\t\t\t\t<i aria-hidden=\"true\" class=\"fa fa-calendar\"><\/i>\t\t\t\t\t\t\t\t\t\n\t\t\t1. Julho 2025\t\t<\/span>\n\t\t\t\t<span class=\"uael-post__comments\">\n\t\t\t\t\t\t\t\t\t\t\t\t<i aria-hidden=\"true\" class=\"fa fa-comments\"><\/i>\t\t\t\t\t\t\t\t\t\tSem coment\u00e1rios\t\t<\/span>\n\t\t\t\t<\/div>\n\t\t<div class=\"uael-post__separator\"><\/div>\n\t\t<div class=\"uael-post__excerpt\">\n\t\t\tNo dia da caminhada de hoje, todas as turmas se reuniram no p\u00e1tio da escola. A\u00ed foram homenageadas as crian\u00e7as do 4\u00ba ano que tinham participado com sucesso no torneio ...\t\t<\/div>\n\n\t\t\t\t\t<a class=\"uael-post__read-more elementor-button\" href=\"https:\/\/grundschule-heinsberg.de\/pt-pt\/dia-de-caminhada-2025\/\" target=\"_self\" aria-labelledby=\"uael-post-13062\">\n\t\t\t\t\t<span class=\"elementor-button-content-wrapper\">\n\t\t\t\t\t\t\t\t\t\t\t\t\t\t<span class=\"elementor-button-icon elementor-align-icon-left\">\n\n\t\t\t\t\t\t\t\t\t\n\t\t\t\t\t\t\t\t<\/span>\n\t\t\t\t\t\t\t\t\t\t\t\t\t\n\t\t\t\t\t\t<span class=\"elementor-button-text\" id=uael-post-13062>L\u00ea mais \u2192<\/span>\n\t\t\t\t\t<\/span>\n\t\t\t\t<\/a>\n\t\t\t\t\t\t<\/div>\n\t\t\t\n\t\t<\/div>\n\t\t\n\t<\/div>\n\n<\/div>\n\n<div class=\"uael-post-wrapper   2025 eventos \">\n\t<div class=\"uael-post__bg-wrap\">\n\n\t\t\t\t\n\t\t<div class=\"uael-post__inner-wrap \">\n\n\t\t\t\t<div class=\"uael-post__thumbnail\">\n\t\t\t\t\t\t\t<img loading=\"lazy\" decoding=\"async\" width=\"675\" height=\"1200\" src=\"https:\/\/grundschule-heinsberg.de\/wp-content\/uploads\/2025\/06\/be27b08a-0e2c-4c3e-aef4-c15fedda040b.jpg\" class=\"attachment-full size-full wp-image-12233\" alt=\"\" srcset=\"https:\/\/grundschule-heinsberg.de\/wp-content\/uploads\/2025\/06\/be27b08a-0e2c-4c3e-aef4-c15fedda040b.jpg 675w, https:\/\/grundschule-heinsberg.de\/wp-content\/uploads\/2025\/06\/be27b08a-0e2c-4c3e-aef4-c15fedda040b-169x300.jpg 169w, https:\/\/grundschule-heinsberg.de\/wp-content\/uploads\/2025\/06\/be27b08a-0e2c-4c3e-aef4-c15fedda040b-576x1024.jpg 576w\" sizes=\"(max-width: 675px) 100vw, 675px\" \/>\t\t\t\t\t\t<\/div>\n\t\t\n\t\t\t\n\t\t\t<div class=\"uael-post__content-wrap\">\n\n\t\t\t\t\t<h4 class=\"uael-post__title\">\n\n\t\t\n\t\t\t\t\t\t<a href=\"https:\/\/grundschule-heinsberg.de\/pt-pt\/distrito-de-olpe-viagem-da-classe-3\/\" target=\"_self\">\n\t\t\t\tDistrito de Olpe Viagem da classe 3\t\t\t<\/a>\n\n\t\t\t\t<\/h4>\n\t\t\t\t\t<div class=\"uael-post__meta-data\">\n\t\t\t\t\t<span class=\"uael-post__date\">\n\t\t\t\t\t\t\t\t\t\t\t\t\t<i aria-hidden=\"true\" class=\"fa fa-calendar\"><\/i>\t\t\t\t\t\t\t\t\t\n\t\t\t18. Junho 2025\t\t<\/span>\n\t\t\t\t<span class=\"uael-post__comments\">\n\t\t\t\t\t\t\t\t\t\t\t\t<i aria-hidden=\"true\" class=\"fa fa-comments\"><\/i>\t\t\t\t\t\t\t\t\t\tSem coment\u00e1rios\t\t<\/span>\n\t\t\t\t<\/div>\n\t\t<div class=\"uael-post__separator\"><\/div>\n\t\t<div class=\"uael-post__excerpt\">\n\t\t\tA turma 3 fez hoje uma grande viagem pelo bairro de Olpe! Partiram da esta\u00e7\u00e3o ferrovi\u00e1ria de Altenhundem em dire\u00e7\u00e3o a Attendorn &#8211; onde a impressionante gruta de Attah\u00f6hle aguardava ...\t\t<\/div>\n\n\t\t\t\t\t<a class=\"uael-post__read-more elementor-button\" href=\"https:\/\/grundschule-heinsberg.de\/pt-pt\/distrito-de-olpe-viagem-da-classe-3\/\" target=\"_self\" aria-labelledby=\"uael-post-12253\">\n\t\t\t\t\t<span class=\"elementor-button-content-wrapper\">\n\t\t\t\t\t\t\t\t\t\t\t\t\t\t<span class=\"elementor-button-icon elementor-align-icon-left\">\n\n\t\t\t\t\t\t\t\t\t\n\t\t\t\t\t\t\t\t<\/span>\n\t\t\t\t\t\t\t\t\t\t\t\t\t\n\t\t\t\t\t\t<span class=\"elementor-button-text\" id=uael-post-12253>L\u00ea mais \u2192<\/span>\n\t\t\t\t\t<\/span>\n\t\t\t\t<\/a>\n\t\t\t\t\t\t<\/div>\n\t\t\t\n\t\t<\/div>\n\t\t\n\t<\/div>\n\n<\/div>\n\t\t\t\t<\/div>\n\t\t\t\t\t\t\n\t\t<\/div>\n\n\t\t\t\t\t\t<\/div>\n\t\t<div class=\"uael-post__footer\">\n\t\t\t\t\t<\/div>\n\t\t\t\t\t\t<\/div>\n\t\t\t\t<\/div>\n\t\t\t\t\t<\/div>\n\t\t<\/div>\n\t\t\t\t\t<\/div>\n\t\t<\/section>\n\t\t\t\t<section class=\"elementor-section elementor-top-section elementor-element elementor-element-3dd366e elementor-section-full_width elementor-section-height-min-height elementor-section-height-default elementor-section-items-middle\" data-id=\"3dd366e\" data-element_type=\"section\" data-settings=\"{&quot;background_background&quot;:&quot;classic&quot;}\">\n\t\t\t\t\t\t<div class=\"elementor-container elementor-column-gap-default\">\n\t\t\t\t\t<div class=\"elementor-column elementor-col-100 elementor-top-column elementor-element elementor-element-b1cbf7c\" data-id=\"b1cbf7c\" data-element_type=\"column\">\n\t\t\t<div class=\"elementor-widget-wrap\">\n\t\t\t\t\t\t\t<\/div>\n\t\t<\/div>\n\t\t\t\t\t<\/div>\n\t\t<\/section>\n\t\t\t\t<section class=\"elementor-section elementor-top-section elementor-element elementor-element-625e443 elementor-section-content-middle elementor-section-boxed elementor-section-height-default elementor-section-height-default\" data-id=\"625e443\" data-element_type=\"section\">\n\t\t\t\t\t\t<div class=\"elementor-container elementor-column-gap-no\">\n\t\t\t\t\t<div class=\"elementor-column elementor-col-100 elementor-top-column elementor-element elementor-element-9d3f03a\" data-id=\"9d3f03a\" data-element_type=\"column\">\n\t\t\t<div class=\"elementor-widget-wrap elementor-element-populated\">\n\t\t\t\t\t\t<div class=\"elementor-element elementor-element-5e3ddec elementor-widget elementor-widget-heading\" data-id=\"5e3ddec\" data-element_type=\"widget\" data-widget_type=\"heading.default\">\n\t\t\t\t<div class=\"elementor-widget-container\">\n\t\t\t\t\t<h2 class=\"elementor-heading-title elementor-size-default\">Em resumo<\/h2>\t\t\t\t<\/div>\n\t\t\t\t<\/div>\n\t\t\t\t<section class=\"elementor-section elementor-inner-section elementor-element elementor-element-6b5d28b elementor-section-content-middle elementor-section-boxed elementor-section-height-default elementor-section-height-default\" data-id=\"6b5d28b\" data-element_type=\"section\">\n\t\t\t\t\t\t<div class=\"elementor-container elementor-column-gap-default\">\n\t\t\t\t\t<div class=\"elementor-column elementor-col-33 elementor-inner-column elementor-element elementor-element-b4567e3\" data-id=\"b4567e3\" data-element_type=\"column\" data-settings=\"{&quot;background_background&quot;:&quot;classic&quot;}\">\n\t\t\t<div class=\"elementor-widget-wrap\">\n\t\t\t\t\t\t\t<\/div>\n\t\t<\/div>\n\t\t\t\t<div class=\"elementor-column elementor-col-33 elementor-inner-column elementor-element elementor-element-48f07f5\" data-id=\"48f07f5\" data-element_type=\"column\" data-settings=\"{&quot;background_background&quot;:&quot;classic&quot;}\">\n\t\t\t<div class=\"elementor-widget-wrap\">\n\t\t\t\t\t\t\t<\/div>\n\t\t<\/div>\n\t\t\t\t<div class=\"elementor-column elementor-col-33 elementor-inner-column elementor-element elementor-element-2ccb983\" data-id=\"2ccb983\" data-element_type=\"column\" data-settings=\"{&quot;background_background&quot;:&quot;classic&quot;}\">\n\t\t\t<div class=\"elementor-widget-wrap\">\n\t\t\t\t\t\t\t<\/div>\n\t\t<\/div>\n\t\t\t\t\t<\/div>\n\t\t<\/section>\n\t\t\t\t\t<\/div>\n\t\t<\/div>\n\t\t\t\t\t<\/div>\n\t\t<\/section>\n\t\t\t\t<\/div>\n\t\t","protected":false},"excerpt":{"rendered":"<p>uns para os outros, uns dos outros, juntos e individualmente: de m\u00e3os dadas no caminho para o futuro. https:\/\/grundschule-heinsberg.de\/wp-content\/uploads\/2023\/05\/video-startseite-2023-1.mp4#t=1 uns para os outros, uns dos [&hellip;]<\/p>\n","protected":false},"author":1,"featured_media":0,"parent":0,"menu_order":0,"comment_status":"closed","ping_status":"closed","template":"","meta":{"inline_featured_image":false,"site-sidebar-layout":"no-sidebar","site-content-layout":"page-builder","ast-site-content-layout":"full-width-container","site-content-style":"unboxed","site-sidebar-style":"unboxed","ast-global-header-display":"","ast-banner-title-visibility":"","ast-main-header-display":"","ast-hfb-above-header-display":"","ast-hfb-below-header-display":"","ast-hfb-mobile-header-display":"","site-post-title":"disabled","ast-breadcrumbs-content":"disabled","ast-featured-img":"disabled","footer-sml-layout":"","ast-disable-related-posts":"","theme-transparent-header-meta":"enabled","adv-header-id-meta":"","stick-header-meta":"","header-above-stick-meta":"","header-main-stick-meta":"","header-below-stick-meta":"","astra-migrate-meta-layouts":"default","ast-page-background-enabled":"default","ast-page-background-meta":{"desktop":{"background-color":"","background-image":"","background-repeat":"repeat","background-position":"center center","background-size":"auto","background-attachment":"scroll","background-type":"","background-media":"","overlay-type":"","overlay-color":"","overlay-opacity":"","overlay-gradient":""},"tablet":{"background-color":"","background-image":"","background-repeat":"repeat","background-position":"center center","background-size":"auto","background-attachment":"scroll","background-type":"","background-media":"","overlay-type":"","overlay-color":"","overlay-opacity":"","overlay-gradient":""},"mobile":{"background-color":"","background-image":"","background-repeat":"repeat","background-position":"center center","background-size":"auto","background-attachment":"scroll","background-type":"","background-media":"","overlay-type":"","overlay-color":"","overlay-opacity":"","overlay-gradient":""}},"ast-content-background-meta":{"desktop":{"background-color":"var(--ast-global-color-5)","background-image":"","background-repeat":"repeat","background-position":"center center","background-size":"auto","background-attachment":"scroll","background-type":"","background-media":"","overlay-type":"","overlay-color":"","overlay-opacity":"","overlay-gradient":""},"tablet":{"background-color":"var(--ast-global-color-5)","background-image":"","background-repeat":"repeat","background-position":"center center","background-size":"auto","background-attachment":"scroll","background-type":"","background-media":"","overlay-type":"","overlay-color":"","overlay-opacity":"","overlay-gradient":""},"mobile":{"background-color":"var(--ast-global-color-5)","background-image":"","background-repeat":"repeat","background-position":"center center","background-size":"auto","background-attachment":"scroll","background-type":"","background-media":"","overlay-type":"","overlay-color":"","overlay-opacity":"","overlay-gradient":""}}},"class_list":["post-13574","page","type-page","status-publish","hentry"],"yoast_head":"<!-- This site is optimized with the Yoast SEO plugin v27.5 - https:\/\/yoast.com\/product\/yoast-seo-wordpress\/ -->\n<title>In\u00edcio - St. Katharina Grundschule Heinsberg<\/title>\n<meta name=\"description\" content=\"Escola prim\u00e1ria St Katharina em Heinsberg: intera\u00e7\u00e3o respeitosa entre professores, alunos e pais e promo\u00e7\u00e3o de compet\u00eancias sociais.\" \/>\n<meta name=\"robots\" content=\"index, follow, max-snippet:-1, max-image-preview:large, max-video-preview:-1\" \/>\n<link rel=\"canonical\" href=\"https:\/\/grundschule-heinsberg.de\/pt-pt\/\" \/>\n<meta property=\"og:locale\" content=\"pt_PT\" \/>\n<meta property=\"og:type\" content=\"article\" \/>\n<meta property=\"og:title\" content=\"In\u00edcio - St. Katharina Grundschule Heinsberg\" \/>\n<meta property=\"og:description\" content=\"Escola prim\u00e1ria St Katharina em Heinsberg: intera\u00e7\u00e3o respeitosa entre professores, alunos e pais e promo\u00e7\u00e3o de compet\u00eancias sociais.\" \/>\n<meta property=\"og:url\" content=\"https:\/\/grundschule-heinsberg.de\/pt-pt\/\" \/>\n<meta property=\"og:site_name\" content=\"St. Katharina Grundschule Heinsberg\" \/>\n<meta property=\"article:modified_time\" content=\"2025-09-15T12:04:40+00:00\" \/>\n<meta property=\"og:image\" content=\"https:\/\/grundschule-heinsberg.de\/wp-content\/uploads\/2023\/03\/logo-jekits.png\" \/>\n\t<meta property=\"og:image:width\" content=\"378\" \/>\n\t<meta property=\"og:image:height\" content=\"399\" \/>\n\t<meta property=\"og:image:type\" content=\"image\/png\" \/>\n<meta name=\"twitter:card\" content=\"summary_large_image\" \/>\n<meta name=\"twitter:label1\" content=\"Tempo estimado de leitura\" \/>\n\t<meta name=\"twitter:data1\" content=\"3 minutos\" \/>\n<script type=\"application\/ld+json\" class=\"yoast-schema-graph\">{\"@context\":\"https:\\\/\\\/schema.org\",\"@graph\":[{\"@type\":\"WebPage\",\"@id\":\"https:\\\/\\\/grundschule-heinsberg.de\\\/pt-pt\\\/\",\"url\":\"https:\\\/\\\/grundschule-heinsberg.de\\\/pt-pt\\\/\",\"name\":\"In\u00edcio - St. Katharina Grundschule Heinsberg\",\"isPartOf\":{\"@id\":\"https:\\\/\\\/grundschule-heinsberg.de\\\/pt-pt\\\/#website\"},\"primaryImageOfPage\":{\"@id\":\"https:\\\/\\\/grundschule-heinsberg.de\\\/pt-pt\\\/#primaryimage\"},\"image\":{\"@id\":\"https:\\\/\\\/grundschule-heinsberg.de\\\/pt-pt\\\/#primaryimage\"},\"thumbnailUrl\":\"https:\\\/\\\/grundschule-heinsberg.de\\\/wp-content\\\/uploads\\\/2023\\\/03\\\/logo-jekits.png\",\"datePublished\":\"2025-09-15T08:41:10+00:00\",\"dateModified\":\"2025-09-15T12:04:40+00:00\",\"description\":\"Escola prim\u00e1ria St Katharina em Heinsberg: intera\u00e7\u00e3o respeitosa entre professores, alunos e pais e promo\u00e7\u00e3o de compet\u00eancias sociais.\",\"breadcrumb\":{\"@id\":\"https:\\\/\\\/grundschule-heinsberg.de\\\/pt-pt\\\/#breadcrumb\"},\"inLanguage\":\"pt-PT\",\"potentialAction\":[{\"@type\":\"ReadAction\",\"target\":[\"https:\\\/\\\/grundschule-heinsberg.de\\\/pt-pt\\\/\"]}]},{\"@type\":\"ImageObject\",\"inLanguage\":\"pt-PT\",\"@id\":\"https:\\\/\\\/grundschule-heinsberg.de\\\/pt-pt\\\/#primaryimage\",\"url\":\"https:\\\/\\\/grundschule-heinsberg.de\\\/wp-content\\\/uploads\\\/2023\\\/03\\\/logo-jekits.png\",\"contentUrl\":\"https:\\\/\\\/grundschule-heinsberg.de\\\/wp-content\\\/uploads\\\/2023\\\/03\\\/logo-jekits.png\"},{\"@type\":\"BreadcrumbList\",\"@id\":\"https:\\\/\\\/grundschule-heinsberg.de\\\/pt-pt\\\/#breadcrumb\",\"itemListElement\":[{\"@type\":\"ListItem\",\"position\":1,\"name\":\"Startseite\",\"item\":\"https:\\\/\\\/grundschule-heinsberg.de\\\/pt-pt\\\/\"},{\"@type\":\"ListItem\",\"position\":2,\"name\":\"In\u00edcio\"}]},{\"@type\":\"WebSite\",\"@id\":\"https:\\\/\\\/grundschule-heinsberg.de\\\/pt-pt\\\/#website\",\"url\":\"https:\\\/\\\/grundschule-heinsberg.de\\\/pt-pt\\\/\",\"name\":\"St. Katharina Grundschule Heinsberg\",\"description\":\"f\u00fcreinander, voneinander, gemeinsam und individuell: Hand in Hand auf dem Weg in die Zukunft\",\"publisher\":{\"@id\":\"https:\\\/\\\/grundschule-heinsberg.de\\\/pt-pt\\\/#organization\"},\"potentialAction\":[{\"@type\":\"SearchAction\",\"target\":{\"@type\":\"EntryPoint\",\"urlTemplate\":\"https:\\\/\\\/grundschule-heinsberg.de\\\/pt-pt\\\/?s={search_term_string}\"},\"query-input\":{\"@type\":\"PropertyValueSpecification\",\"valueRequired\":true,\"valueName\":\"search_term_string\"}}],\"inLanguage\":\"pt-PT\"},{\"@type\":\"Organization\",\"@id\":\"https:\\\/\\\/grundschule-heinsberg.de\\\/pt-pt\\\/#organization\",\"name\":\"St. Katharina Grundschule Heinsberg\",\"url\":\"https:\\\/\\\/grundschule-heinsberg.de\\\/pt-pt\\\/\",\"logo\":{\"@type\":\"ImageObject\",\"inLanguage\":\"pt-PT\",\"@id\":\"https:\\\/\\\/grundschule-heinsberg.de\\\/pt-pt\\\/#\\\/schema\\\/logo\\\/image\\\/\",\"url\":\"https:\\\/\\\/grundschule-heinsberg.de\\\/wp-content\\\/uploads\\\/2023\\\/03\\\/230307_Grundschule-Heinsberg_Logo_RGB.svg\",\"contentUrl\":\"https:\\\/\\\/grundschule-heinsberg.de\\\/wp-content\\\/uploads\\\/2023\\\/03\\\/230307_Grundschule-Heinsberg_Logo_RGB.svg\",\"width\":311,\"height\":135,\"caption\":\"St. Katharina Grundschule Heinsberg\"},\"image\":{\"@id\":\"https:\\\/\\\/grundschule-heinsberg.de\\\/pt-pt\\\/#\\\/schema\\\/logo\\\/image\\\/\"}}]}<\/script>\n<!-- \/ Yoast SEO plugin. -->","yoast_head_json":{"title":"In\u00edcio - St. Katharina Grundschule Heinsberg","description":"Escola prim\u00e1ria St Katharina em Heinsberg: intera\u00e7\u00e3o respeitosa entre professores, alunos e pais e promo\u00e7\u00e3o de compet\u00eancias sociais.","robots":{"index":"index","follow":"follow","max-snippet":"max-snippet:-1","max-image-preview":"max-image-preview:large","max-video-preview":"max-video-preview:-1"},"canonical":"https:\/\/grundschule-heinsberg.de\/pt-pt\/","og_locale":"pt_PT","og_type":"article","og_title":"In\u00edcio - St. Katharina Grundschule Heinsberg","og_description":"Escola prim\u00e1ria St Katharina em Heinsberg: intera\u00e7\u00e3o respeitosa entre professores, alunos e pais e promo\u00e7\u00e3o de compet\u00eancias sociais.","og_url":"https:\/\/grundschule-heinsberg.de\/pt-pt\/","og_site_name":"St. Katharina Grundschule Heinsberg","article_modified_time":"2025-09-15T12:04:40+00:00","og_image":[{"width":378,"height":399,"url":"https:\/\/grundschule-heinsberg.de\/wp-content\/uploads\/2023\/03\/logo-jekits.png","type":"image\/png"}],"twitter_card":"summary_large_image","twitter_misc":{"Tempo estimado de leitura":"3 minutos"},"schema":{"@context":"https:\/\/schema.org","@graph":[{"@type":"WebPage","@id":"https:\/\/grundschule-heinsberg.de\/pt-pt\/","url":"https:\/\/grundschule-heinsberg.de\/pt-pt\/","name":"In\u00edcio - St. Katharina Grundschule Heinsberg","isPartOf":{"@id":"https:\/\/grundschule-heinsberg.de\/pt-pt\/#website"},"primaryImageOfPage":{"@id":"https:\/\/grundschule-heinsberg.de\/pt-pt\/#primaryimage"},"image":{"@id":"https:\/\/grundschule-heinsberg.de\/pt-pt\/#primaryimage"},"thumbnailUrl":"https:\/\/grundschule-heinsberg.de\/wp-content\/uploads\/2023\/03\/logo-jekits.png","datePublished":"2025-09-15T08:41:10+00:00","dateModified":"2025-09-15T12:04:40+00:00","description":"Escola prim\u00e1ria St Katharina em Heinsberg: intera\u00e7\u00e3o respeitosa entre professores, alunos e pais e promo\u00e7\u00e3o de compet\u00eancias sociais.","breadcrumb":{"@id":"https:\/\/grundschule-heinsberg.de\/pt-pt\/#breadcrumb"},"inLanguage":"pt-PT","potentialAction":[{"@type":"ReadAction","target":["https:\/\/grundschule-heinsberg.de\/pt-pt\/"]}]},{"@type":"ImageObject","inLanguage":"pt-PT","@id":"https:\/\/grundschule-heinsberg.de\/pt-pt\/#primaryimage","url":"https:\/\/grundschule-heinsberg.de\/wp-content\/uploads\/2023\/03\/logo-jekits.png","contentUrl":"https:\/\/grundschule-heinsberg.de\/wp-content\/uploads\/2023\/03\/logo-jekits.png"},{"@type":"BreadcrumbList","@id":"https:\/\/grundschule-heinsberg.de\/pt-pt\/#breadcrumb","itemListElement":[{"@type":"ListItem","position":1,"name":"Startseite","item":"https:\/\/grundschule-heinsberg.de\/pt-pt\/"},{"@type":"ListItem","position":2,"name":"In\u00edcio"}]},{"@type":"WebSite","@id":"https:\/\/grundschule-heinsberg.de\/pt-pt\/#website","url":"https:\/\/grundschule-heinsberg.de\/pt-pt\/","name":"St. Katharina Grundschule Heinsberg","description":"f\u00fcreinander, voneinander, gemeinsam und individuell: Hand in Hand auf dem Weg in die Zukunft","publisher":{"@id":"https:\/\/grundschule-heinsberg.de\/pt-pt\/#organization"},"potentialAction":[{"@type":"SearchAction","target":{"@type":"EntryPoint","urlTemplate":"https:\/\/grundschule-heinsberg.de\/pt-pt\/?s={search_term_string}"},"query-input":{"@type":"PropertyValueSpecification","valueRequired":true,"valueName":"search_term_string"}}],"inLanguage":"pt-PT"},{"@type":"Organization","@id":"https:\/\/grundschule-heinsberg.de\/pt-pt\/#organization","name":"St. Katharina Grundschule Heinsberg","url":"https:\/\/grundschule-heinsberg.de\/pt-pt\/","logo":{"@type":"ImageObject","inLanguage":"pt-PT","@id":"https:\/\/grundschule-heinsberg.de\/pt-pt\/#\/schema\/logo\/image\/","url":"https:\/\/grundschule-heinsberg.de\/wp-content\/uploads\/2023\/03\/230307_Grundschule-Heinsberg_Logo_RGB.svg","contentUrl":"https:\/\/grundschule-heinsberg.de\/wp-content\/uploads\/2023\/03\/230307_Grundschule-Heinsberg_Logo_RGB.svg","width":311,"height":135,"caption":"St. Katharina Grundschule Heinsberg"},"image":{"@id":"https:\/\/grundschule-heinsberg.de\/pt-pt\/#\/schema\/logo\/image\/"}}]}},"_links":{"self":[{"href":"https:\/\/grundschule-heinsberg.de\/pt-pt\/wp-json\/wp\/v2\/pages\/13574","targetHints":{"allow":["GET"]}}],"collection":[{"href":"https:\/\/grundschule-heinsberg.de\/pt-pt\/wp-json\/wp\/v2\/pages"}],"about":[{"href":"https:\/\/grundschule-heinsberg.de\/pt-pt\/wp-json\/wp\/v2\/types\/page"}],"author":[{"embeddable":true,"href":"https:\/\/grundschule-heinsberg.de\/pt-pt\/wp-json\/wp\/v2\/users\/1"}],"replies":[{"embeddable":true,"href":"https:\/\/grundschule-heinsberg.de\/pt-pt\/wp-json\/wp\/v2\/comments?post=13574"}],"version-history":[{"count":1,"href":"https:\/\/grundschule-heinsberg.de\/pt-pt\/wp-json\/wp\/v2\/pages\/13574\/revisions"}],"predecessor-version":[{"id":13592,"href":"https:\/\/grundschule-heinsberg.de\/pt-pt\/wp-json\/wp\/v2\/pages\/13574\/revisions\/13592"}],"wp:attachment":[{"href":"https:\/\/grundschule-heinsberg.de\/pt-pt\/wp-json\/wp\/v2\/media?parent=13574"}],"curies":[{"name":"wp","href":"https:\/\/api.w.org\/{rel}","templated":true}]}}